{"id":18997,"date":"2025-01-21T14:29:38","date_gmt":"2025-01-21T17:29:38","guid":{"rendered":"https:\/\/capivari.sp.gov.br\/portal\/?page_id=18997"},"modified":"2026-04-24T16:39:11","modified_gmt":"2026-04-24T19:39:11","slug":"meio-ambiente-e-agricultura","status":"publish","type":"page","link":"https:\/\/capivari.sp.gov.br\/portal\/secretarias\/meio-ambiente-e-agricultura\/","title":{"rendered":"Meio Ambiente e Agricultura"},"content":{"rendered":"\t\t<div data-elementor-type=\"wp-page\" data-elementor-id=\"18997\" class=\"elementor elementor-18997\" data-elementor-post-type=\"page\">\n\t\t\t\t\t\t<section class=\"elementor-section elementor-top-section elementor-element elementor-element-6d6198ad elementor-section-stretched elementor-section-boxed elementor-section-height-default elementor-section-height-default\" data-id=\"6d6198ad\" data-element_type=\"section\" data-e-type=\"section\" data-settings=\"{&quot;stretch_section&quot;:&quot;section-stretched&quot;,&quot;background_background&quot;:&quot;classic&quot;}\">\n\t\t\t\t\t\t<div class=\"elementor-container elementor-column-gap-default\">\n\t\t\t\t\t<div class=\"elementor-column elementor-col-50 elementor-top-column elementor-element elementor-element-72bdb428\" data-id=\"72bdb428\" data-element_type=\"column\" data-e-type=\"column\">\n\t\t\t<div class=\"elementor-widget-wrap elementor-element-populated\">\n\t\t\t\t\t\t\t<\/div>\n\t\t<\/div>\n\t\t\t\t<div class=\"elementor-column elementor-col-50 elementor-top-column elementor-element elementor-element-2d26d0b8\" data-id=\"2d26d0b8\" data-element_type=\"column\" data-e-type=\"column\">\n\t\t\t<div class=\"elementor-widget-wrap elementor-element-populated\">\n\t\t\t\t\t\t<div class=\"elementor-element elementor-element-367e1446 elementor-align-right elementor-mobile-align-left elementor-widget elementor-widget-breadcrumbs\" data-id=\"367e1446\" data-element_type=\"widget\" data-e-type=\"widget\" data-widget_type=\"breadcrumbs.default\">\n\t\t\t\t<div class=\"elementor-widget-container\">\n\t\t\t\t\t<p id=\"breadcrumbs\"><span><span><a href=\"https:\/\/capivari.sp.gov.br\/portal\/\">In\u00edcio<\/a><\/span><\/span><\/p>\t\t\t\t<\/div>\n\t\t\t\t<\/div>\n\t\t\t\t\t<\/div>\n\t\t<\/div>\n\t\t\t\t\t<\/div>\n\t\t<\/section>\n\t\t\t\t<section class=\"elementor-section elementor-top-section elementor-element elementor-element-500dd8c5 elementor-section-stretched elementor-section-boxed elementor-section-height-default elementor-section-height-default\" data-id=\"500dd8c5\" data-element_type=\"section\" data-e-type=\"section\" data-settings=\"{&quot;stretch_section&quot;:&quot;section-stretched&quot;}\">\n\t\t\t\t\t\t<div class=\"elementor-container elementor-column-gap-default\">\n\t\t\t\t\t<div class=\"elementor-column elementor-col-50 elementor-top-column elementor-element elementor-element-2c2eb002\" data-id=\"2c2eb002\" data-element_type=\"column\" data-e-type=\"column\">\n\t\t\t<div class=\"elementor-widget-wrap elementor-element-populated\">\n\t\t\t\t\t\t<div class=\"elementor-element elementor-element-51ee5adb elementor-widget elementor-widget-image\" data-id=\"51ee5adb\" data-element_type=\"widget\" data-e-type=\"widget\" data-widget_type=\"image.default\">\n\t\t\t\t<div class=\"elementor-widget-container\">\n\t\t\t\t\t\t\t\t\t\t\t\t\t\t\t<img fetchpriority=\"high\" decoding=\"async\" width=\"960\" height=\"1020\" src=\"https:\/\/capivari.sp.gov.br\/portal\/wp-content\/uploads\/2025\/01\/Angelim-hd.jpg\" class=\"attachment-large size-large wp-image-18999\" alt=\"\" srcset=\"https:\/\/capivari.sp.gov.br\/portal\/wp-content\/uploads\/2025\/01\/Angelim-hd.jpg 960w, https:\/\/capivari.sp.gov.br\/portal\/wp-content\/uploads\/2025\/01\/Angelim-hd-282x300.jpg 282w, https:\/\/capivari.sp.gov.br\/portal\/wp-content\/uploads\/2025\/01\/Angelim-hd-768x816.jpg 768w\" sizes=\"(max-width: 960px) 100vw, 960px\" \/>\t\t\t\t\t\t\t\t\t\t\t\t\t\t\t<\/div>\n\t\t\t\t<\/div>\n\t\t\t\t\t<\/div>\n\t\t<\/div>\n\t\t\t\t<div class=\"elementor-column elementor-col-50 elementor-top-column elementor-element elementor-element-fe5dec0\" data-id=\"fe5dec0\" data-element_type=\"column\" data-e-type=\"column\">\n\t\t\t<div class=\"elementor-widget-wrap elementor-element-populated\">\n\t\t\t\t\t\t<div class=\"elementor-element elementor-element-11821110 elementor-widget elementor-widget-heading\" data-id=\"11821110\" data-element_type=\"widget\" data-e-type=\"widget\" data-widget_type=\"heading.default\">\n\t\t\t\t<div class=\"elementor-widget-container\">\n\t\t\t\t\t<h2 class=\"elementor-heading-title elementor-size-default\">Karen Bertoldo Angelim<\/h2>\t\t\t\t<\/div>\n\t\t\t\t<\/div>\n\t\t\t\t<div class=\"elementor-element elementor-element-14efcb05 elementor-widget elementor-widget-heading\" data-id=\"14efcb05\" data-element_type=\"widget\" data-e-type=\"widget\" data-widget_type=\"heading.default\">\n\t\t\t\t<div class=\"elementor-widget-container\">\n\t\t\t\t\t<h2 class=\"elementor-heading-title elementor-size-default\">Secret\u00e1ria de Meio Ambiente e Agricultura\n<\/h2>\t\t\t\t<\/div>\n\t\t\t\t<\/div>\n\t\t\t\t<div class=\"elementor-element elementor-element-1efa20f4 elementor-icon-list--layout-traditional elementor-list-item-link-full_width elementor-widget elementor-widget-icon-list\" data-id=\"1efa20f4\" data-element_type=\"widget\" data-e-type=\"widget\" data-widget_type=\"icon-list.default\">\n\t\t\t\t<div class=\"elementor-widget-container\">\n\t\t\t\t\t\t\t<ul class=\"elementor-icon-list-items\">\n\t\t\t\t\t\t\t<li class=\"elementor-icon-list-item\">\n\t\t\t\t\t\t\t\t\t\t\t<span class=\"elementor-icon-list-icon\">\n\t\t\t\t\t\t\t<svg aria-hidden=\"true\" class=\"e-font-icon-svg e-fas-location-arrow\" viewBox=\"0 0 512 512\" xmlns=\"http:\/\/www.w3.org\/2000\/svg\"><path d=\"M444.52 3.52L28.74 195.42c-47.97 22.39-31.98 92.75 19.19 92.75h175.91v175.91c0 51.17 70.36 67.17 92.75 19.19l191.9-415.78c15.99-38.39-25.59-79.97-63.97-63.97z\"><\/path><\/svg>\t\t\t\t\t\t<\/span>\n\t\t\t\t\t\t\t\t\t\t<span class=\"elementor-icon-list-text\">Rua \u00c9rico Ver\u00edssimo, s\/n, Morada do Sol <\/span>\n\t\t\t\t\t\t\t\t\t<\/li>\n\t\t\t\t\t\t\t\t<li class=\"elementor-icon-list-item\">\n\t\t\t\t\t\t\t\t\t\t\t<span class=\"elementor-icon-list-icon\">\n\t\t\t\t\t\t\t<svg aria-hidden=\"true\" class=\"e-font-icon-svg e-fas-phone-alt\" viewBox=\"0 0 512 512\" xmlns=\"http:\/\/www.w3.org\/2000\/svg\"><path d=\"M497.39 361.8l-112-48a24 24 0 0 0-28 6.9l-49.6 60.6A370.66 370.66 0 0 1 130.6 204.11l60.6-49.6a23.94 23.94 0 0 0 6.9-28l-48-112A24.16 24.16 0 0 0 122.6.61l-104 24A24 24 0 0 0 0 48c0 256.5 207.9 464 464 464a24 24 0 0 0 23.4-18.6l24-104a24.29 24.29 0 0 0-14.01-27.6z\"><\/path><\/svg>\t\t\t\t\t\t<\/span>\n\t\t\t\t\t\t\t\t\t\t<span class=\"elementor-icon-list-text\">(19) 3492-0116<\/span>\n\t\t\t\t\t\t\t\t\t<\/li>\n\t\t\t\t\t\t\t\t<li class=\"elementor-icon-list-item\">\n\t\t\t\t\t\t\t\t\t\t\t<span class=\"elementor-icon-list-icon\">\n\t\t\t\t\t\t\t<svg aria-hidden=\"true\" class=\"e-font-icon-svg e-far-envelope\" viewBox=\"0 0 512 512\" xmlns=\"http:\/\/www.w3.org\/2000\/svg\"><path d=\"M464 64H48C21.49 64 0 85.49 0 112v288c0 26.51 21.49 48 48 48h416c26.51 0 48-21.49 48-48V112c0-26.51-21.49-48-48-48zm0 48v40.805c-22.422 18.259-58.168 46.651-134.587 106.49-16.841 13.247-50.201 45.072-73.413 44.701-23.208.375-56.579-31.459-73.413-44.701C106.18 199.465 70.425 171.067 48 152.805V112h416zM48 400V214.398c22.914 18.251 55.409 43.862 104.938 82.646 21.857 17.205 60.134 55.186 103.062 54.955 42.717.231 80.509-37.199 103.053-54.947 49.528-38.783 82.032-64.401 104.947-82.653V400H48z\"><\/path><\/svg>\t\t\t\t\t\t<\/span>\n\t\t\t\t\t\t\t\t\t\t<span class=\"elementor-icon-list-text\">ambiente.capivari@gmail.com<\/span>\n\t\t\t\t\t\t\t\t\t<\/li>\n\t\t\t\t\t\t<\/ul>\n\t\t\t\t\t\t<\/div>\n\t\t\t\t<\/div>\n\t\t\t\t\t<\/div>\n\t\t<\/div>\n\t\t\t\t\t<\/div>\n\t\t<\/section>\n\t\t\t\t<section class=\"elementor-section elementor-top-section elementor-element elementor-element-7eadfcd elementor-section-stretched elementor-section-boxed elementor-section-height-default elementor-section-height-default\" data-id=\"7eadfcd\" data-element_type=\"section\" data-e-type=\"section\" data-settings=\"{&quot;stretch_section&quot;:&quot;section-stretched&quot;}\">\n\t\t\t\t\t\t<div class=\"elementor-container elementor-column-gap-default\">\n\t\t\t\t\t<div class=\"elementor-column elementor-col-100 elementor-top-column elementor-element elementor-element-1d9fc384\" data-id=\"1d9fc384\" data-element_type=\"column\" data-e-type=\"column\">\n\t\t\t<div class=\"elementor-widget-wrap elementor-element-populated\">\n\t\t\t\t\t\t<div class=\"elementor-element elementor-element-8f33664 elementor-widget elementor-widget-accordion\" data-id=\"8f33664\" data-element_type=\"widget\" data-e-type=\"widget\" data-widget_type=\"accordion.default\">\n\t\t\t\t<div class=\"elementor-widget-container\">\n\t\t\t\t\t\t\t<div class=\"elementor-accordion\">\n\t\t\t\t\t\t\t<div class=\"elementor-accordion-item\">\n\t\t\t\t\t<div id=\"elementor-tab-title-1501\" class=\"elementor-tab-title\" data-tab=\"1\" role=\"button\" aria-controls=\"elementor-tab-content-1501\" aria-expanded=\"false\">\n\t\t\t\t\t\t\t\t\t\t\t\t\t<span class=\"elementor-accordion-icon elementor-accordion-icon-right\" aria-hidden=\"true\">\n\t\t\t\t\t\t\t\t\t\t\t\t\t\t\t<span class=\"elementor-accordion-icon-closed\"><svg class=\"e-font-icon-svg e-fas-plus\" viewBox=\"0 0 448 512\" xmlns=\"http:\/\/www.w3.org\/2000\/svg\"><path d=\"M416 208H272V64c0-17.67-14.33-32-32-32h-32c-17.67 0-32 14.33-32 32v144H32c-17.67 0-32 14.33-32 32v32c0 17.67 14.33 32 32 32h144v144c0 17.67 14.33 32 32 32h32c17.67 0 32-14.33 32-32V304h144c17.67 0 32-14.33 32-32v-32c0-17.67-14.33-32-32-32z\"><\/path><\/svg><\/span>\n\t\t\t\t\t\t\t\t<span class=\"elementor-accordion-icon-opened\"><svg class=\"e-font-icon-svg e-fas-minus\" viewBox=\"0 0 448 512\" xmlns=\"http:\/\/www.w3.org\/2000\/svg\"><path d=\"M416 208H32c-17.67 0-32 14.33-32 32v32c0 17.67 14.33 32 32 32h384c17.67 0 32-14.33 32-32v-32c0-17.67-14.33-32-32-32z\"><\/path><\/svg><\/span>\n\t\t\t\t\t\t\t\t\t\t\t\t\t\t<\/span>\n\t\t\t\t\t\t\t\t\t\t\t\t<a class=\"elementor-accordion-title\" tabindex=\"0\"><\/a>\n\t\t\t\t\t<\/div>\n\t\t\t\t\t<div id=\"elementor-tab-content-1501\" class=\"elementor-tab-content elementor-clearfix\" data-tab=\"1\" role=\"region\" aria-labelledby=\"elementor-tab-title-1501\"><\/div>\n\t\t\t\t<\/div>\n\t\t\t\t\t\t\t<div class=\"elementor-accordion-item\">\n\t\t\t\t\t<div id=\"elementor-tab-title-1502\" class=\"elementor-tab-title\" data-tab=\"2\" role=\"button\" aria-controls=\"elementor-tab-content-1502\" aria-expanded=\"false\">\n\t\t\t\t\t\t\t\t\t\t\t\t\t<span class=\"elementor-accordion-icon elementor-accordion-icon-right\" aria-hidden=\"true\">\n\t\t\t\t\t\t\t\t\t\t\t\t\t\t\t<span class=\"elementor-accordion-icon-closed\"><svg class=\"e-font-icon-svg e-fas-plus\" viewBox=\"0 0 448 512\" xmlns=\"http:\/\/www.w3.org\/2000\/svg\"><path d=\"M416 208H272V64c0-17.67-14.33-32-32-32h-32c-17.67 0-32 14.33-32 32v144H32c-17.67 0-32 14.33-32 32v32c0 17.67 14.33 32 32 32h144v144c0 17.67 14.33 32 32 32h32c17.67 0 32-14.33 32-32V304h144c17.67 0 32-14.33 32-32v-32c0-17.67-14.33-32-32-32z\"><\/path><\/svg><\/span>\n\t\t\t\t\t\t\t\t<span class=\"elementor-accordion-icon-opened\"><svg class=\"e-font-icon-svg e-fas-minus\" viewBox=\"0 0 448 512\" xmlns=\"http:\/\/www.w3.org\/2000\/svg\"><path d=\"M416 208H32c-17.67 0-32 14.33-32 32v32c0 17.67 14.33 32 32 32h384c17.67 0 32-14.33 32-32v-32c0-17.67-14.33-32-32-32z\"><\/path><\/svg><\/span>\n\t\t\t\t\t\t\t\t\t\t\t\t\t\t<\/span>\n\t\t\t\t\t\t\t\t\t\t\t\t<a class=\"elementor-accordion-title\" tabindex=\"0\">Compet\u00eancia<\/a>\n\t\t\t\t\t<\/div>\n\t\t\t\t\t<div id=\"elementor-tab-content-1502\" class=\"elementor-tab-content elementor-clearfix\" data-tab=\"2\" role=\"region\" aria-labelledby=\"elementor-tab-title-1502\"><p>A Secretaria de Meio Ambiente e Agricultura (SMAA), criada pela Lei Municipal n\u00ba 7126\/2025, \u00e9 o \u00f3rg\u00e3o municipal respons\u00e1vel pela gest\u00e3o, controle e fiscaliza\u00e7\u00e3o ambiental no Munic\u00edpio de Capivari, al\u00e9m do estudo, proposi\u00e7\u00e3o e a negocia\u00e7\u00e3o de conv\u00eanios com entidades p\u00fablicas e privadas para a implementa\u00e7\u00e3o de programas e projetos nas \u00e1reas de meio ambiente e de agricultura e abastecimento.<\/p><p>A SMAA auxilia o munic\u00edpio atrav\u00e9s de a\u00e7\u00f5es e projetos sustent\u00e1veis, al\u00e9m de exigir que a instala\u00e7\u00e3o e opera\u00e7\u00e3o de empreendimentos locais sejam realizadas com o menor impacto ambiental poss\u00edvel, respeitando a legisla\u00e7\u00e3o vigente e o compromisso com a preserva\u00e7\u00e3o e recupera\u00e7\u00e3o do meio ambiente.<\/p><p>Dentre as diversas responsabilidades da SMAA, destacamos os servi\u00e7os dispon\u00edveis aos cidad\u00e3os, tais como emiss\u00e3o de manifesta\u00e7\u00f5es, autoriza\u00e7\u00f5es para interven\u00e7\u00e3o em arboriza\u00e7\u00e3o urbana e o licenciamento ambiental municipal, que autoriza a instala\u00e7\u00e3o\/opera\u00e7\u00e3o de atividades ou empreendimentos potencialmente poluidores e de impacto local.<\/p><\/div>\n\t\t\t\t<\/div>\n\t\t\t\t\t\t\t<div class=\"elementor-accordion-item\">\n\t\t\t\t\t<div id=\"elementor-tab-title-1503\" class=\"elementor-tab-title\" data-tab=\"3\" role=\"button\" aria-controls=\"elementor-tab-content-1503\" aria-expanded=\"false\">\n\t\t\t\t\t\t\t\t\t\t\t\t\t<span class=\"elementor-accordion-icon elementor-accordion-icon-right\" aria-hidden=\"true\">\n\t\t\t\t\t\t\t\t\t\t\t\t\t\t\t<span class=\"elementor-accordion-icon-closed\"><svg class=\"e-font-icon-svg e-fas-plus\" viewBox=\"0 0 448 512\" xmlns=\"http:\/\/www.w3.org\/2000\/svg\"><path d=\"M416 208H272V64c0-17.67-14.33-32-32-32h-32c-17.67 0-32 14.33-32 32v144H32c-17.67 0-32 14.33-32 32v32c0 17.67 14.33 32 32 32h144v144c0 17.67 14.33 32 32 32h32c17.67 0 32-14.33 32-32V304h144c17.67 0 32-14.33 32-32v-32c0-17.67-14.33-32-32-32z\"><\/path><\/svg><\/span>\n\t\t\t\t\t\t\t\t<span class=\"elementor-accordion-icon-opened\"><svg class=\"e-font-icon-svg e-fas-minus\" viewBox=\"0 0 448 512\" xmlns=\"http:\/\/www.w3.org\/2000\/svg\"><path d=\"M416 208H32c-17.67 0-32 14.33-32 32v32c0 17.67 14.33 32 32 32h384c17.67 0 32-14.33 32-32v-32c0-17.67-14.33-32-32-32z\"><\/path><\/svg><\/span>\n\t\t\t\t\t\t\t\t\t\t\t\t\t\t<\/span>\n\t\t\t\t\t\t\t\t\t\t\t\t<a class=\"elementor-accordion-title\" tabindex=\"0\">Estrutura Organizacional<\/a>\n\t\t\t\t\t<\/div>\n\t\t\t\t\t<div id=\"elementor-tab-content-1503\" class=\"elementor-tab-content elementor-clearfix\" data-tab=\"3\" role=\"region\" aria-labelledby=\"elementor-tab-title-1503\"><p><img decoding=\"async\" class=\"alignnone wp-image-21079 size-full\" src=\"https:\/\/capivari.sp.gov.br\/portal\/wp-content\/uploads\/2025\/10\/Organograma-Meio-Ambiente.jpeg.jpg\" alt=\"\" width=\"785\" height=\"461\" srcset=\"https:\/\/capivari.sp.gov.br\/portal\/wp-content\/uploads\/2025\/10\/Organograma-Meio-Ambiente.jpeg.jpg 785w, https:\/\/capivari.sp.gov.br\/portal\/wp-content\/uploads\/2025\/10\/Organograma-Meio-Ambiente.jpeg-300x176.jpg 300w, https:\/\/capivari.sp.gov.br\/portal\/wp-content\/uploads\/2025\/10\/Organograma-Meio-Ambiente.jpeg-768x451.jpg 768w\" sizes=\"(max-width: 785px) 100vw, 785px\" \/><\/p><\/div>\n\t\t\t\t<\/div>\n\t\t\t\t\t\t\t<div class=\"elementor-accordion-item\">\n\t\t\t\t\t<div id=\"elementor-tab-title-1504\" class=\"elementor-tab-title\" data-tab=\"4\" role=\"button\" aria-controls=\"elementor-tab-content-1504\" aria-expanded=\"false\">\n\t\t\t\t\t\t\t\t\t\t\t\t\t<span class=\"elementor-accordion-icon elementor-accordion-icon-right\" aria-hidden=\"true\">\n\t\t\t\t\t\t\t\t\t\t\t\t\t\t\t<span class=\"elementor-accordion-icon-closed\"><svg class=\"e-font-icon-svg e-fas-plus\" viewBox=\"0 0 448 512\" xmlns=\"http:\/\/www.w3.org\/2000\/svg\"><path d=\"M416 208H272V64c0-17.67-14.33-32-32-32h-32c-17.67 0-32 14.33-32 32v144H32c-17.67 0-32 14.33-32 32v32c0 17.67 14.33 32 32 32h144v144c0 17.67 14.33 32 32 32h32c17.67 0 32-14.33 32-32V304h144c17.67 0 32-14.33 32-32v-32c0-17.67-14.33-32-32-32z\"><\/path><\/svg><\/span>\n\t\t\t\t\t\t\t\t<span class=\"elementor-accordion-icon-opened\"><svg class=\"e-font-icon-svg e-fas-minus\" viewBox=\"0 0 448 512\" xmlns=\"http:\/\/www.w3.org\/2000\/svg\"><path d=\"M416 208H32c-17.67 0-32 14.33-32 32v32c0 17.67 14.33 32 32 32h384c17.67 0 32-14.33 32-32v-32c0-17.67-14.33-32-32-32z\"><\/path><\/svg><\/span>\n\t\t\t\t\t\t\t\t\t\t\t\t\t\t<\/span>\n\t\t\t\t\t\t\t\t\t\t\t\t<a class=\"elementor-accordion-title\" tabindex=\"0\">Conselhos<\/a>\n\t\t\t\t\t<\/div>\n\t\t\t\t\t<div id=\"elementor-tab-content-1504\" class=\"elementor-tab-content elementor-clearfix\" data-tab=\"4\" role=\"region\" aria-labelledby=\"elementor-tab-title-1504\"><p><a href=\"https:\/\/capivari.sp.gov.br\/portal\/servicos\/conselhos\/comdema-conselho-municipal-do-meio-ambiente\/#elf_l1_Lw)\" target=\"_blank\" rel=\"noopener\">COMDEMA<\/a> \u2013 Conselho Municipal de Defesa do Meio Ambiente de Capivari<\/p><p>CMDSR \u2013 Conselho Municipal de Desenvolvimento Social Rural<\/p><\/div>\n\t\t\t\t<\/div>\n\t\t\t\t\t\t\t<div class=\"elementor-accordion-item\">\n\t\t\t\t\t<div id=\"elementor-tab-title-1505\" class=\"elementor-tab-title\" data-tab=\"5\" role=\"button\" aria-controls=\"elementor-tab-content-1505\" aria-expanded=\"false\">\n\t\t\t\t\t\t\t\t\t\t\t\t\t<span class=\"elementor-accordion-icon elementor-accordion-icon-right\" aria-hidden=\"true\">\n\t\t\t\t\t\t\t\t\t\t\t\t\t\t\t<span class=\"elementor-accordion-icon-closed\"><svg class=\"e-font-icon-svg e-fas-plus\" viewBox=\"0 0 448 512\" xmlns=\"http:\/\/www.w3.org\/2000\/svg\"><path d=\"M416 208H272V64c0-17.67-14.33-32-32-32h-32c-17.67 0-32 14.33-32 32v144H32c-17.67 0-32 14.33-32 32v32c0 17.67 14.33 32 32 32h144v144c0 17.67 14.33 32 32 32h32c17.67 0 32-14.33 32-32V304h144c17.67 0 32-14.33 32-32v-32c0-17.67-14.33-32-32-32z\"><\/path><\/svg><\/span>\n\t\t\t\t\t\t\t\t<span class=\"elementor-accordion-icon-opened\"><svg class=\"e-font-icon-svg e-fas-minus\" viewBox=\"0 0 448 512\" xmlns=\"http:\/\/www.w3.org\/2000\/svg\"><path d=\"M416 208H32c-17.67 0-32 14.33-32 32v32c0 17.67 14.33 32 32 32h384c17.67 0 32-14.33 32-32v-32c0-17.67-14.33-32-32-32z\"><\/path><\/svg><\/span>\n\t\t\t\t\t\t\t\t\t\t\t\t\t\t<\/span>\n\t\t\t\t\t\t\t\t\t\t\t\t<a class=\"elementor-accordion-title\" tabindex=\"0\">Legisla\u00e7\u00e3o Municipal<\/a>\n\t\t\t\t\t<\/div>\n\t\t\t\t\t<div id=\"elementor-tab-content-1505\" class=\"elementor-tab-content elementor-clearfix\" data-tab=\"5\" role=\"region\" aria-labelledby=\"elementor-tab-title-1505\"><p><a href=\"https:\/\/legislacaodigital.com.br\/Capivari-SP\/LeisOrganicas\/0-2007)\" target=\"_blank\" rel=\"noopener\">LEI ORG\u00c2NICA DO MUNIC\u00cdPIO DE CAPIVARI<\/a>\u00a0<\/p><p><a href=\"https:\/\/legislacaodigital.com.br\/Capivari-SP\/LeisComplementares\/7-2005)\" target=\"_blank\" rel=\"noopener\">LEI COMPLEMENTAR N\u00b0 7, DE 13 DE DEZEMBRO DE 2005 &#8211; <\/a>Instituiu o C\u00f3digo de Postura do Munic\u00edpio de Capivari e d\u00e1 outras provid\u00eancias.\u00a0<\/p><p><a href=\"https:\/\/legislacaodigital.com.br\/Capivari-SP\/LeisOrdinarias\/3564-2009\/Arquivos\/1\" target=\"_blank\" rel=\"noopener\">LEI N\u00b0 3.564, DE 29 DE SETEMBRO DE 2009 &#8211; <\/a>Define a Pol\u00edtica Municipal de Meio Ambiente de Capivari e d\u00e1 outras provid\u00eancias.<\/p><p><a href=\"https:\/\/legislacaodigital.com.br\/Capivari-SP\/LeisOrdinarias\/3735-2010\/Arquivos\/1\">LEI N\u00b0 3.735, DE 14 DE SETEMBRO DE 2010 &#8211; <\/a>Disp\u00f5e sobre a proibi\u00e7\u00e3o do uso de herbicidas e agrot\u00f3xicos em geral para\u00a0capina\u00a0qu\u00edmica no territ\u00f3rio do munic\u00edpio de Capivari em \u00e1reas urbanas p\u00fablicas e privadas bem como em \u00e1reas de prote\u00e7\u00e3o ambiental e mananciais.\u00a0<\/p><p><a href=\"https:\/\/legislacaodigital.com.br\/Capivari-SP\/LeisOrdinarias\/3763-2010\" target=\"_blank\" rel=\"noopener\">LEI N\u00b0 3.763, DE 9 DE NOVEMBRO DE 2010\u00a0 &#8211;<\/a> Institui regras para a abertura e regulariza\u00e7\u00e3o de estabelecimentos receptores, beneficiadores e comercializadores de Res\u00edduos Recicl\u00e1veis.\u00a0<\/p><p><a href=\"https:\/\/legislacaodigital.com.br\/Capivari-SP\/LeisOrdinarias\/4020-2012\/Arquivos\/1\" target=\"_blank\" rel=\"noopener\">LEI N\u00b0 4.020, DE 3 DE MAIO DE 2012 &#8211;<\/a> Institui o licenciamento ambiental para empreendimentos e atividades de impacto ambiental local, e d\u00e1 outras provid\u00eancias.\u00a0<\/p><p><a href=\"https:\/\/legislacaodigital.com.br\/Capivari-SP\/LeisOrdinarias\/4487-2014\/Arquivos\/1\" target=\"_blank\" rel=\"noopener\">LEI N\u00b0 4.487, DE 26 DE JUNHO DE 2014 &#8211;<\/a> Autoriza o Poder Executivo, a criar no \u00e2mbito do Munic\u00edpio de Capivari \/ SP, a coleta, transporte, tratamento e disposi\u00e7\u00e3o final de res\u00edduos da constru\u00e7\u00e3o civil, e d\u00e1 outras provid\u00eancias.<\/p><p><a href=\"https:\/\/legislacaodigital.com.br\/Capivari-SP\/LeisOrdinarias\/4730-2015\/Arquivos\/1\" target=\"_blank\" rel=\"noopener\">LEI N\u00b0 4.730,\u00a0DE\u00a02\u00a0DE\u00a0JUNHO\u00a0DE\u00a02015 &#8211;<\/a> Institui o Plano Municipal de Saneamento B\u00e1sico e d\u00e1 outras provid\u00eancias.\u00a0<\/p><p><a href=\"https:\/\/legislacaodigital.com.br\/Capivari-SP\/LeisOrdinarias\/4780-2015\/Arquivos\/1\" target=\"_blank\" rel=\"noopener\">LEI N\u00b0 4.780, DE 25 DE AGOSTO DE 2015 &#8211;<\/a> Disp\u00f5e sobre o monitoramento da vegeta\u00e7\u00e3o arb\u00f3rea e est\u00edmulos \u00e0 preserva\u00e7\u00e3o das \u00e1reas verdes no munic\u00edpio de Capivari e d\u00e1 outras provid\u00eancias.<\/p><p><a href=\"https:\/\/legislacaodigital.com.br\/Capivari-SP\/LeisOrdinarias\/5281-2017\/Arquivos\/1)\" target=\"_blank\" rel=\"noopener\">LEI N\u00b0 5.281, DE 31 DE OUTUBRO DE 2017 &#8211;<\/a> Institui a Pol\u00edtica Municipal de\u00a0Res\u00edduos\u00a0S\u00f3lidos\u00a0no Munic\u00edpio de Capivari\/SP, como espec\u00edfica.<\/p><p><a href=\"https:\/\/legislacaodigital.com.br\/Capivari-SP\/LeisOrdinarias\/6347-2022\/Arquivos\/1\" target=\"_blank\" rel=\"noopener\">LEI N\u00b0 6.347, DE 13 DE SETEMBRO DE 2022 &#8211;<\/a> Disp\u00f5e sobre a proibi\u00e7\u00e3o de queimadas nas vias p\u00fablicas e nos im\u00f3veis urbanos do Munic\u00edpio de Capivari-SP, estabelece multas e d\u00e1 outras provid\u00eancias.\u00a0<\/p><\/div>\n\t\t\t\t<\/div>\n\t\t\t\t\t\t\t<div class=\"elementor-accordion-item\">\n\t\t\t\t\t<div id=\"elementor-tab-title-1506\" class=\"elementor-tab-title\" data-tab=\"6\" role=\"button\" aria-controls=\"elementor-tab-content-1506\" aria-expanded=\"false\">\n\t\t\t\t\t\t\t\t\t\t\t\t\t<span class=\"elementor-accordion-icon elementor-accordion-icon-right\" aria-hidden=\"true\">\n\t\t\t\t\t\t\t\t\t\t\t\t\t\t\t<span class=\"elementor-accordion-icon-closed\"><svg class=\"e-font-icon-svg e-fas-plus\" viewBox=\"0 0 448 512\" xmlns=\"http:\/\/www.w3.org\/2000\/svg\"><path d=\"M416 208H272V64c0-17.67-14.33-32-32-32h-32c-17.67 0-32 14.33-32 32v144H32c-17.67 0-32 14.33-32 32v32c0 17.67 14.33 32 32 32h144v144c0 17.67 14.33 32 32 32h32c17.67 0 32-14.33 32-32V304h144c17.67 0 32-14.33 32-32v-32c0-17.67-14.33-32-32-32z\"><\/path><\/svg><\/span>\n\t\t\t\t\t\t\t\t<span class=\"elementor-accordion-icon-opened\"><svg class=\"e-font-icon-svg e-fas-minus\" viewBox=\"0 0 448 512\" xmlns=\"http:\/\/www.w3.org\/2000\/svg\"><path d=\"M416 208H32c-17.67 0-32 14.33-32 32v32c0 17.67 14.33 32 32 32h384c17.67 0 32-14.33 32-32v-32c0-17.67-14.33-32-32-32z\"><\/path><\/svg><\/span>\n\t\t\t\t\t\t\t\t\t\t\t\t\t\t<\/span>\n\t\t\t\t\t\t\t\t\t\t\t\t<a class=\"elementor-accordion-title\" tabindex=\"0\">Planos e Programas<\/a>\n\t\t\t\t\t<\/div>\n\t\t\t\t\t<div id=\"elementor-tab-content-1506\" class=\"elementor-tab-content elementor-clearfix\" data-tab=\"6\" role=\"region\" aria-labelledby=\"elementor-tab-title-1506\"><p><a href=\"https:\/\/capivari.sp.gov.br\/portal\/wp-content\/uploads\/2025\/03\/PIGIRS-Consimares-2021.pdf\" target=\"_blank\" rel=\"noopener\">Plano Intermunicipal de Gest\u00e3o Integrada de Res\u00edduos S\u00f3lidos \u2013 Revis\u00e3o 2021<\/a><\/p><p><strong>Plano Municipal de Saneamento B\u00e1sico \u2013 2015<\/strong><\/p><p><a href=\"https:\/\/capivari.sp.gov.br\/portal\/wp-content\/uploads\/2025\/03\/Relatorio-I_Sistemas-de-Indicadores.pdf\" target=\"_blank\" rel=\"noopener\">Relat\u00f3rio I \u2013 Relat\u00f3rio de Sistema de Indicadores Sanit\u00e1rios<\/a><\/p><p><strong>Relat\u00f3rio II \u2013 Relat\u00f3rio de Diagn\u00f3stico da Situa\u00e7\u00e3o<\/strong><\/p><ul><li><a href=\"https:\/\/capivari.sp.gov.br\/portal\/wp-content\/uploads\/2025\/03\/Tomo-I-SAA-Diagnostico.pdf\" target=\"_blank\" rel=\"noopener\">Tomo I \u2013 Sistema de Abastecimento de \u00c1gua<\/a><\/li><li><a href=\"https:\/\/capivari.sp.gov.br\/portal\/wp-content\/uploads\/2025\/03\/Tomo-II-SES-Diagnostico.pdf\" target=\"_blank\" rel=\"noopener\">Tomo II \u2013 Sistema de Esgotamento Sanit\u00e1rio<\/a><\/li><li><a href=\"https:\/\/capivari.sp.gov.br\/portal\/wp-content\/uploads\/2025\/03\/Tomo-III-DRE-Diagnostico.pdf\" target=\"_blank\" rel=\"noopener\">Tomo III \u2013 Drenagem e Manejo de \u00c1guas Pluviais<\/a><\/li><li><a href=\"https:\/\/capivari.sp.gov.br\/portal\/wp-content\/uploads\/2025\/03\/Tomo-IV-RES-Diagnostico.pdf\" target=\"_blank\" rel=\"noopener\">Tomo IV \u2013 Limpeza Urbana e Manejo dos Res\u00edduos S\u00f3lidos<\/a><\/li><\/ul><p><strong>Relat\u00f3rio III \u2013 Relat\u00f3rio de Cen\u00e1rios Prospectivos e Concep\u00e7\u00e3o de Alternativas<\/strong><\/p><ul><li><a href=\"https:\/\/capivari.sp.gov.br\/portal\/wp-content\/uploads\/2025\/03\/Tomo-I-SAA-Cenarios-e-Concepcao.pdf\" target=\"_blank\" rel=\"noopener\">Tomo I \u2013 Sistema de Abastecimento de \u00c1gua<\/a><\/li><li><a href=\"https:\/\/capivari.sp.gov.br\/portal\/wp-content\/uploads\/2025\/03\/Tomo-II-SES-Cenarios-e-Concepcao.pdf\" target=\"_blank\" rel=\"noopener\">Tomo II \u2013 Sistema de Esgotamento Sanit\u00e1rio<\/a><\/li><li>Tomo III \u2013 Drenagem e Manejo de \u00c1guas Pluviais<\/li><li><a href=\"https:\/\/capivari.sp.gov.br\/portal\/wp-content\/uploads\/2025\/03\/Tomo-IV-RES-Cenarios-e-Concepcao.pdf\" target=\"_blank\" rel=\"noopener\">Tomo IV \u2013 Limpeza Urbana e Manejo dos Res\u00edduos S\u00f3lidos<\/a><\/li><\/ul><p><a href=\"https:\/\/capivari.sp.gov.br\/portal\/wp-content\/uploads\/2025\/03\/Relatorio-IV_Compatibilizacao-com-Planos-Setoriais.pdf\" target=\"_blank\" rel=\"noopener\">Relat\u00f3rio IV &#8211; Relat\u00f3rio de Compatibiliza\u00e7\u00e3o com os Demais Planos Setoriais<\/a><\/p><p><strong>Relat\u00f3rio V &#8211; Relat\u00f3rio de Objetivos e Metas<\/strong><\/p><ul><li><a href=\"https:\/\/capivari.sp.gov.br\/portal\/wp-content\/uploads\/2025\/03\/Tomo-I-SAA-Objetivos-e-Metas.pdf\" target=\"_blank\" rel=\"noopener\">Tomo I \u2013 Sistema de Abastecimento de \u00c1gua<\/a><\/li><li><a href=\"https:\/\/capivari.sp.gov.br\/portal\/wp-content\/uploads\/2025\/03\/Tomo-II-SES-Objetivos-e-Metas.pdf\" target=\"_blank\" rel=\"noopener\">Tomo II \u2013 Sistema de Esgotamento Sanit\u00e1rio<\/a><\/li><li><a href=\"https:\/\/capivari.sp.gov.br\/portal\/wp-content\/uploads\/2025\/03\/Tomo-III-DRE-Objetivos-e-Metas.pdf\" target=\"_blank\" rel=\"noopener\">Tomo III \u2013 Drenagem e Manejo de \u00c1guas Pluviais<\/a><\/li><li><a href=\"https:\/\/capivari.sp.gov.br\/portal\/wp-content\/uploads\/2025\/03\/Tomo-IV-RES-Objetivos-e-Metas.pdf\" target=\"_blank\" rel=\"noopener\">Tomo IV \u2013 Limpeza Urbana e Manejo dos Res\u00edduos S\u00f3lidos<\/a><\/li><\/ul><p><strong>Relat\u00f3rio VI &#8211; Relat\u00f3rio de A\u00e7\u00f5es para Emerg\u00eancia e Conting\u00eancias<\/strong><\/p><ul><li><a href=\"https:\/\/capivari.sp.gov.br\/portal\/wp-content\/uploads\/2025\/03\/Tomo-I-SAA-Acoes-para-Emergencias-e-Contingencias.pdf\" target=\"_blank\" rel=\"noopener\">Tomo I \u2013 Sistema de Abastecimento de \u00c1gua<\/a><\/li><li><a href=\"https:\/\/capivari.sp.gov.br\/portal\/wp-content\/uploads\/2025\/03\/Tomo-II-SES-Acoes-para-Emergencias-e-Contingencias.pdf\" target=\"_blank\" rel=\"noopener\">Tomo II \u2013 Sistema de Esgotamento Sanit\u00e1rio<\/a><\/li><li><a href=\"https:\/\/capivari.sp.gov.br\/portal\/wp-content\/uploads\/2025\/03\/Tomo-III-DRE-Acoes-para-Emergencias-e-Contingencias.pdf\" target=\"_blank\" rel=\"noopener\">Tomo III \u2013 Drenagem e Manejo de \u00c1guas Pluviais<\/a><\/li><li><a href=\"https:\/\/capivari.sp.gov.br\/portal\/wp-content\/uploads\/2025\/03\/Tomo-IV-RES-Acoes-para-Emergencias-e-Contingencias.pdf\" target=\"_blank\" rel=\"noopener\">Tomo IV \u2013 Limpeza Urbana e Manejo dos Res\u00edduos S\u00f3lidos<\/a><\/li><\/ul><p><strong>Relat\u00f3rio VII &#8211; Relat\u00f3rio de Mecanismos e Procedimentos para Avalia\u00e7\u00e3o<\/strong><\/p><ul><li><a href=\"https:\/\/capivari.sp.gov.br\/portal\/wp-content\/uploads\/2025\/03\/Tomo-I-SAA-Mecanismos-e-procedimentos-de-avaliacao.pdf\" target=\"_blank\" rel=\"noopener\">Tomo I \u2013 Sistema de Abastecimento de \u00c1gua<\/a><\/li><li><a href=\"https:\/\/capivari.sp.gov.br\/portal\/wp-content\/uploads\/2025\/03\/Tomo-II-SES-Mecanismos-e-procedimentos-de-avaliacao.pdf\" target=\"_blank\" rel=\"noopener\">Tomo II \u2013 Sistema de Esgotamento Sanit\u00e1rio<\/a><\/li><li><a href=\"https:\/\/capivari.sp.gov.br\/portal\/wp-content\/uploads\/2025\/03\/Tomo-III-DRE-Mecanismos-e-procedimentos-de-avaliacao.pdf\" target=\"_blank\" rel=\"noopener\">Tomo III \u2013 Drenagem e Manejo de \u00c1guas Pluviais<\/a><\/li><li><a href=\"https:\/\/capivari.sp.gov.br\/portal\/wp-content\/uploads\/2025\/03\/Tomo-IV-RES-Mecanismos-e-procedimentos-de-avaliacao.pdf\" target=\"_blank\" rel=\"noopener\">Tomo IV \u2013 Limpeza Urbana e Manejo dos Res\u00edduos S\u00f3lidos<\/a><\/li><\/ul><p><strong>Relat\u00f3rio VIII &#8211; Relat\u00f3rio Final do Comp\u00eandio do PMSB<\/strong><\/p><ul><li><a href=\"https:\/\/capivari.sp.gov.br\/portal\/wp-content\/uploads\/2025\/03\/Tomo-I-SAA-Relatorio-Final.pdf\" target=\"_blank\" rel=\"noopener\">Tomo I \u2013 Sistema de Abastecimento de \u00c1gua<\/a><\/li><li><a href=\"https:\/\/capivari.sp.gov.br\/portal\/wp-content\/uploads\/2025\/03\/Tomo-II-SES-Relatorio-Final.pdf\" target=\"_blank\" rel=\"noopener\">Tomo II \u2013 Sistema de Esgotamento Sanit\u00e1rio<\/a><\/li><li><a href=\"https:\/\/capivari.sp.gov.br\/portal\/wp-content\/uploads\/2025\/03\/Tomo-III-DRE-Relatorio-Final.pdf\" target=\"_blank\" rel=\"noopener\">Tomo III \u2013 Drenagem e Manejo de \u00c1guas Pluviais<\/a><\/li><li><a href=\"https:\/\/capivari.sp.gov.br\/portal\/wp-content\/uploads\/2025\/03\/Tomo-IV-RES-Relatorio-Final.pdf\" target=\"_blank\" rel=\"noopener\">Tomo IV \u2013 Limpeza Urbana e Manejo dos Res\u00edduos S\u00f3lidos<\/a><\/li><\/ul><\/div>\n\t\t\t\t<\/div>\n\t\t\t\t\t\t\t<div class=\"elementor-accordion-item\">\n\t\t\t\t\t<div id=\"elementor-tab-title-1507\" class=\"elementor-tab-title\" data-tab=\"7\" role=\"button\" aria-controls=\"elementor-tab-content-1507\" aria-expanded=\"false\">\n\t\t\t\t\t\t\t\t\t\t\t\t\t<span class=\"elementor-accordion-icon elementor-accordion-icon-right\" aria-hidden=\"true\">\n\t\t\t\t\t\t\t\t\t\t\t\t\t\t\t<span class=\"elementor-accordion-icon-closed\"><svg class=\"e-font-icon-svg e-fas-plus\" viewBox=\"0 0 448 512\" xmlns=\"http:\/\/www.w3.org\/2000\/svg\"><path d=\"M416 208H272V64c0-17.67-14.33-32-32-32h-32c-17.67 0-32 14.33-32 32v144H32c-17.67 0-32 14.33-32 32v32c0 17.67 14.33 32 32 32h144v144c0 17.67 14.33 32 32 32h32c17.67 0 32-14.33 32-32V304h144c17.67 0 32-14.33 32-32v-32c0-17.67-14.33-32-32-32z\"><\/path><\/svg><\/span>\n\t\t\t\t\t\t\t\t<span class=\"elementor-accordion-icon-opened\"><svg class=\"e-font-icon-svg e-fas-minus\" viewBox=\"0 0 448 512\" xmlns=\"http:\/\/www.w3.org\/2000\/svg\"><path d=\"M416 208H32c-17.67 0-32 14.33-32 32v32c0 17.67 14.33 32 32 32h384c17.67 0 32-14.33 32-32v-32c0-17.67-14.33-32-32-32z\"><\/path><\/svg><\/span>\n\t\t\t\t\t\t\t\t\t\t\t\t\t\t<\/span>\n\t\t\t\t\t\t\t\t\t\t\t\t<a class=\"elementor-accordion-title\" tabindex=\"0\">Endere\u00e7os e Telefones<\/a>\n\t\t\t\t\t<\/div>\n\t\t\t\t\t<div id=\"elementor-tab-content-1507\" class=\"elementor-tab-content elementor-clearfix\" data-tab=\"7\" role=\"region\" aria-labelledby=\"elementor-tab-title-1507\"><p>A sede da Secretaria de Meio Ambiente e Agricultura fica no Parque Ecol\u00f3gico Murilo Ferreira Carnicelli, entrada pela Rua \u00c9rico Ver\u00edssimo.<\/p><p><strong>GoogleMaps:<\/strong> <a href=\"https:\/\/maps.app.goo.gl\/rECtTBobmjc9kZjYA\" target=\"_blank\" rel=\"noopener\">https:\/\/maps.app.goo.gl\/rECtTBobmjc9kZjYA<\/a><\/p><p><strong>Telefone<\/strong> (19) 3492-0116<\/p><p><strong>E-mail:<\/strong> <a href=\"mailto:ambiente.capivari@gmail.com\">ambiente.capivari@gmail.com<\/a><\/p><\/div>\n\t\t\t\t<\/div>\n\t\t\t\t\t\t\t<div class=\"elementor-accordion-item\">\n\t\t\t\t\t<div id=\"elementor-tab-title-1508\" class=\"elementor-tab-title\" data-tab=\"8\" role=\"button\" aria-controls=\"elementor-tab-content-1508\" aria-expanded=\"false\">\n\t\t\t\t\t\t\t\t\t\t\t\t\t<span class=\"elementor-accordion-icon elementor-accordion-icon-right\" aria-hidden=\"true\">\n\t\t\t\t\t\t\t\t\t\t\t\t\t\t\t<span class=\"elementor-accordion-icon-closed\"><svg class=\"e-font-icon-svg e-fas-plus\" viewBox=\"0 0 448 512\" xmlns=\"http:\/\/www.w3.org\/2000\/svg\"><path d=\"M416 208H272V64c0-17.67-14.33-32-32-32h-32c-17.67 0-32 14.33-32 32v144H32c-17.67 0-32 14.33-32 32v32c0 17.67 14.33 32 32 32h144v144c0 17.67 14.33 32 32 32h32c17.67 0 32-14.33 32-32V304h144c17.67 0 32-14.33 32-32v-32c0-17.67-14.33-32-32-32z\"><\/path><\/svg><\/span>\n\t\t\t\t\t\t\t\t<span class=\"elementor-accordion-icon-opened\"><svg class=\"e-font-icon-svg e-fas-minus\" viewBox=\"0 0 448 512\" xmlns=\"http:\/\/www.w3.org\/2000\/svg\"><path d=\"M416 208H32c-17.67 0-32 14.33-32 32v32c0 17.67 14.33 32 32 32h384c17.67 0 32-14.33 32-32v-32c0-17.67-14.33-32-32-32z\"><\/path><\/svg><\/span>\n\t\t\t\t\t\t\t\t\t\t\t\t\t\t<\/span>\n\t\t\t\t\t\t\t\t\t\t\t\t<a class=\"elementor-accordion-title\" tabindex=\"0\">Servi\u00e7os Disponibilizados<\/a>\n\t\t\t\t\t<\/div>\n\t\t\t\t\t<div id=\"elementor-tab-content-1508\" class=\"elementor-tab-content elementor-clearfix\" data-tab=\"8\" role=\"region\" aria-labelledby=\"elementor-tab-title-1508\"><p>1 \u2013 DOA\u00c7\u00c3O DE MUDAS DE \u00c1RVORES (NATIVAS E FRUT\u00cdFERAS)<\/p><p>2 \u2013 PROGRAMA \u201cADOTE ESTA \u00c1REA\u201d (TEMPORARIAMENTE SUSPENSO PARA NOVOS CONTRATOS)<\/p><p>3 \u2013 PALESTRAS E A\u00c7\u00d5ES VOLUNT\u00c1RIAS DE EDUCA\u00c7\u00c3O AMBIENTAL<\/p><p>4 \u2013 MANIFESTA\u00c7\u00c3O AMBIENTAL (PARA FINS DE LICENCIAMENTO AMBIENTAL ESTADUAL OU SOBRE SITUA\u00c7\u00d5ES QUE ENVOLVAM MEIO AMBIENTE)<\/p><p>5 \u2013 CERTID\u00c3O DE TRATAMENTO AC\u00daSTICO ADEQUADO<\/p><p>6 \u2013 AUTORIZA\u00c7\u00c3O PARA PODA DE \u00c1RVORE<\/p><p>7 \u2013 AUTORIZA\u00c7\u00c3O PARA CORTE DE \u00c1RVORE<\/p><p>7.1 \u2013 \u00c1RVORE EM VIA P\u00daBLICA (CAL\u00c7ADA\/\u00c1REA VERDE P\u00daBLICA)<\/p><p>7.2 \u2013 \u00c1RVORE EM LOTE\/PROPRIEDADE PARTICULAR<\/p><p>8 \u2013 LICENCIAMENTO AMBIENTAL MUNICIPAL<\/p><p>8.1 \u2013 LICEN\u00c7A PR\u00c9VIA (LP)<\/p><p>8.2 \u2013 LICEN\u00c7A DE INSTALA\u00c7\u00c3O (LI)<\/p><p>8.3 \u2013 LICEN\u00c7A DE OPERA\u00c7\u00c3O (LO)<\/p><p>8.4 \u2013 AUTORIZA\u00c7\u00c3O PARA INTERVEN\u00c7\u00c3O EM APP\/CORTE DE \u00c1RVORES ISOLADAS EM APP<\/p><p>9 \u2013 FISCALIZA\u00c7\u00c3O AMBIENTAL<\/p><p>10 \u2013 RECURSOS ADMINISTRATIVOS<\/p><\/div>\n\t\t\t\t<\/div>\n\t\t\t\t\t\t\t<div class=\"elementor-accordion-item\">\n\t\t\t\t\t<div id=\"elementor-tab-title-1509\" class=\"elementor-tab-title\" data-tab=\"9\" role=\"button\" aria-controls=\"elementor-tab-content-1509\" aria-expanded=\"false\">\n\t\t\t\t\t\t\t\t\t\t\t\t\t<span class=\"elementor-accordion-icon elementor-accordion-icon-right\" aria-hidden=\"true\">\n\t\t\t\t\t\t\t\t\t\t\t\t\t\t\t<span class=\"elementor-accordion-icon-closed\"><svg class=\"e-font-icon-svg e-fas-plus\" viewBox=\"0 0 448 512\" xmlns=\"http:\/\/www.w3.org\/2000\/svg\"><path d=\"M416 208H272V64c0-17.67-14.33-32-32-32h-32c-17.67 0-32 14.33-32 32v144H32c-17.67 0-32 14.33-32 32v32c0 17.67 14.33 32 32 32h144v144c0 17.67 14.33 32 32 32h32c17.67 0 32-14.33 32-32V304h144c17.67 0 32-14.33 32-32v-32c0-17.67-14.33-32-32-32z\"><\/path><\/svg><\/span>\n\t\t\t\t\t\t\t\t<span class=\"elementor-accordion-icon-opened\"><svg class=\"e-font-icon-svg e-fas-minus\" viewBox=\"0 0 448 512\" xmlns=\"http:\/\/www.w3.org\/2000\/svg\"><path d=\"M416 208H32c-17.67 0-32 14.33-32 32v32c0 17.67 14.33 32 32 32h384c17.67 0 32-14.33 32-32v-32c0-17.67-14.33-32-32-32z\"><\/path><\/svg><\/span>\n\t\t\t\t\t\t\t\t\t\t\t\t\t\t<\/span>\n\t\t\t\t\t\t\t\t\t\t\t\t<a class=\"elementor-accordion-title\" tabindex=\"0\">Hor\u00e1rio de Atendimento ao P\u00fablico<\/a>\n\t\t\t\t\t<\/div>\n\t\t\t\t\t<div id=\"elementor-tab-content-1509\" class=\"elementor-tab-content elementor-clearfix\" data-tab=\"9\" role=\"region\" aria-labelledby=\"elementor-tab-title-1509\"><p>O hor\u00e1rio de atendimento ao p\u00fablico \u00e9 de segunda a sexta-feira, das 08h00 \u00e0s 11h00 e das 13h00 \u00e0s 16h00.<\/p><\/div>\n\t\t\t\t<\/div>\n\t\t\t\t\t\t\t\t\t\t<script type=\"application\/ld+json\">{\"@context\":\"https:\\\/\\\/schema.org\",\"@type\":\"FAQPage\",\"mainEntity\":[{\"@type\":\"Question\",\"name\":\"\",\"acceptedAnswer\":{\"@type\":\"Answer\",\"text\":\"\"}},{\"@type\":\"Question\",\"name\":\"Compet\\u00eancia\",\"acceptedAnswer\":{\"@type\":\"Answer\",\"text\":\"<p>A Secretaria de Meio Ambiente e Agricultura (SMAA), criada pela Lei Municipal n\\u00ba 7126\\\/2025, \\u00e9 o \\u00f3rg\\u00e3o municipal respons\\u00e1vel pela gest\\u00e3o, controle e fiscaliza\\u00e7\\u00e3o ambiental no Munic\\u00edpio de Capivari, al\\u00e9m do estudo, proposi\\u00e7\\u00e3o e a negocia\\u00e7\\u00e3o de conv\\u00eanios com entidades p\\u00fablicas e privadas para a implementa\\u00e7\\u00e3o de programas e projetos nas \\u00e1reas de meio ambiente e de agricultura e abastecimento.<\\\/p><p>A SMAA auxilia o munic\\u00edpio atrav\\u00e9s de a\\u00e7\\u00f5es e projetos sustent\\u00e1veis, al\\u00e9m de exigir que a instala\\u00e7\\u00e3o e opera\\u00e7\\u00e3o de empreendimentos locais sejam realizadas com o menor impacto ambiental poss\\u00edvel, respeitando a legisla\\u00e7\\u00e3o vigente e o compromisso com a preserva\\u00e7\\u00e3o e recupera\\u00e7\\u00e3o do meio ambiente.<\\\/p><p>Dentre as diversas responsabilidades da SMAA, destacamos os servi\\u00e7os dispon\\u00edveis aos cidad\\u00e3os, tais como emiss\\u00e3o de manifesta\\u00e7\\u00f5es, autoriza\\u00e7\\u00f5es para interven\\u00e7\\u00e3o em arboriza\\u00e7\\u00e3o urbana e o licenciamento ambiental municipal, que autoriza a instala\\u00e7\\u00e3o\\\/opera\\u00e7\\u00e3o de atividades ou empreendimentos potencialmente poluidores e de impacto local.<\\\/p>\"}},{\"@type\":\"Question\",\"name\":\"Estrutura Organizacional\",\"acceptedAnswer\":{\"@type\":\"Answer\",\"text\":\"<p><img class=\\\"alignnone wp-image-21079 size-full\\\" src=\\\"https:\\\/\\\/capivari.sp.gov.br\\\/portal\\\/wp-content\\\/uploads\\\/2025\\\/10\\\/Organograma-Meio-Ambiente.jpeg.jpg\\\" alt=\\\"\\\" width=\\\"785\\\" height=\\\"461\\\" \\\/><\\\/p>\"}},{\"@type\":\"Question\",\"name\":\"Conselhos\",\"acceptedAnswer\":{\"@type\":\"Answer\",\"text\":\"<p><a href=\\\"https:\\\/\\\/capivari.sp.gov.br\\\/portal\\\/servicos\\\/conselhos\\\/comdema-conselho-municipal-do-meio-ambiente\\\/#elf_l1_Lw)\\\" target=\\\"_blank\\\" rel=\\\"noopener\\\">COMDEMA<\\\/a> \\u2013 Conselho Municipal de Defesa do Meio Ambiente de Capivari<\\\/p><p>CMDSR \\u2013 Conselho Municipal de Desenvolvimento Social Rural<\\\/p>\"}},{\"@type\":\"Question\",\"name\":\"Legisla\\u00e7\\u00e3o Municipal\",\"acceptedAnswer\":{\"@type\":\"Answer\",\"text\":\"<p><a href=\\\"https:\\\/\\\/legislacaodigital.com.br\\\/Capivari-SP\\\/LeisOrganicas\\\/0-2007)\\\" target=\\\"_blank\\\" rel=\\\"noopener\\\">LEI ORG\\u00c2NICA DO MUNIC\\u00cdPIO DE CAPIVARI<\\\/a>\\u00a0<\\\/p><p><a href=\\\"https:\\\/\\\/legislacaodigital.com.br\\\/Capivari-SP\\\/LeisComplementares\\\/7-2005)\\\" target=\\\"_blank\\\" rel=\\\"noopener\\\">LEI COMPLEMENTAR N\\u00b0 7, DE 13 DE DEZEMBRO DE 2005 &#8211; <\\\/a>Instituiu o C\\u00f3digo de Postura do Munic\\u00edpio de Capivari e d\\u00e1 outras provid\\u00eancias.\\u00a0<\\\/p><p><a href=\\\"https:\\\/\\\/legislacaodigital.com.br\\\/Capivari-SP\\\/LeisOrdinarias\\\/3564-2009\\\/Arquivos\\\/1\\\" target=\\\"_blank\\\" rel=\\\"noopener\\\">LEI N\\u00b0 3.564, DE 29 DE SETEMBRO DE 2009 &#8211; <\\\/a>Define a Pol\\u00edtica Municipal de Meio Ambiente de Capivari e d\\u00e1 outras provid\\u00eancias.<\\\/p><p><a href=\\\"https:\\\/\\\/legislacaodigital.com.br\\\/Capivari-SP\\\/LeisOrdinarias\\\/3735-2010\\\/Arquivos\\\/1\\\">LEI N\\u00b0 3.735, DE 14 DE SETEMBRO DE 2010 &#8211; <\\\/a>Disp\\u00f5e sobre a proibi\\u00e7\\u00e3o do uso de herbicidas e agrot\\u00f3xicos em geral para\\u00a0capina\\u00a0qu\\u00edmica no territ\\u00f3rio do munic\\u00edpio de Capivari em \\u00e1reas urbanas p\\u00fablicas e privadas bem como em \\u00e1reas de prote\\u00e7\\u00e3o ambiental e mananciais.\\u00a0<\\\/p><p><a href=\\\"https:\\\/\\\/legislacaodigital.com.br\\\/Capivari-SP\\\/LeisOrdinarias\\\/3763-2010\\\" target=\\\"_blank\\\" rel=\\\"noopener\\\">LEI N\\u00b0 3.763, DE 9 DE NOVEMBRO DE 2010\\u00a0 &#8211;<\\\/a> Institui regras para a abertura e regulariza\\u00e7\\u00e3o de estabelecimentos receptores, beneficiadores e comercializadores de Res\\u00edduos Recicl\\u00e1veis.\\u00a0<\\\/p><p><a href=\\\"https:\\\/\\\/legislacaodigital.com.br\\\/Capivari-SP\\\/LeisOrdinarias\\\/4020-2012\\\/Arquivos\\\/1\\\" target=\\\"_blank\\\" rel=\\\"noopener\\\">LEI N\\u00b0 4.020, DE 3 DE MAIO DE 2012 &#8211;<\\\/a> Institui o licenciamento ambiental para empreendimentos e atividades de impacto ambiental local, e d\\u00e1 outras provid\\u00eancias.\\u00a0<\\\/p><p><a href=\\\"https:\\\/\\\/legislacaodigital.com.br\\\/Capivari-SP\\\/LeisOrdinarias\\\/4487-2014\\\/Arquivos\\\/1\\\" target=\\\"_blank\\\" rel=\\\"noopener\\\">LEI N\\u00b0 4.487, DE 26 DE JUNHO DE 2014 &#8211;<\\\/a> Autoriza o Poder Executivo, a criar no \\u00e2mbito do Munic\\u00edpio de Capivari \\\/ SP, a coleta, transporte, tratamento e disposi\\u00e7\\u00e3o final de res\\u00edduos da constru\\u00e7\\u00e3o civil, e d\\u00e1 outras provid\\u00eancias.<\\\/p><p><a href=\\\"https:\\\/\\\/legislacaodigital.com.br\\\/Capivari-SP\\\/LeisOrdinarias\\\/4730-2015\\\/Arquivos\\\/1\\\" target=\\\"_blank\\\" rel=\\\"noopener\\\">LEI N\\u00b0 4.730,\\u00a0DE\\u00a02\\u00a0DE\\u00a0JUNHO\\u00a0DE\\u00a02015 &#8211;<\\\/a> Institui o Plano Municipal de Saneamento B\\u00e1sico e d\\u00e1 outras provid\\u00eancias.\\u00a0<\\\/p><p><a href=\\\"https:\\\/\\\/legislacaodigital.com.br\\\/Capivari-SP\\\/LeisOrdinarias\\\/4780-2015\\\/Arquivos\\\/1\\\" target=\\\"_blank\\\" rel=\\\"noopener\\\">LEI N\\u00b0 4.780, DE 25 DE AGOSTO DE 2015 &#8211;<\\\/a> Disp\\u00f5e sobre o monitoramento da vegeta\\u00e7\\u00e3o arb\\u00f3rea e est\\u00edmulos \\u00e0 preserva\\u00e7\\u00e3o das \\u00e1reas verdes no munic\\u00edpio de Capivari e d\\u00e1 outras provid\\u00eancias.<\\\/p><p><a href=\\\"https:\\\/\\\/legislacaodigital.com.br\\\/Capivari-SP\\\/LeisOrdinarias\\\/5281-2017\\\/Arquivos\\\/1)\\\" target=\\\"_blank\\\" rel=\\\"noopener\\\">LEI N\\u00b0 5.281, DE 31 DE OUTUBRO DE 2017 &#8211;<\\\/a> Institui a Pol\\u00edtica Municipal de\\u00a0Res\\u00edduos\\u00a0S\\u00f3lidos\\u00a0no Munic\\u00edpio de Capivari\\\/SP, como espec\\u00edfica.<\\\/p><p><a href=\\\"https:\\\/\\\/legislacaodigital.com.br\\\/Capivari-SP\\\/LeisOrdinarias\\\/6347-2022\\\/Arquivos\\\/1\\\" target=\\\"_blank\\\" rel=\\\"noopener\\\">LEI N\\u00b0 6.347, DE 13 DE SETEMBRO DE 2022 &#8211;<\\\/a> Disp\\u00f5e sobre a proibi\\u00e7\\u00e3o de queimadas nas vias p\\u00fablicas e nos im\\u00f3veis urbanos do Munic\\u00edpio de Capivari-SP, estabelece multas e d\\u00e1 outras provid\\u00eancias.\\u00a0<\\\/p>\"}},{\"@type\":\"Question\",\"name\":\"Planos e Programas\",\"acceptedAnswer\":{\"@type\":\"Answer\",\"text\":\"<p><a href=\\\"https:\\\/\\\/capivari.sp.gov.br\\\/portal\\\/wp-content\\\/uploads\\\/2025\\\/03\\\/PIGIRS-Consimares-2021.pdf\\\" target=\\\"_blank\\\" rel=\\\"noopener\\\">Plano Intermunicipal de Gest\\u00e3o Integrada de Res\\u00edduos S\\u00f3lidos \\u2013 Revis\\u00e3o 2021<\\\/a><\\\/p><p><strong>Plano Municipal de Saneamento B\\u00e1sico \\u2013 2015<\\\/strong><\\\/p><p><a href=\\\"https:\\\/\\\/capivari.sp.gov.br\\\/portal\\\/wp-content\\\/uploads\\\/2025\\\/03\\\/Relatorio-I_Sistemas-de-Indicadores.pdf\\\" target=\\\"_blank\\\" rel=\\\"noopener\\\">Relat\\u00f3rio I \\u2013 Relat\\u00f3rio de Sistema de Indicadores Sanit\\u00e1rios<\\\/a><\\\/p><p><strong>Relat\\u00f3rio II \\u2013 Relat\\u00f3rio de Diagn\\u00f3stico da Situa\\u00e7\\u00e3o<\\\/strong><\\\/p><ul><li><a href=\\\"https:\\\/\\\/capivari.sp.gov.br\\\/portal\\\/wp-content\\\/uploads\\\/2025\\\/03\\\/Tomo-I-SAA-Diagnostico.pdf\\\" target=\\\"_blank\\\" rel=\\\"noopener\\\">Tomo I \\u2013 Sistema de Abastecimento de \\u00c1gua<\\\/a><\\\/li><li><a href=\\\"https:\\\/\\\/capivari.sp.gov.br\\\/portal\\\/wp-content\\\/uploads\\\/2025\\\/03\\\/Tomo-II-SES-Diagnostico.pdf\\\" target=\\\"_blank\\\" rel=\\\"noopener\\\">Tomo II \\u2013 Sistema de Esgotamento Sanit\\u00e1rio<\\\/a><\\\/li><li><a href=\\\"https:\\\/\\\/capivari.sp.gov.br\\\/portal\\\/wp-content\\\/uploads\\\/2025\\\/03\\\/Tomo-III-DRE-Diagnostico.pdf\\\" target=\\\"_blank\\\" rel=\\\"noopener\\\">Tomo III \\u2013 Drenagem e Manejo de \\u00c1guas Pluviais<\\\/a><\\\/li><li><a href=\\\"https:\\\/\\\/capivari.sp.gov.br\\\/portal\\\/wp-content\\\/uploads\\\/2025\\\/03\\\/Tomo-IV-RES-Diagnostico.pdf\\\" target=\\\"_blank\\\" rel=\\\"noopener\\\">Tomo IV \\u2013 Limpeza Urbana e Manejo dos Res\\u00edduos S\\u00f3lidos<\\\/a><\\\/li><\\\/ul><p><strong>Relat\\u00f3rio III \\u2013 Relat\\u00f3rio de Cen\\u00e1rios Prospectivos e Concep\\u00e7\\u00e3o de Alternativas<\\\/strong><\\\/p><ul><li><a href=\\\"https:\\\/\\\/capivari.sp.gov.br\\\/portal\\\/wp-content\\\/uploads\\\/2025\\\/03\\\/Tomo-I-SAA-Cenarios-e-Concepcao.pdf\\\" target=\\\"_blank\\\" rel=\\\"noopener\\\">Tomo I \\u2013 Sistema de Abastecimento de \\u00c1gua<\\\/a><\\\/li><li><a href=\\\"https:\\\/\\\/capivari.sp.gov.br\\\/portal\\\/wp-content\\\/uploads\\\/2025\\\/03\\\/Tomo-II-SES-Cenarios-e-Concepcao.pdf\\\" target=\\\"_blank\\\" rel=\\\"noopener\\\">Tomo II \\u2013 Sistema de Esgotamento Sanit\\u00e1rio<\\\/a><\\\/li><li>Tomo III \\u2013 Drenagem e Manejo de \\u00c1guas Pluviais<\\\/li><li><a href=\\\"https:\\\/\\\/capivari.sp.gov.br\\\/portal\\\/wp-content\\\/uploads\\\/2025\\\/03\\\/Tomo-IV-RES-Cenarios-e-Concepcao.pdf\\\" target=\\\"_blank\\\" rel=\\\"noopener\\\">Tomo IV \\u2013 Limpeza Urbana e Manejo dos Res\\u00edduos S\\u00f3lidos<\\\/a><\\\/li><\\\/ul><p><a href=\\\"https:\\\/\\\/capivari.sp.gov.br\\\/portal\\\/wp-content\\\/uploads\\\/2025\\\/03\\\/Relatorio-IV_Compatibilizacao-com-Planos-Setoriais.pdf\\\" target=\\\"_blank\\\" rel=\\\"noopener\\\">Relat\\u00f3rio IV &#8211; Relat\\u00f3rio de Compatibiliza\\u00e7\\u00e3o com os Demais Planos Setoriais<\\\/a><\\\/p><p><strong>Relat\\u00f3rio V &#8211; Relat\\u00f3rio de Objetivos e Metas<\\\/strong><\\\/p><ul><li><a href=\\\"https:\\\/\\\/capivari.sp.gov.br\\\/portal\\\/wp-content\\\/uploads\\\/2025\\\/03\\\/Tomo-I-SAA-Objetivos-e-Metas.pdf\\\" target=\\\"_blank\\\" rel=\\\"noopener\\\">Tomo I \\u2013 Sistema de Abastecimento de \\u00c1gua<\\\/a><\\\/li><li><a href=\\\"https:\\\/\\\/capivari.sp.gov.br\\\/portal\\\/wp-content\\\/uploads\\\/2025\\\/03\\\/Tomo-II-SES-Objetivos-e-Metas.pdf\\\" target=\\\"_blank\\\" rel=\\\"noopener\\\">Tomo II \\u2013 Sistema de Esgotamento Sanit\\u00e1rio<\\\/a><\\\/li><li><a href=\\\"https:\\\/\\\/capivari.sp.gov.br\\\/portal\\\/wp-content\\\/uploads\\\/2025\\\/03\\\/Tomo-III-DRE-Objetivos-e-Metas.pdf\\\" target=\\\"_blank\\\" rel=\\\"noopener\\\">Tomo III \\u2013 Drenagem e Manejo de \\u00c1guas Pluviais<\\\/a><\\\/li><li><a href=\\\"https:\\\/\\\/capivari.sp.gov.br\\\/portal\\\/wp-content\\\/uploads\\\/2025\\\/03\\\/Tomo-IV-RES-Objetivos-e-Metas.pdf\\\" target=\\\"_blank\\\" rel=\\\"noopener\\\">Tomo IV \\u2013 Limpeza Urbana e Manejo dos Res\\u00edduos S\\u00f3lidos<\\\/a><\\\/li><\\\/ul><p><strong>Relat\\u00f3rio VI &#8211; Relat\\u00f3rio de A\\u00e7\\u00f5es para Emerg\\u00eancia e Conting\\u00eancias<\\\/strong><\\\/p><ul><li><a href=\\\"https:\\\/\\\/capivari.sp.gov.br\\\/portal\\\/wp-content\\\/uploads\\\/2025\\\/03\\\/Tomo-I-SAA-Acoes-para-Emergencias-e-Contingencias.pdf\\\" target=\\\"_blank\\\" rel=\\\"noopener\\\">Tomo I \\u2013 Sistema de Abastecimento de \\u00c1gua<\\\/a><\\\/li><li><a href=\\\"https:\\\/\\\/capivari.sp.gov.br\\\/portal\\\/wp-content\\\/uploads\\\/2025\\\/03\\\/Tomo-II-SES-Acoes-para-Emergencias-e-Contingencias.pdf\\\" target=\\\"_blank\\\" rel=\\\"noopener\\\">Tomo II \\u2013 Sistema de Esgotamento Sanit\\u00e1rio<\\\/a><\\\/li><li><a href=\\\"https:\\\/\\\/capivari.sp.gov.br\\\/portal\\\/wp-content\\\/uploads\\\/2025\\\/03\\\/Tomo-III-DRE-Acoes-para-Emergencias-e-Contingencias.pdf\\\" target=\\\"_blank\\\" rel=\\\"noopener\\\">Tomo III \\u2013 Drenagem e Manejo de \\u00c1guas Pluviais<\\\/a><\\\/li><li><a href=\\\"https:\\\/\\\/capivari.sp.gov.br\\\/portal\\\/wp-content\\\/uploads\\\/2025\\\/03\\\/Tomo-IV-RES-Acoes-para-Emergencias-e-Contingencias.pdf\\\" target=\\\"_blank\\\" rel=\\\"noopener\\\">Tomo IV \\u2013 Limpeza Urbana e Manejo dos Res\\u00edduos S\\u00f3lidos<\\\/a><\\\/li><\\\/ul><p><strong>Relat\\u00f3rio VII &#8211; Relat\\u00f3rio de Mecanismos e Procedimentos para Avalia\\u00e7\\u00e3o<\\\/strong><\\\/p><ul><li><a href=\\\"https:\\\/\\\/capivari.sp.gov.br\\\/portal\\\/wp-content\\\/uploads\\\/2025\\\/03\\\/Tomo-I-SAA-Mecanismos-e-procedimentos-de-avaliacao.pdf\\\" target=\\\"_blank\\\" rel=\\\"noopener\\\">Tomo I \\u2013 Sistema de Abastecimento de \\u00c1gua<\\\/a><\\\/li><li><a href=\\\"https:\\\/\\\/capivari.sp.gov.br\\\/portal\\\/wp-content\\\/uploads\\\/2025\\\/03\\\/Tomo-II-SES-Mecanismos-e-procedimentos-de-avaliacao.pdf\\\" target=\\\"_blank\\\" rel=\\\"noopener\\\">Tomo II \\u2013 Sistema de Esgotamento Sanit\\u00e1rio<\\\/a><\\\/li><li><a href=\\\"https:\\\/\\\/capivari.sp.gov.br\\\/portal\\\/wp-content\\\/uploads\\\/2025\\\/03\\\/Tomo-III-DRE-Mecanismos-e-procedimentos-de-avaliacao.pdf\\\" target=\\\"_blank\\\" rel=\\\"noopener\\\">Tomo III \\u2013 Drenagem e Manejo de \\u00c1guas Pluviais<\\\/a><\\\/li><li><a href=\\\"https:\\\/\\\/capivari.sp.gov.br\\\/portal\\\/wp-content\\\/uploads\\\/2025\\\/03\\\/Tomo-IV-RES-Mecanismos-e-procedimentos-de-avaliacao.pdf\\\" target=\\\"_blank\\\" rel=\\\"noopener\\\">Tomo IV \\u2013 Limpeza Urbana e Manejo dos Res\\u00edduos S\\u00f3lidos<\\\/a><\\\/li><\\\/ul><p><strong>Relat\\u00f3rio VIII &#8211; Relat\\u00f3rio Final do Comp\\u00eandio do PMSB<\\\/strong><\\\/p><ul><li><a href=\\\"https:\\\/\\\/capivari.sp.gov.br\\\/portal\\\/wp-content\\\/uploads\\\/2025\\\/03\\\/Tomo-I-SAA-Relatorio-Final.pdf\\\" target=\\\"_blank\\\" rel=\\\"noopener\\\">Tomo I \\u2013 Sistema de Abastecimento de \\u00c1gua<\\\/a><\\\/li><li><a href=\\\"https:\\\/\\\/capivari.sp.gov.br\\\/portal\\\/wp-content\\\/uploads\\\/2025\\\/03\\\/Tomo-II-SES-Relatorio-Final.pdf\\\" target=\\\"_blank\\\" rel=\\\"noopener\\\">Tomo II \\u2013 Sistema de Esgotamento Sanit\\u00e1rio<\\\/a><\\\/li><li><a href=\\\"https:\\\/\\\/capivari.sp.gov.br\\\/portal\\\/wp-content\\\/uploads\\\/2025\\\/03\\\/Tomo-III-DRE-Relatorio-Final.pdf\\\" target=\\\"_blank\\\" rel=\\\"noopener\\\">Tomo III \\u2013 Drenagem e Manejo de \\u00c1guas Pluviais<\\\/a><\\\/li><li><a href=\\\"https:\\\/\\\/capivari.sp.gov.br\\\/portal\\\/wp-content\\\/uploads\\\/2025\\\/03\\\/Tomo-IV-RES-Relatorio-Final.pdf\\\" target=\\\"_blank\\\" rel=\\\"noopener\\\">Tomo IV \\u2013 Limpeza Urbana e Manejo dos Res\\u00edduos S\\u00f3lidos<\\\/a><\\\/li><\\\/ul>\"}},{\"@type\":\"Question\",\"name\":\"Endere\\u00e7os e Telefones\",\"acceptedAnswer\":{\"@type\":\"Answer\",\"text\":\"<p>A sede da Secretaria de Meio Ambiente e Agricultura fica no Parque Ecol\\u00f3gico Murilo Ferreira Carnicelli, entrada pela Rua \\u00c9rico Ver\\u00edssimo.<\\\/p><p><strong>GoogleMaps:<\\\/strong> <a href=\\\"https:\\\/\\\/maps.app.goo.gl\\\/rECtTBobmjc9kZjYA\\\" target=\\\"_blank\\\" rel=\\\"noopener\\\">https:\\\/\\\/maps.app.goo.gl\\\/rECtTBobmjc9kZjYA<\\\/a><\\\/p><p><strong>Telefone<\\\/strong> (19) 3492-0116<\\\/p><p><strong>E-mail:<\\\/strong> <a href=\\\"mailto:ambiente.capivari@gmail.com\\\">ambiente.capivari@gmail.com<\\\/a><\\\/p>\"}},{\"@type\":\"Question\",\"name\":\"Servi\\u00e7os Disponibilizados\",\"acceptedAnswer\":{\"@type\":\"Answer\",\"text\":\"<p>1 \\u2013 DOA\\u00c7\\u00c3O DE MUDAS DE \\u00c1RVORES (NATIVAS E FRUT\\u00cdFERAS)<\\\/p><p>2 \\u2013 PROGRAMA \\u201cADOTE ESTA \\u00c1REA\\u201d (TEMPORARIAMENTE SUSPENSO PARA NOVOS CONTRATOS)<\\\/p><p>3 \\u2013 PALESTRAS E A\\u00c7\\u00d5ES VOLUNT\\u00c1RIAS DE EDUCA\\u00c7\\u00c3O AMBIENTAL<\\\/p><p>4 \\u2013 MANIFESTA\\u00c7\\u00c3O AMBIENTAL (PARA FINS DE LICENCIAMENTO AMBIENTAL ESTADUAL OU SOBRE SITUA\\u00c7\\u00d5ES QUE ENVOLVAM MEIO AMBIENTE)<\\\/p><p>5 \\u2013 CERTID\\u00c3O DE TRATAMENTO AC\\u00daSTICO ADEQUADO<\\\/p><p>6 \\u2013 AUTORIZA\\u00c7\\u00c3O PARA PODA DE \\u00c1RVORE<\\\/p><p>7 \\u2013 AUTORIZA\\u00c7\\u00c3O PARA CORTE DE \\u00c1RVORE<\\\/p><p>7.1 \\u2013 \\u00c1RVORE EM VIA P\\u00daBLICA (CAL\\u00c7ADA\\\/\\u00c1REA VERDE P\\u00daBLICA)<\\\/p><p>7.2 \\u2013 \\u00c1RVORE EM LOTE\\\/PROPRIEDADE PARTICULAR<\\\/p><p>8 \\u2013 LICENCIAMENTO AMBIENTAL MUNICIPAL<\\\/p><p>8.1 \\u2013 LICEN\\u00c7A PR\\u00c9VIA (LP)<\\\/p><p>8.2 \\u2013 LICEN\\u00c7A DE INSTALA\\u00c7\\u00c3O (LI)<\\\/p><p>8.3 \\u2013 LICEN\\u00c7A DE OPERA\\u00c7\\u00c3O (LO)<\\\/p><p>8.4 \\u2013 AUTORIZA\\u00c7\\u00c3O PARA INTERVEN\\u00c7\\u00c3O EM APP\\\/CORTE DE \\u00c1RVORES ISOLADAS EM APP<\\\/p><p>9 \\u2013 FISCALIZA\\u00c7\\u00c3O AMBIENTAL<\\\/p><p>10 \\u2013 RECURSOS ADMINISTRATIVOS<\\\/p>\"}},{\"@type\":\"Question\",\"name\":\"Hor\\u00e1rio de Atendimento ao P\\u00fablico\",\"acceptedAnswer\":{\"@type\":\"Answer\",\"text\":\"<p>O hor\\u00e1rio de atendimento ao p\\u00fablico \\u00e9 de segunda a sexta-feira, das 08h00 \\u00e0s 11h00 e das 13h00 \\u00e0s 16h00.<\\\/p>\"}}]}<\/script>\n\t\t\t\t\t<\/div>\n\t\t\t\t\t\t<\/div>\n\t\t\t\t<\/div>\n\t\t\t\t\t<\/div>\n\t\t<\/div>\n\t\t\t\t\t<\/div>\n\t\t<\/section>\n\t\t\t\t<section class=\"elementor-section elementor-top-section elementor-element elementor-element-c4da400 elementor-section-stretched elementor-section-boxed elementor-section-height-default elementor-section-height-default\" data-id=\"c4da400\" data-element_type=\"section\" data-e-type=\"section\" data-settings=\"{&quot;stretch_section&quot;:&quot;section-stretched&quot;}\">\n\t\t\t\t\t\t<div class=\"elementor-container elementor-column-gap-default\">\n\t\t\t\t\t<div class=\"elementor-column elementor-col-100 elementor-top-column elementor-element elementor-element-08e906a\" data-id=\"08e906a\" data-element_type=\"column\" data-e-type=\"column\">\n\t\t\t<div class=\"elementor-widget-wrap elementor-element-populated\">\n\t\t\t\t\t\t<div class=\"elementor-element elementor-element-ed20cf5 elementor-widget elementor-widget-heading\" data-id=\"ed20cf5\" data-element_type=\"widget\" data-e-type=\"widget\" data-widget_type=\"heading.default\">\n\t\t\t\t<div class=\"elementor-widget-container\">\n\t\t\t\t\t<h2 class=\"elementor-heading-title elementor-size-default\">SERVI\u00c7OS DISPONIBILIZADOS PELA SECRETARIA DE MEIO AMBIENTE E AGRICULTURA (SMAA)<\/h2>\t\t\t\t<\/div>\n\t\t\t\t<\/div>\n\t\t\t\t\t<\/div>\n\t\t<\/div>\n\t\t\t\t\t<\/div>\n\t\t<\/section>\n\t\t\t\t<section class=\"elementor-section elementor-top-section elementor-element elementor-element-cf9b15f elementor-section-stretched elementor-section-boxed elementor-section-height-default elementor-section-height-default\" data-id=\"cf9b15f\" data-element_type=\"section\" data-e-type=\"section\" data-settings=\"{&quot;stretch_section&quot;:&quot;section-stretched&quot;}\">\n\t\t\t\t\t\t<div class=\"elementor-container elementor-column-gap-default\">\n\t\t\t\t\t<div class=\"elementor-column elementor-col-100 elementor-top-column elementor-element elementor-element-baa7e39\" data-id=\"baa7e39\" data-element_type=\"column\" data-e-type=\"column\">\n\t\t\t<div class=\"elementor-widget-wrap elementor-element-populated\">\n\t\t\t\t\t\t<div class=\"elementor-element elementor-element-3d2a109 elementor-widget elementor-widget-accordion\" data-id=\"3d2a109\" data-element_type=\"widget\" data-e-type=\"widget\" data-widget_type=\"accordion.default\">\n\t\t\t\t<div class=\"elementor-widget-container\">\n\t\t\t\t\t\t\t<div class=\"elementor-accordion\">\n\t\t\t\t\t\t\t<div class=\"elementor-accordion-item\">\n\t\t\t\t\t<div id=\"elementor-tab-title-6411\" class=\"elementor-tab-title\" data-tab=\"1\" role=\"button\" aria-controls=\"elementor-tab-content-6411\" aria-expanded=\"false\">\n\t\t\t\t\t\t\t\t\t\t\t\t\t<span class=\"elementor-accordion-icon elementor-accordion-icon-right\" aria-hidden=\"true\">\n\t\t\t\t\t\t\t\t\t\t\t\t\t\t\t<span class=\"elementor-accordion-icon-closed\"><svg class=\"e-font-icon-svg e-fas-plus\" viewBox=\"0 0 448 512\" xmlns=\"http:\/\/www.w3.org\/2000\/svg\"><path d=\"M416 208H272V64c0-17.67-14.33-32-32-32h-32c-17.67 0-32 14.33-32 32v144H32c-17.67 0-32 14.33-32 32v32c0 17.67 14.33 32 32 32h144v144c0 17.67 14.33 32 32 32h32c17.67 0 32-14.33 32-32V304h144c17.67 0 32-14.33 32-32v-32c0-17.67-14.33-32-32-32z\"><\/path><\/svg><\/span>\n\t\t\t\t\t\t\t\t<span class=\"elementor-accordion-icon-opened\"><svg class=\"e-font-icon-svg e-fas-minus\" viewBox=\"0 0 448 512\" xmlns=\"http:\/\/www.w3.org\/2000\/svg\"><path d=\"M416 208H32c-17.67 0-32 14.33-32 32v32c0 17.67 14.33 32 32 32h384c17.67 0 32-14.33 32-32v-32c0-17.67-14.33-32-32-32z\"><\/path><\/svg><\/span>\n\t\t\t\t\t\t\t\t\t\t\t\t\t\t<\/span>\n\t\t\t\t\t\t\t\t\t\t\t\t<a class=\"elementor-accordion-title\" tabindex=\"0\"><\/a>\n\t\t\t\t\t<\/div>\n\t\t\t\t\t<div id=\"elementor-tab-content-6411\" class=\"elementor-tab-content elementor-clearfix\" data-tab=\"1\" role=\"region\" aria-labelledby=\"elementor-tab-title-6411\"><\/div>\n\t\t\t\t<\/div>\n\t\t\t\t\t\t\t<div class=\"elementor-accordion-item\">\n\t\t\t\t\t<div id=\"elementor-tab-title-6412\" class=\"elementor-tab-title\" data-tab=\"2\" role=\"button\" aria-controls=\"elementor-tab-content-6412\" aria-expanded=\"false\">\n\t\t\t\t\t\t\t\t\t\t\t\t\t<span class=\"elementor-accordion-icon elementor-accordion-icon-right\" aria-hidden=\"true\">\n\t\t\t\t\t\t\t\t\t\t\t\t\t\t\t<span class=\"elementor-accordion-icon-closed\"><svg class=\"e-font-icon-svg e-fas-plus\" viewBox=\"0 0 448 512\" xmlns=\"http:\/\/www.w3.org\/2000\/svg\"><path d=\"M416 208H272V64c0-17.67-14.33-32-32-32h-32c-17.67 0-32 14.33-32 32v144H32c-17.67 0-32 14.33-32 32v32c0 17.67 14.33 32 32 32h144v144c0 17.67 14.33 32 32 32h32c17.67 0 32-14.33 32-32V304h144c17.67 0 32-14.33 32-32v-32c0-17.67-14.33-32-32-32z\"><\/path><\/svg><\/span>\n\t\t\t\t\t\t\t\t<span class=\"elementor-accordion-icon-opened\"><svg class=\"e-font-icon-svg e-fas-minus\" viewBox=\"0 0 448 512\" xmlns=\"http:\/\/www.w3.org\/2000\/svg\"><path d=\"M416 208H32c-17.67 0-32 14.33-32 32v32c0 17.67 14.33 32 32 32h384c17.67 0 32-14.33 32-32v-32c0-17.67-14.33-32-32-32z\"><\/path><\/svg><\/span>\n\t\t\t\t\t\t\t\t\t\t\t\t\t\t<\/span>\n\t\t\t\t\t\t\t\t\t\t\t\t<a class=\"elementor-accordion-title\" tabindex=\"0\">Doa\u00e7\u00e3o de mudas de \u00e1rvores (nativas e frut\u00edferas)<\/a>\n\t\t\t\t\t<\/div>\n\t\t\t\t\t<div id=\"elementor-tab-content-6412\" class=\"elementor-tab-content elementor-clearfix\" data-tab=\"2\" role=\"region\" aria-labelledby=\"elementor-tab-title-6412\"><p><strong>O QUE \u00c9:<br \/><\/strong>Doa\u00e7\u00e3o de mudas produzidas no Viveiro Municipal, com o objetivo de incentivar o plantio, aumentar a arboriza\u00e7\u00e3o na \u00e1rea urbana e conscientizar a popula\u00e7\u00e3o sobre os benef\u00edcios das \u00e1rvores. Cada morador da cidade pode retirar at\u00e9 4 mudas por m\u00eas, com a apresenta\u00e7\u00e3o de documento de identidade.<\/p><p><strong>HOR\u00c1RIO DE ATENDIMENTO DO VIVEIRO MUNICIPAL:<br \/><\/strong>De segunda \u00e0 sexta, de 07:30 \u00e0s 11:00h e de 12:30 \u00e0s 15:30h.<\/p><p><strong>ENDERE\u00c7O:<br \/><\/strong>Rua dos Geradores, s\/n. Bairro Esta\u00e7\u00e3o.<\/p><p><strong>Localiza\u00e7\u00e3o:<\/strong> <br \/><a href=\"https:\/\/maps.app.goo.gl\/VoqgWBSdqpcmuLXF9\" target=\"_blank\" rel=\"noopener\">https:\/\/maps.app.goo.gl\/VoqgWBSdqpcmuLXF9<\/a><\/p><p><strong>DOCUMENTOS NECESS\u00c1RIOS:<\/strong><\/p><ul><li>Apresentar RG no momento da retirada das mudas.<\/li><\/ul><p><strong>TAXAS:<br \/><\/strong><strong>N\u00e3o se aplica.<\/strong><\/p><\/div>\n\t\t\t\t<\/div>\n\t\t\t\t\t\t\t<div class=\"elementor-accordion-item\">\n\t\t\t\t\t<div id=\"elementor-tab-title-6413\" class=\"elementor-tab-title\" data-tab=\"3\" role=\"button\" aria-controls=\"elementor-tab-content-6413\" aria-expanded=\"false\">\n\t\t\t\t\t\t\t\t\t\t\t\t\t<span class=\"elementor-accordion-icon elementor-accordion-icon-right\" aria-hidden=\"true\">\n\t\t\t\t\t\t\t\t\t\t\t\t\t\t\t<span class=\"elementor-accordion-icon-closed\"><svg class=\"e-font-icon-svg e-fas-plus\" viewBox=\"0 0 448 512\" xmlns=\"http:\/\/www.w3.org\/2000\/svg\"><path d=\"M416 208H272V64c0-17.67-14.33-32-32-32h-32c-17.67 0-32 14.33-32 32v144H32c-17.67 0-32 14.33-32 32v32c0 17.67 14.33 32 32 32h144v144c0 17.67 14.33 32 32 32h32c17.67 0 32-14.33 32-32V304h144c17.67 0 32-14.33 32-32v-32c0-17.67-14.33-32-32-32z\"><\/path><\/svg><\/span>\n\t\t\t\t\t\t\t\t<span class=\"elementor-accordion-icon-opened\"><svg class=\"e-font-icon-svg e-fas-minus\" viewBox=\"0 0 448 512\" xmlns=\"http:\/\/www.w3.org\/2000\/svg\"><path d=\"M416 208H32c-17.67 0-32 14.33-32 32v32c0 17.67 14.33 32 32 32h384c17.67 0 32-14.33 32-32v-32c0-17.67-14.33-32-32-32z\"><\/path><\/svg><\/span>\n\t\t\t\t\t\t\t\t\t\t\t\t\t\t<\/span>\n\t\t\t\t\t\t\t\t\t\t\t\t<a class=\"elementor-accordion-title\" tabindex=\"0\">Programa \u201cAdote esta \u00c1rea\u201d<\/a>\n\t\t\t\t\t<\/div>\n\t\t\t\t\t<div id=\"elementor-tab-content-6413\" class=\"elementor-tab-content elementor-clearfix\" data-tab=\"3\" role=\"region\" aria-labelledby=\"elementor-tab-title-6413\"><p><strong>O QUE \u00c9:<\/strong><br \/>Programa municipal com o objetivo de concretizar parcerias para servi\u00e7os de implanta\u00e7\u00e3o, revitaliza\u00e7\u00e3o e manuten\u00e7\u00e3o de \u00e1reas verdes, pra\u00e7as e demais espa\u00e7os livres do munic\u00edpio.<\/p><p><strong>PRAZO PARA RESPOSTA:<\/strong><br \/>30 dias (contados a partir da entrega de toda a documenta\u00e7\u00e3o necess\u00e1ria).<\/p><p><strong>DOCUMENTOS NECESS\u00c1RIOS:<\/strong><\/p><ul><li><u>Requerimento<\/u> preenchido e assinado pelo solicitante;<\/li><li>C\u00f3pia do RG e CPF do solicitante, no caso de Pessoa F\u00edsica;<\/li><li>C\u00f3pia do CNPJ, no caso de Pessoa Jur\u00eddica, juntamente com c\u00f3pia do RG e CPF do representante legal;<\/li><li>Comprovante de endere\u00e7o do solicitante;<\/li><li>Croqui de localiza\u00e7\u00e3o da \u00e1rea a ser adotada;<\/li><li>Projeto simplificado de inten\u00e7\u00e3o de uso, elaborado conforme <em>Diretrizes do Programa Adote Esta \u00c1rea<\/em>, elaborado pela Secretaria de Meio Ambiente e Agricultura.<\/li><\/ul><p>Obs.: A Secretaria de Meio Ambiente e Agricultura poder\u00e1 solicitar informa\u00e7\u00f5es complementares, se necess\u00e1rio.<\/p><p><strong>TAXAS:<br \/><\/strong><strong>N\u00e3o se aplica.<\/strong><\/p><p><strong>COMO SOLICITAR:<br \/><\/strong>Toda a documenta\u00e7\u00e3o deve ser entregue no Protocolo da Prefeitura, situado no Ganha Tempo, na Rua Tiradentes, 283, Centro.<\/p><p><strong>DOCUMENTOS PARA DOWNLOAD:<\/strong><\/p><p><a href=\"https:\/\/capivari.sp.gov.br\/portal\/wp-content\/uploads\/2025\/03\/REQUERIMENTO_ADOTE-ESTA-AREA.docm\" target=\"_blank\" rel=\"noopener\">Requerimento<\/a><\/p><p><a href=\"https:\/\/capivari.sp.gov.br\/portal\/wp-content\/uploads\/2025\/03\/DIRETRIZES-DO-PROGRAMA-ADOTE-ESTA-AREA.pdf\" target=\"_blank\" rel=\"noopener\">Diretrizes do Programa \u201cAdote Esta \u00c1rea\u201d<\/a><\/p><p><strong>LEGISLA\u00c7\u00c3O:<\/strong><\/p><p><a href=\"https:\/\/legislacaodigital.com.br\/Capivari-SP\/LeisOrdinarias\/3057-2005\">Lei Municipal n\u00ba 3057, de 10 de mar\u00e7o de 2005<\/a><\/p><p><a href=\"https:\/\/legislacaodigital.com.br\/Capivari-SP\/LeisOrdinarias\/3532-2009\">Lei Municipal n\u00ba 3532, de 07 de julho de 2009<\/a><\/p><\/div>\n\t\t\t\t<\/div>\n\t\t\t\t\t\t\t<div class=\"elementor-accordion-item\">\n\t\t\t\t\t<div id=\"elementor-tab-title-6414\" class=\"elementor-tab-title\" data-tab=\"4\" role=\"button\" aria-controls=\"elementor-tab-content-6414\" aria-expanded=\"false\">\n\t\t\t\t\t\t\t\t\t\t\t\t\t<span class=\"elementor-accordion-icon elementor-accordion-icon-right\" aria-hidden=\"true\">\n\t\t\t\t\t\t\t\t\t\t\t\t\t\t\t<span class=\"elementor-accordion-icon-closed\"><svg class=\"e-font-icon-svg e-fas-plus\" viewBox=\"0 0 448 512\" xmlns=\"http:\/\/www.w3.org\/2000\/svg\"><path d=\"M416 208H272V64c0-17.67-14.33-32-32-32h-32c-17.67 0-32 14.33-32 32v144H32c-17.67 0-32 14.33-32 32v32c0 17.67 14.33 32 32 32h144v144c0 17.67 14.33 32 32 32h32c17.67 0 32-14.33 32-32V304h144c17.67 0 32-14.33 32-32v-32c0-17.67-14.33-32-32-32z\"><\/path><\/svg><\/span>\n\t\t\t\t\t\t\t\t<span class=\"elementor-accordion-icon-opened\"><svg class=\"e-font-icon-svg e-fas-minus\" viewBox=\"0 0 448 512\" xmlns=\"http:\/\/www.w3.org\/2000\/svg\"><path d=\"M416 208H32c-17.67 0-32 14.33-32 32v32c0 17.67 14.33 32 32 32h384c17.67 0 32-14.33 32-32v-32c0-17.67-14.33-32-32-32z\"><\/path><\/svg><\/span>\n\t\t\t\t\t\t\t\t\t\t\t\t\t\t<\/span>\n\t\t\t\t\t\t\t\t\t\t\t\t<a class=\"elementor-accordion-title\" tabindex=\"0\">Palestras e a\u00e7\u00f5es volunt\u00e1rias de educa\u00e7\u00e3o ambiental<\/a>\n\t\t\t\t\t<\/div>\n\t\t\t\t\t<div id=\"elementor-tab-content-6414\" class=\"elementor-tab-content elementor-clearfix\" data-tab=\"4\" role=\"region\" aria-labelledby=\"elementor-tab-title-6414\"><p><strong>O QUE \u00c9:<br \/><\/strong>Realiza\u00e7\u00e3o de palestras educativas voltadas \u00e0 conscientiza\u00e7\u00e3o ambiental, priorizando temas como a import\u00e2ncia da arboriza\u00e7\u00e3o urbana, preserva\u00e7\u00e3o de \u00e1reas verdes, uso racional da \u00e1gua, gest\u00e3o de res\u00edduos s\u00f3lidos (coleta seletiva, reciclagem e compostagem), mudan\u00e7as clim\u00e1ticas, dentre outros, adaptados ao p\u00fablico-alvo.<\/p><p><strong>COMO SOLICITAR:<br \/><\/strong>Escolas, empresas ou institui\u00e7\u00f5es interessadas devem entrar em contato com a Secretaria de Meio Ambiente e Agricultura atrav\u00e9s do e-mail <a href=\"mailto:ambiente.capivari@gmail.com\">ambiente.capivari@gmail.com<\/a>.<\/p><p><strong>TAXAS:<br \/><\/strong><strong>N\u00e3o se aplica.<\/strong><\/p><\/div>\n\t\t\t\t<\/div>\n\t\t\t\t\t\t\t<div class=\"elementor-accordion-item\">\n\t\t\t\t\t<div id=\"elementor-tab-title-6415\" class=\"elementor-tab-title\" data-tab=\"5\" role=\"button\" aria-controls=\"elementor-tab-content-6415\" aria-expanded=\"false\">\n\t\t\t\t\t\t\t\t\t\t\t\t\t<span class=\"elementor-accordion-icon elementor-accordion-icon-right\" aria-hidden=\"true\">\n\t\t\t\t\t\t\t\t\t\t\t\t\t\t\t<span class=\"elementor-accordion-icon-closed\"><svg class=\"e-font-icon-svg e-fas-plus\" viewBox=\"0 0 448 512\" xmlns=\"http:\/\/www.w3.org\/2000\/svg\"><path d=\"M416 208H272V64c0-17.67-14.33-32-32-32h-32c-17.67 0-32 14.33-32 32v144H32c-17.67 0-32 14.33-32 32v32c0 17.67 14.33 32 32 32h144v144c0 17.67 14.33 32 32 32h32c17.67 0 32-14.33 32-32V304h144c17.67 0 32-14.33 32-32v-32c0-17.67-14.33-32-32-32z\"><\/path><\/svg><\/span>\n\t\t\t\t\t\t\t\t<span class=\"elementor-accordion-icon-opened\"><svg class=\"e-font-icon-svg e-fas-minus\" viewBox=\"0 0 448 512\" xmlns=\"http:\/\/www.w3.org\/2000\/svg\"><path d=\"M416 208H32c-17.67 0-32 14.33-32 32v32c0 17.67 14.33 32 32 32h384c17.67 0 32-14.33 32-32v-32c0-17.67-14.33-32-32-32z\"><\/path><\/svg><\/span>\n\t\t\t\t\t\t\t\t\t\t\t\t\t\t<\/span>\n\t\t\t\t\t\t\t\t\t\t\t\t<a class=\"elementor-accordion-title\" tabindex=\"0\">Manifesta\u00e7\u00e3o ambiental<\/a>\n\t\t\t\t\t<\/div>\n\t\t\t\t\t<div id=\"elementor-tab-content-6415\" class=\"elementor-tab-content elementor-clearfix\" data-tab=\"5\" role=\"region\" aria-labelledby=\"elementor-tab-title-6415\"><p><strong>O QUE \u00c9:<\/strong><br \/>Documento emitido pela Secretaria de Meio Ambiente e Agricultura relativo aos potenciais impactos ambientais do empreendimento ou atividade objeto de licenciamento ambiental de compet\u00eancia estadual (CETESB-SP), ou manifesta\u00e7\u00e3o em rela\u00e7\u00e3o a situa\u00e7\u00f5es espec\u00edficas e particulares tais como incid\u00eancia de \u00e1rea de preserva\u00e7\u00e3o permanente (APP), restri\u00e7\u00f5es em virtude das leis ambientais municipais, dentre outras.<\/p><p>Obs.: A Manifesta\u00e7\u00e3o Ambiental tem validade de 180 dias.<\/p><p><strong>PRAZO PARA RESPOSTA:<br \/><\/strong>30 dias (contados a partir da entrega de toda a documenta\u00e7\u00e3o necess\u00e1ria).<\/p><p><strong>DOCUMENTOS NECESS\u00c1RIOS:<\/strong><\/p><ul><li><u>Requerimento<\/u> preenchido e assinado pelo propriet\u00e1rio do im\u00f3vel;<\/li><li>C\u00f3pia do RG e CPF do propriet\u00e1rio do im\u00f3vel, no caso de Pessoa F\u00edsica;<\/li><li>C\u00f3pia do CNPJ e do Contrato Social, no caso de Pessoa Jur\u00eddica, juntamente com c\u00f3pia do RG e CPF do representante legal;<\/li><li>C\u00f3pia do espelho do IPTU para im\u00f3vel urbano, ou ITR e matr\u00edcula para im\u00f3vel rural;<\/li><li>Certid\u00e3o de matr\u00edcula do im\u00f3vel;<\/li><li>Croqui com a localiza\u00e7\u00e3o do im\u00f3vel, contendo elementos de refer\u00eancia (como ruas, parques, etc.);<\/li><li>Descri\u00e7\u00e3o sucinta da atividade a ser desenvolvida no local, com informa\u00e7\u00f5es pertinentes ao enquadramento da atividade, como c\u00f3digo CNAE, n\u00famero de funcion\u00e1rios, hor\u00e1rios e turnos de trabalho, estimativa de atendimentos di\u00e1rios, emiss\u00e3o de radia\u00e7\u00e3o, odores, gases, vapores ou material particulado, maquin\u00e1rios, equipamentos e materiais utilizados, etc.<\/li><\/ul><p>Obs.: A Secretaria de Meio Ambiente e Agricultura poder\u00e1 solicitar informa\u00e7\u00f5es complementares, se necess\u00e1rio.<\/p><p><strong>TAXAS:<br \/><\/strong><strong>N\u00e3o se aplica.<\/strong><\/p><p><strong>COMO SOLICITAR:<br \/><\/strong>Toda a documenta\u00e7\u00e3o deve ser entregue no Protocolo da Prefeitura, situado no Ganha Tempo, na Rua Tiradentes, 283, Centro.<\/p><p><strong>DOCUMENTOS PARA DOWNLOAD:<\/strong><\/p><p><a href=\"https:\/\/capivari.sp.gov.br\/portal\/wp-content\/uploads\/2025\/03\/REQUERIMENTO_MANIFESTACAO-AMBIENTAL.doc\" target=\"_blank\" rel=\"noopener\">Requerimento<\/a><\/p><p><strong>LEGISLA\u00c7\u00c3O:<\/strong><\/p><p><a href=\"https:\/\/conama.mma.gov.br\/?option=com_sisconama&amp;task=arquivo.download&amp;id=237\">Resolu\u00e7\u00e3o CONAMA n\u00ba 237, de 19 de dezembro de 1997<\/a><\/p><p><a href=\"https:\/\/smastr16.blob.core.windows.net\/legislacao\/sites\/262\/2022\/07\/2009resolucao_sma_022_2009-1.pdf\">Resolu\u00e7\u00e3o SMA n\u00ba 22, de 15 de abril de 2009<\/a><\/p><\/div>\n\t\t\t\t<\/div>\n\t\t\t\t\t\t\t<div class=\"elementor-accordion-item\">\n\t\t\t\t\t<div id=\"elementor-tab-title-6416\" class=\"elementor-tab-title\" data-tab=\"6\" role=\"button\" aria-controls=\"elementor-tab-content-6416\" aria-expanded=\"false\">\n\t\t\t\t\t\t\t\t\t\t\t\t\t<span class=\"elementor-accordion-icon elementor-accordion-icon-right\" aria-hidden=\"true\">\n\t\t\t\t\t\t\t\t\t\t\t\t\t\t\t<span class=\"elementor-accordion-icon-closed\"><svg class=\"e-font-icon-svg e-fas-plus\" viewBox=\"0 0 448 512\" xmlns=\"http:\/\/www.w3.org\/2000\/svg\"><path d=\"M416 208H272V64c0-17.67-14.33-32-32-32h-32c-17.67 0-32 14.33-32 32v144H32c-17.67 0-32 14.33-32 32v32c0 17.67 14.33 32 32 32h144v144c0 17.67 14.33 32 32 32h32c17.67 0 32-14.33 32-32V304h144c17.67 0 32-14.33 32-32v-32c0-17.67-14.33-32-32-32z\"><\/path><\/svg><\/span>\n\t\t\t\t\t\t\t\t<span class=\"elementor-accordion-icon-opened\"><svg class=\"e-font-icon-svg e-fas-minus\" viewBox=\"0 0 448 512\" xmlns=\"http:\/\/www.w3.org\/2000\/svg\"><path d=\"M416 208H32c-17.67 0-32 14.33-32 32v32c0 17.67 14.33 32 32 32h384c17.67 0 32-14.33 32-32v-32c0-17.67-14.33-32-32-32z\"><\/path><\/svg><\/span>\n\t\t\t\t\t\t\t\t\t\t\t\t\t\t<\/span>\n\t\t\t\t\t\t\t\t\t\t\t\t<a class=\"elementor-accordion-title\" tabindex=\"0\">Certid\u00e3o de tratamento ac\u00fastico adequado<\/a>\n\t\t\t\t\t<\/div>\n\t\t\t\t\t<div id=\"elementor-tab-content-6416\" class=\"elementor-tab-content elementor-clearfix\" data-tab=\"6\" role=\"region\" aria-labelledby=\"elementor-tab-title-6416\"><p><strong>O QUE \u00c9:<\/strong><br \/>A Certid\u00e3o de Tratamento Ac\u00fastico Adequado \u00e9 o documento que atesta que o estabelecimento\/empreendimento passou por per\u00edcia, realizada por profissional habilitado, onde foram medidos os n\u00edveis de ru\u00eddo durante o funcionamento e comparados com aqueles permitidos pelo munic\u00edpio.<\/p><p>Obs.: A Certid\u00e3o de Tratamento Ac\u00fastico Adequado ter\u00e1 validade de 1 (um) ano, conforme Lei Complementar 038\/2011.<\/p><p>A solicita\u00e7\u00e3o de <u>Renova\u00e7\u00e3o da Certid\u00e3o de Tratamento Ac\u00fastico Adequado<\/u> dever\u00e1 ser realizada 3 (tr\u00eas) meses antes do seu vencimento, n\u00e3o se admitindo o funcionamento do estabelecimento com a Certid\u00e3o vencida.<\/p><p><strong>PRAZO PARA RESPOSTA:<br \/><\/strong>30 dias (contados a partir da entrega de toda a documenta\u00e7\u00e3o necess\u00e1ria).<\/p><p><strong>DOCUMENTOS NECESS\u00c1RIOS:<\/strong><\/p><ul><li><u>Requerimento<\/u> preenchido e assinado pelo respons\u00e1vel pelo empreendimento;<\/li><li>C\u00f3pia do CNPJ, juntamente com c\u00f3pia do RG e CPF do representante legal do empreendimento;<\/li><li>Alvar\u00e1 de funcionamento;<\/li><li>Laudo de avalia\u00e7\u00e3o de ru\u00eddo, conforme NBRs 10151\/2019 e NBR 10152\/2017, e Lei Complementar 038\/2011, acompanhado de ART do profissional habilitado;<\/li><li>Certid\u00e3o de Tratamento Ac\u00fastico Adequado anterior, no caso de renova\u00e7\u00e3o.<\/li><\/ul><p>Obs.: A Secretaria de Meio Ambiente e Agricultura poder\u00e1 solicitar informa\u00e7\u00f5es complementares, se necess\u00e1rio.<\/p><p><strong>TAXAS:<br \/><\/strong><strong>N\u00e3o se aplica.<\/strong><\/p><p><strong>COMO SOLICITAR:<br \/><\/strong>Toda a documenta\u00e7\u00e3o deve ser entregue no Protocolo da Prefeitura, situado no Ganha Tempo, na Rua Tiradentes, 283, Centro.<\/p><p><strong>DOCUMENTOS PARA DOWNLOAD:<\/strong><\/p><p><a href=\"https:\/\/capivari.sp.gov.br\/portal\/wp-content\/uploads\/2025\/03\/REQUERIMENTO_CERTIDAO-DE-TRATAMENTO-ACUSTICO.doc\" target=\"_blank\" rel=\"noopener\">Requerimento<\/a><\/p><p><strong>LEGISLA\u00c7\u00c3O:<\/strong><\/p><p><a href=\"https:\/\/legislacaodigital.com.br\/Capivari-SP\/LeisComplementares\/38-2011\">Lei Complementar n\u00ba 038, de 13 de dezembro de 2011<\/a><\/p><\/div>\n\t\t\t\t<\/div>\n\t\t\t\t\t\t\t<div class=\"elementor-accordion-item\">\n\t\t\t\t\t<div id=\"elementor-tab-title-6417\" class=\"elementor-tab-title\" data-tab=\"7\" role=\"button\" aria-controls=\"elementor-tab-content-6417\" aria-expanded=\"false\">\n\t\t\t\t\t\t\t\t\t\t\t\t\t<span class=\"elementor-accordion-icon elementor-accordion-icon-right\" aria-hidden=\"true\">\n\t\t\t\t\t\t\t\t\t\t\t\t\t\t\t<span class=\"elementor-accordion-icon-closed\"><svg class=\"e-font-icon-svg e-fas-plus\" viewBox=\"0 0 448 512\" xmlns=\"http:\/\/www.w3.org\/2000\/svg\"><path d=\"M416 208H272V64c0-17.67-14.33-32-32-32h-32c-17.67 0-32 14.33-32 32v144H32c-17.67 0-32 14.33-32 32v32c0 17.67 14.33 32 32 32h144v144c0 17.67 14.33 32 32 32h32c17.67 0 32-14.33 32-32V304h144c17.67 0 32-14.33 32-32v-32c0-17.67-14.33-32-32-32z\"><\/path><\/svg><\/span>\n\t\t\t\t\t\t\t\t<span class=\"elementor-accordion-icon-opened\"><svg class=\"e-font-icon-svg e-fas-minus\" viewBox=\"0 0 448 512\" xmlns=\"http:\/\/www.w3.org\/2000\/svg\"><path d=\"M416 208H32c-17.67 0-32 14.33-32 32v32c0 17.67 14.33 32 32 32h384c17.67 0 32-14.33 32-32v-32c0-17.67-14.33-32-32-32z\"><\/path><\/svg><\/span>\n\t\t\t\t\t\t\t\t\t\t\t\t\t\t<\/span>\n\t\t\t\t\t\t\t\t\t\t\t\t<a class=\"elementor-accordion-title\" tabindex=\"0\">Autoriza\u00e7\u00e3o para poda de \u00e1rvore<\/a>\n\t\t\t\t\t<\/div>\n\t\t\t\t\t<div id=\"elementor-tab-content-6417\" class=\"elementor-tab-content elementor-clearfix\" data-tab=\"7\" role=\"region\" aria-labelledby=\"elementor-tab-title-6417\"><p><strong>O QUE \u00c9:<\/strong><br \/>Corte de certas ramifica\u00e7\u00f5es\/galhos da \u00e1rvore para fins de adequa\u00e7\u00e3o, limpeza, forma\u00e7\u00e3o, condu\u00e7\u00e3o, corre\u00e7\u00e3o, levantamento e emergencial.<\/p><p>Para \u00e1rvores em \u00e1rea p\u00fablica (incluindo cal\u00e7adas), a execu\u00e7\u00e3o de poda s\u00f3 poder\u00e1 ser realizada mediante autoriza\u00e7\u00e3o da Secretaria de Meio Ambiente e Agricultura, independente do tipo de poda.<\/p><p>Nos casos de poda de manuten\u00e7\u00e3o e forma\u00e7\u00e3o em propriedade particular (\u00e1rvores na \u00e1rea interna do im\u00f3vel), poder\u00e1 ser realizada sem autoriza\u00e7\u00e3o, desde que respeitado o disposto na Lei n\u00ba 4780\/2015, Art. 17. <u>Podas dr\u00e1sticas<\/u>, ainda que em propriedade particular, s\u00f3 poder\u00e3o ser realizadas mediante autoriza\u00e7\u00e3o da Secretaria de Meio Ambiente e Agricultura.<\/p><p><strong>PRAZO PARA RESPOSTA:<br \/><\/strong>30 dias (contados a partir da entrega de toda a documenta\u00e7\u00e3o necess\u00e1ria).<\/p><p><strong>DOCUMENTOS NECESS\u00c1RIOS:<\/strong><\/p><p><strong>\u00c1rvores em cal\u00e7ada ou \u00e1rea p\u00fablica<\/strong><\/p><ul><li><u>Requerimento<\/u> preenchido e assinado pelo propriet\u00e1rio do im\u00f3vel;<\/li><li>C\u00f3pia do RG e CPF do propriet\u00e1rio;<\/li><li>C\u00f3pia do espelho do IPTU;<\/li><li>Anu\u00eancia do propriet\u00e1rio do im\u00f3vel, para o caso de inquilino, acompanhado de c\u00f3pia do contrato de loca\u00e7\u00e3o.<\/li><\/ul><p><strong>\u00c1rvores em \u00e1rea particular<\/strong><\/p><ul><li><u>Requerimento<\/u> preenchido e assinado pelo propriet\u00e1rio do im\u00f3vel;<\/li><li>C\u00f3pia do RG e CPF do propriet\u00e1rio;<\/li><li>C\u00f3pia do espelho do IPTU, no nome do propriet\u00e1rio;<\/li><li>Anu\u00eancia do propriet\u00e1rio do im\u00f3vel, para o caso de inquilino, acompanhado de c\u00f3pia do contrato de loca\u00e7\u00e3o.<\/li><\/ul><p>Obs.: A Secretaria de Meio Ambiente e Agricultura poder\u00e1 solicitar informa\u00e7\u00f5es complementares, se necess\u00e1rio.<\/p><p><strong>TAXAS:<br \/><\/strong><strong>N\u00e3o se aplica.<\/strong><\/p><p><strong>COMO SOLICITAR:<\/strong><\/p><p>Toda a documenta\u00e7\u00e3o deve ser entregue no Protocolo da Prefeitura, situado no Ganha Tempo, na Rua Tiradentes, 283, Centro.<\/p><p><strong>DOCUMENTOS PARA DOWNLOAD:<\/strong><\/p><p><a href=\"https:\/\/capivari.sp.gov.br\/portal\/wp-content\/uploads\/2025\/03\/REQUERIMENTO_PODA-DE-ARVORE.doc\" target=\"_blank\" rel=\"noopener\">Requerimento<\/a><\/p><p><a href=\"https:\/\/capivari.sp.gov.br\/portal\/wp-content\/uploads\/2025\/03\/GUIA-MUNICIPAL-DE-ARBORIZACAO-URBANA.pdf\" target=\"_blank\" rel=\"noopener\">Guia Municipal de Arboriza\u00e7\u00e3o Urbana<\/a><\/p><p><strong>LEGISLA\u00c7\u00c3O:<\/strong><\/p><p><a href=\"https:\/\/legislacaodigital.com.br\/Capivari-SP\/LeisOrdinarias\/4780-2015\">Lei Municipal n\u00ba 4780, de 25 de agosto de 2015<\/a><\/p><p><a href=\"https:\/\/legislacaodigital.com.br\/Capivari-SP\/LeisOrdinarias\/7162-2025\">Lei Municipal n\u00ba 7162, de 12 de fevereiro de 2025<\/a><\/p><\/div>\n\t\t\t\t<\/div>\n\t\t\t\t\t\t\t<div class=\"elementor-accordion-item\">\n\t\t\t\t\t<div id=\"elementor-tab-title-6418\" class=\"elementor-tab-title\" data-tab=\"8\" role=\"button\" aria-controls=\"elementor-tab-content-6418\" aria-expanded=\"false\">\n\t\t\t\t\t\t\t\t\t\t\t\t\t<span class=\"elementor-accordion-icon elementor-accordion-icon-right\" aria-hidden=\"true\">\n\t\t\t\t\t\t\t\t\t\t\t\t\t\t\t<span class=\"elementor-accordion-icon-closed\"><svg class=\"e-font-icon-svg e-fas-plus\" viewBox=\"0 0 448 512\" xmlns=\"http:\/\/www.w3.org\/2000\/svg\"><path d=\"M416 208H272V64c0-17.67-14.33-32-32-32h-32c-17.67 0-32 14.33-32 32v144H32c-17.67 0-32 14.33-32 32v32c0 17.67 14.33 32 32 32h144v144c0 17.67 14.33 32 32 32h32c17.67 0 32-14.33 32-32V304h144c17.67 0 32-14.33 32-32v-32c0-17.67-14.33-32-32-32z\"><\/path><\/svg><\/span>\n\t\t\t\t\t\t\t\t<span class=\"elementor-accordion-icon-opened\"><svg class=\"e-font-icon-svg e-fas-minus\" viewBox=\"0 0 448 512\" xmlns=\"http:\/\/www.w3.org\/2000\/svg\"><path d=\"M416 208H32c-17.67 0-32 14.33-32 32v32c0 17.67 14.33 32 32 32h384c17.67 0 32-14.33 32-32v-32c0-17.67-14.33-32-32-32z\"><\/path><\/svg><\/span>\n\t\t\t\t\t\t\t\t\t\t\t\t\t\t<\/span>\n\t\t\t\t\t\t\t\t\t\t\t\t<a class=\"elementor-accordion-title\" tabindex=\"0\">Autoriza\u00e7\u00e3o para corte de \u00e1rvore<\/a>\n\t\t\t\t\t<\/div>\n\t\t\t\t\t<div id=\"elementor-tab-content-6418\" class=\"elementor-tab-content elementor-clearfix\" data-tab=\"8\" role=\"region\" aria-labelledby=\"elementor-tab-title-6418\"><p><strong>O QUE \u00c9:<\/strong><br \/>Remo\u00e7\u00e3o total de indiv\u00edduo arb\u00f3reo em caso de <u>comprovada necessidade<\/u>, nos termos da legisla\u00e7\u00e3o vigente.<\/p><p><strong>PRAZO PARA RESPOSTA:<br \/><\/strong>30 dias (contados a partir da entrega de toda a documenta\u00e7\u00e3o necess\u00e1ria).<\/p><p><strong>7.1 \u2013 \u00c1RVORE EM VIA P\u00daBLICA (CAL\u00c7ADA\/\u00c1REA VERDE P\u00daBLICA)<\/strong><\/p><p><strong>DOCUMENTOS NECESS\u00c1RIOS:<\/strong><\/p><ul><li><u>Requerimento<\/u> preenchido e assinado pelo propriet\u00e1rio do im\u00f3vel;<\/li><li>C\u00f3pia do RG e CPF do propriet\u00e1rio;<\/li><li>C\u00f3pia do espelho do IPTU, no nome do propriet\u00e1rio;<\/li><li>Anu\u00eancia do propriet\u00e1rio do im\u00f3vel, para o caso de inquilino, acompanhado de c\u00f3pia do contrato de loca\u00e7\u00e3o;<\/li><\/ul><p><strong>7.2 \u2013 \u00c1RVORE EM LOTE\/PROPRIEDADE PARTICULAR<\/strong><\/p><p><strong>DOCUMENTOS NECESS\u00c1RIOS:<\/strong><\/p><ul><li><u>Requerimento<\/u> preenchido e assinado pelo propriet\u00e1rio do im\u00f3vel;<\/li><li>C\u00f3pia do RG e CPF do propriet\u00e1rio;<\/li><li>C\u00f3pia do espelho do IPTU, no nome do propriet\u00e1rio;<\/li><li>Anu\u00eancia do propriet\u00e1rio do im\u00f3vel, para o caso de inquilino, acompanhado de c\u00f3pia do contrato de loca\u00e7\u00e3o;<\/li><li>Laudo T\u00e9cnico, acompanhado de Anota\u00e7\u00e3o de Responsabilidade T\u00e9cnica (ART) do profissional habilitado (Eng. Agr\u00f4nomo\/Florestal ou Bi\u00f3logo); contendo minimamente a lista de \u00e1rvores numeradas com justificativa para o corte, relat\u00f3rio fotogr\u00e1fico de cada uma das \u00e1rvores indicadas para remo\u00e7\u00e3o, e croqui ou planta indicando a localiza\u00e7\u00e3o do im\u00f3vel e das edifica\u00e7\u00f5es que existam nele, al\u00e9m da localiza\u00e7\u00e3o da(s) \u00e1rvore(s), numerando-as e relacionando com os n\u00fameros das fotos do relat\u00f3rio;<\/li><li>Laudo t\u00e9cnico que comprove dano permanente ao patrim\u00f4nio do im\u00f3vel, acompanhado da ART recolhida por engenheiro civil, se for o caso;<\/li><li>Planta baixa do im\u00f3vel, aprovada pelo \u00f3rg\u00e3o competente, e Alvar\u00e1 de Licen\u00e7a, no caso de novas constru\u00e7\u00f5es\/amplia\u00e7\u00f5es.<\/li><\/ul><p>Obs.: A Secretaria de Meio Ambiente e Agricultura poder\u00e1 solicitar informa\u00e7\u00f5es complementares, se necess\u00e1rio.<\/p><p><strong>TAXAS:<br \/><\/strong><strong>N\u00e3o se aplica.<\/strong><\/p><p><strong>COMO SOLICITAR:<\/strong><\/p><p>Toda a documenta\u00e7\u00e3o deve ser entregue no Protocolo da Prefeitura, situado no Ganha Tempo, na Rua Tiradentes, 283, Centro.<\/p><p><strong>DOCUMENTOS PARA DOWNLOAD:<\/strong><\/p><p><a href=\"https:\/\/capivari.sp.gov.br\/portal\/wp-content\/uploads\/2025\/03\/REQUERIMENTO_CORTE-DE-ARVORE.doc\" target=\"_blank\" rel=\"noopener\">Requerimento<\/a><\/p><p><a href=\"https:\/\/capivari.sp.gov.br\/portal\/wp-content\/uploads\/2025\/03\/GUIA-MUNICIPAL-DE-ARBORIZACAO-URBANA-1.pdf\" target=\"_blank\" rel=\"noopener\">Guia Municipal de Arboriza\u00e7\u00e3o Urbana<\/a><\/p><p><strong>LEGISLA\u00c7\u00c3O:<\/strong><\/p><p><a href=\"https:\/\/legislacaodigital.com.br\/Capivari-SP\/LeisOrdinarias\/4780-2015\">Lei Municipal n\u00ba 4780, de 25 de agosto de 2015<\/a><\/p><p><a href=\"https:\/\/legislacaodigital.com.br\/Capivari-SP\/LeisOrdinarias\/7162-2025\">Lei Municipal n\u00ba 7162, de 12 de fevereiro de 2025<\/a><\/p><\/div>\n\t\t\t\t<\/div>\n\t\t\t\t\t\t\t<div class=\"elementor-accordion-item\">\n\t\t\t\t\t<div id=\"elementor-tab-title-6419\" class=\"elementor-tab-title\" data-tab=\"9\" role=\"button\" aria-controls=\"elementor-tab-content-6419\" aria-expanded=\"false\">\n\t\t\t\t\t\t\t\t\t\t\t\t\t<span class=\"elementor-accordion-icon elementor-accordion-icon-right\" aria-hidden=\"true\">\n\t\t\t\t\t\t\t\t\t\t\t\t\t\t\t<span class=\"elementor-accordion-icon-closed\"><svg class=\"e-font-icon-svg e-fas-plus\" viewBox=\"0 0 448 512\" xmlns=\"http:\/\/www.w3.org\/2000\/svg\"><path d=\"M416 208H272V64c0-17.67-14.33-32-32-32h-32c-17.67 0-32 14.33-32 32v144H32c-17.67 0-32 14.33-32 32v32c0 17.67 14.33 32 32 32h144v144c0 17.67 14.33 32 32 32h32c17.67 0 32-14.33 32-32V304h144c17.67 0 32-14.33 32-32v-32c0-17.67-14.33-32-32-32z\"><\/path><\/svg><\/span>\n\t\t\t\t\t\t\t\t<span class=\"elementor-accordion-icon-opened\"><svg class=\"e-font-icon-svg e-fas-minus\" viewBox=\"0 0 448 512\" xmlns=\"http:\/\/www.w3.org\/2000\/svg\"><path d=\"M416 208H32c-17.67 0-32 14.33-32 32v32c0 17.67 14.33 32 32 32h384c17.67 0 32-14.33 32-32v-32c0-17.67-14.33-32-32-32z\"><\/path><\/svg><\/span>\n\t\t\t\t\t\t\t\t\t\t\t\t\t\t<\/span>\n\t\t\t\t\t\t\t\t\t\t\t\t<a class=\"elementor-accordion-title\" tabindex=\"0\">Licenciamento ambiental municipal<\/a>\n\t\t\t\t\t<\/div>\n\t\t\t\t\t<div id=\"elementor-tab-content-6419\" class=\"elementor-tab-content elementor-clearfix\" data-tab=\"9\" role=\"region\" aria-labelledby=\"elementor-tab-title-6419\"><p><strong>Rela\u00e7\u00e3o de Licen\u00e7as e Autoriza\u00e7\u00f5es Ambientais emitidas em 2024<\/strong><\/p><p><a href=\"https:\/\/capivari.sp.gov.br\/portal\/wp-content\/uploads\/2026\/02\/LICENCIAMENTO-AMBIENTAL-MUNICIPAL-AUTORIZACOES-EMITIDAS-EM-2024.pdf\" target=\"_blank\" rel=\"noopener\">LICENCIAMENTO AMBIENTAL MUNICIPAL &#8211; AUTORIZA\u00c7\u00d5ES EMITIDAS EM 2024<\/a><\/p><p><a href=\"https:\/\/capivari.sp.gov.br\/portal\/wp-content\/uploads\/2026\/02\/LICENCIAMENTO-AMBIENTAL-MUNICIPAL-LICENCAS-EMITIDAS-EM-2024.pdf\" target=\"_blank\" rel=\"noopener\">LICENCIAMENTO AMBIENTAL MUNICIPAL &#8211; LICEN\u00c7AS EMITIDAS EM 2024<\/a><\/p><p><strong>Rela\u00e7\u00e3o de Licen\u00e7as e Autoriza\u00e7\u00f5es Ambientais emitidas em 2025<\/strong><\/p><p><a href=\"https:\/\/capivari.sp.gov.br\/portal\/wp-content\/uploads\/2026\/02\/LICENCIAMENTO-AMBIENTAL-MUNICIPAL-AUTORIZACOES-EMITIDAS-EM-2025.pdf\" target=\"_blank\" rel=\"noopener\">LICENCIAMENTO AMBIENTAL MUNICIPAL &#8211; AUTORIZA\u00c7\u00d5ES EMITIDAS EM 2025<\/a><\/p><p><a href=\"https:\/\/capivari.sp.gov.br\/portal\/wp-content\/uploads\/2026\/02\/LICENCIAMENTO-AMBIENTAL-MUNICIPAL-LICENCAS-EMITIDAS-EM-2025.pdf\" target=\"_blank\" rel=\"noopener\">LICENCIAMENTO AMBIENTAL MUNICIPAL &#8211; LICEN\u00c7AS EMITIDAS EM 2025<\/a><br \/><strong><br \/>8.1 \u2013 LICEN\u00c7A PR\u00c9VIA (LP)<\/strong><\/p><p><strong>O QUE \u00c9:<br \/><\/strong>Licen\u00e7a que aprova a localiza\u00e7\u00e3o e concep\u00e7\u00e3o do empreendimento, atividade ou obra na fase preliminar do planejamento, atestando sua viabilidade ambiental, estabelecendo os requisitos b\u00e1sicos e condicionantes a serem atendidos nas pr\u00f3ximas fases de sua implanta\u00e7\u00e3o.<\/p><p><strong>PRAZO PARA RESPOSTA:<\/strong><br \/>60 dias (contados a partir da entrega de toda a documenta\u00e7\u00e3o necess\u00e1ria).<\/p><p><strong>DOCUMENTOS NECESS\u00c1RIOS:<\/strong><\/p><ul><li><strong>Requerimento preenchido e assinado pelo respons\u00e1vel pelo empreendimento;<\/strong><\/li><li>C\u00f3pia do RG e CPF do respons\u00e1vel, no caso de Pessoa F\u00edsica;<\/li><li>C\u00f3pia do CNPJ e do Contrato Social, no caso de Pessoa Jur\u00eddica, juntamente com c\u00f3pia do RG e CPF do representante legal;<\/li><li><strong>Comprovante de pagamento da Taxa de Licenciamento Ambiental (o boleto ser\u00e1 emitido ap\u00f3s o protocolo dos demais documentos);<\/strong><\/li><li><strong>Procura\u00e7\u00e3o, quando for o caso;<\/strong><\/li><li><strong>Matr\u00edcula do im\u00f3vel onde ser\u00e1 implantado o empreendimento;<\/strong><\/li><li><strong>Certid\u00e3o de Uso e Ocupa\u00e7\u00e3o do Solo, emitida pelo \u00f3rg\u00e3o competente, informando se o zoneamento definido para o local permite o empreendimento\/atividade objeto da LP;<\/strong><\/li><li><strong>Conta de \u00e1gua e esgoto ou certid\u00e3o emitida pelo SAAE, informando se o local onde o empreendimento pretende se instalar \u00e9 atendido pelas redes de distribui\u00e7\u00e3o de \u00e1gua e coleta de esgoto;<\/strong><\/li><li><strong>Certid\u00e3o de lan\u00e7amento de efluentes na rede p\u00fablica emitida pelo SAAE, nos casos em que houver lan\u00e7amento de efluentes n\u00e3o-dom\u00e9sticos;<\/strong><\/li><li><strong>MCE &#8211; <em>Memorial de Caracteriza\u00e7\u00e3o do Empreendimento<\/em>, conforme modelo disponibilizado pela Secretaria de Meio Ambiente e Agricultura;<\/strong><\/li><li><strong>Croqui de Localiza\u00e7\u00e3o, indicando o uso do solo e constru\u00e7\u00f5es existentes nas imedia\u00e7\u00f5es do empreendimento, num raio m\u00ednimo de 100\u00a0m. Se houver curso d\u2019\u00e1gua ou nascente, num raio de 100\u00a0m do empreendimento, apresentar no croqui detalhado a dist\u00e2ncia das edifica\u00e7\u00f5es em rela\u00e7\u00e3o ao(s) corpo(s) d\u2019\u00e1gua e ou nascente(s);<\/strong><\/li><li><strong>Disposi\u00e7\u00e3o f\u00edsica dos equipamentos (layout) que pode ser demonstrada em croqui ou em planta baixa da constru\u00e7\u00e3o;<\/strong><\/li><li><strong>Outorga de implanta\u00e7\u00e3o do empreendimento emitida pelo SP \u00c1guas, se houver capta\u00e7\u00e3o de \u00e1guas subterr\u00e2neas ou superficiais ou lan\u00e7amento de efluentes l\u00edquidos em corpo d\u00b4\u00e1gua;<\/strong><\/li><li><strong>Anu\u00eancia da empresa concession\u00e1ria\/permission\u00e1ria, se o empreendimento pretende se instalar pr\u00f3ximo a rodovias e lan\u00e7ar suas \u00e1guas pluviais na faixa de dom\u00ednio dessas rodovias;<\/strong><\/li><li><strong>No caso de im\u00f3vel rural, conforme definido pela IN MMA 02\/14, \u00e9 obrigat\u00f3ria a apresenta\u00e7\u00e3o do registro no CAR;<\/strong><\/li><li><strong>Roteiro de acesso at\u00e9 o local a ser licenciado para permitir a inspe\u00e7\u00e3o no local;<\/strong><\/li><li><strong>Quando o processo tratar de Microempresa (ME), Empresa de Pequeno Porte (EPP) ou Microempreendedor Individual (MEI), tamb\u00e9m ser\u00e1 necess\u00e1rio acrescentar os seguintes documentos:<\/strong><\/li><\/ul><p><strong>Para Microempresas e Empresas de Pequeno Porte:<\/strong><\/p><ul><li><strong>Comprovante de Optante pelo Simples Nacional (se optante);<\/strong><\/li><li><strong>Ficha cadastral simplificada emitida pelo site da JUCESP \u2013 https:\/\/www.jucesponline.sp.gov.br<\/strong><\/li><\/ul><p><strong>No caso de Microempreendedor Individual, este dever\u00e1 apresentar:<\/strong><\/p><ul><li><strong>Comprovante de inscri\u00e7\u00e3o e de situa\u00e7\u00e3o cadastral;<\/strong><\/li><li><strong>RG e CPF;<\/strong><\/li><li><strong>Comprovante de endere\u00e7o.<\/strong><\/li><\/ul><p>Obs.: A Secretaria de Meio Ambiente e Agricultura poder\u00e1 solicitar informa\u00e7\u00f5es complementares, se necess\u00e1rio.<\/p><p><strong>TAXAS:<br \/><\/strong><strong>Taxa de Licenciamento Ambiental, a ser calculada com base nos crit\u00e9rios definidos na <\/strong>Lei Municipal n\u00ba 4020\/2012.<\/p><p><strong>COMO SOLICITAR:<br \/><\/strong>Toda a documenta\u00e7\u00e3o deve ser entregue no Protocolo da Prefeitura, situado no Ganha Tempo, na Rua Tiradentes, 283, Centro.<\/p><p><strong>DOCUMENTOS PARA DOWNLOAD:<\/strong><\/p><p><a href=\"https:\/\/capivari.sp.gov.br\/portal\/wp-content\/uploads\/2025\/03\/REQUERIMENTO_LICENCIAMENTO_INTERVENCAO-APP_SUPRESSAO.doc\" target=\"_blank\" rel=\"noopener\">Requerimento<\/a><\/p><p><a href=\"https:\/\/capivari.sp.gov.br\/portal\/wp-content\/uploads\/2025\/03\/MCE_LICENCIAMENTO_ATIVIDADE-INDUSTRIAL.docm\" target=\"_blank\" rel=\"noopener\">MCE &#8211; Memorial de Caracteriza\u00e7\u00e3o do Empreendimento \u2013 ATIVIDADE INDUSTRIAL<\/a><\/p><p><a href=\"https:\/\/capivari.sp.gov.br\/portal\/wp-content\/uploads\/2025\/03\/MCE_LICENCIAMENTO_ATIVIDADE-NAO-INDUSTRIAL.docm\" target=\"_blank\" rel=\"noopener\">MCE &#8211; Memorial de Caracteriza\u00e7\u00e3o do Empreendimento \u2013 ATIVIDADE N\u00c3O INDUSTRIAL<\/a><\/p><p><strong>LEGISLA\u00c7\u00c3O:<\/strong><\/p><p><a href=\"https:\/\/smastr16.blob.core.windows.net\/2001\/2024\/02\/DELIBERACAO_NORMATIVA_CONSEMA_01_2024.pdf\"><strong>Delibera\u00e7\u00e3o Normativa CONSEMA n\u00ba 01, de 08 de fevereiro de 2024<\/strong><\/a><\/p><p><a href=\"https:\/\/legislacaodigital.com.br\/Capivari-SP\/LeisOrdinarias\/4020-2012\">Lei Municipal n\u00ba 4020, de 03 de maio de 2012<\/a><\/p><p><a href=\"https:\/\/legislacaodigital.com.br\/Capivari-SP\/LeisOrdinarias\/4780-2015\">Lei Municipal n\u00ba 4780, de 25 de agosto de 2015<\/a><\/p><p><strong>8.2 \u2013 LICEN\u00c7A DE INSTALA\u00c7\u00c3O (LI)<\/strong><\/p><p><strong>O QUE \u00c9:<\/strong><br \/>Licen\u00e7a que autoriza a instala\u00e7\u00e3o do empreendimento, atividade ou obra de acordo com as especifica\u00e7\u00f5es constantes dos planos, programas e projetos aprovados, fixando cronograma para execu\u00e7\u00e3o das medidas mitigadoras e da implanta\u00e7\u00e3o dos sistemas de controle ambiental.<\/p><p><strong>PRAZO PARA RESPOSTA:<br \/><\/strong>45 dias (contados a partir da entrega de toda a documenta\u00e7\u00e3o necess\u00e1ria).<\/p><p><strong>DOCUMENTOS NECESS\u00c1RIOS:<\/strong><\/p><ul><li><strong>Requerimento preenchido e assinado pelo respons\u00e1vel pelo empreendimento;<\/strong><\/li><li>C\u00f3pia do RG e CPF do respons\u00e1vel, no caso de Pessoa F\u00edsica;<\/li><li>C\u00f3pia do CNPJ e do Contrato Social, no caso de Pessoa Jur\u00eddica, juntamente com c\u00f3pia do RG e CPF do representante legal;<\/li><li><strong>Comprovante de pagamento da Taxa de Licenciamento Ambiental (o boleto ser\u00e1 emitido ap\u00f3s o protocolo dos demais documentos);<\/strong><\/li><li><strong>Procura\u00e7\u00e3o, quando for o caso;<\/strong><\/li><li><strong>Matr\u00edcula do im\u00f3vel onde ser\u00e1 implantado o empreendimento;<\/strong><\/li><li><strong>Certid\u00e3o de Uso e Ocupa\u00e7\u00e3o do Solo, emitida pelo \u00f3rg\u00e3o competente, informando se o zoneamento definido para o local permite o empreendimento\/atividade objeto da LI;<\/strong><\/li><li><strong>Conta de \u00e1gua e esgoto ou certid\u00e3o emitida pelo SAAE, informando se o local onde o empreendimento pretende se instalar \u00e9 atendido pelas redes de distribui\u00e7\u00e3o de \u00e1gua e coleta de esgoto;<\/strong><\/li><li><strong>Certid\u00e3o de lan\u00e7amento de efluentes na rede p\u00fablica emitida pelo SAAE, nos casos em que houver lan\u00e7amento de efluentes n\u00e3o-dom\u00e9sticos;<\/strong><\/li><li><strong>MCE &#8211; <em>Memorial de Caracteriza\u00e7\u00e3o do Empreendimento<\/em>, conforme modelo disponibilizado pela Secretaria de Meio Ambiente e Agricultura;<\/strong><\/li><li><strong>Croqui de Localiza\u00e7\u00e3o, indicando o uso do solo e constru\u00e7\u00f5es existentes nas imedia\u00e7\u00f5es do empreendimento, num raio m\u00ednimo de 100\u00a0m. Se houver curso d\u2019\u00e1gua ou nascente, num raio de 100\u00a0m do empreendimento, apresentar no croqui detalhado a dist\u00e2ncia das edifica\u00e7\u00f5es em rela\u00e7\u00e3o ao(s) corpo(s) d\u2019\u00e1gua e ou nascente(s);<\/strong><\/li><li><strong>Disposi\u00e7\u00e3o f\u00edsica dos equipamentos (layout) que pode ser demonstrada em croqui ou em planta baixa da constru\u00e7\u00e3o;<\/strong><\/li><li><strong>Outorga de implanta\u00e7\u00e3o do empreendimento emitida pelo SP \u00c1guas, se houver capta\u00e7\u00e3o de \u00e1guas subterr\u00e2neas ou superficiais ou lan\u00e7amento de efluentes l\u00edquidos em corpo d\u00b4\u00e1gua;<\/strong><\/li><li><strong>Anu\u00eancia da empresa concession\u00e1ria\/permission\u00e1ria, se o empreendimento pretende se instalar pr\u00f3ximo a rodovias e lan\u00e7ar suas \u00e1guas pluviais na faixa de dom\u00ednio dessas rodovias;<\/strong><\/li><li><strong>No caso de im\u00f3vel rural, conforme definido pela IN MMA 02\/14, \u00e9 obrigat\u00f3ria a apresenta\u00e7\u00e3o do registro no CAR;<\/strong><\/li><li><strong>Roteiro de acesso at\u00e9 o local a ser licenciado para permitir a inspe\u00e7\u00e3o no local;<\/strong><\/li><li><strong>Quando o processo tratar de Microempresa (ME), Empresa de Pequeno Porte (EPP) ou Microempreendedor Individual (MEI), tamb\u00e9m ser\u00e1 necess\u00e1rio acrescentar os seguintes documentos:<\/strong><\/li><\/ul><p><strong>Para Microempresas e Empresas de Pequeno Porte:<\/strong><\/p><ul><li><strong>Comprovante de Optante pelo Simples Nacional (se optante);<\/strong><\/li><li><strong>Ficha cadastral simplificada emitida pelo site da JUCESP \u2013 https:\/\/www.jucesponline.sp.gov.br<\/strong><\/li><\/ul><p><strong>No caso de Microempreendedor Individual (MEI), este dever\u00e1 apresentar:<\/strong><\/p><ul><li><strong>Comprovante de inscri\u00e7\u00e3o e de situa\u00e7\u00e3o cadastral;<\/strong><\/li><li><strong>RG e CPF;<\/strong><\/li><li><strong>Comprovante de endere\u00e7o;<\/strong><\/li><\/ul><p>Obs.: A Secretaria de Meio Ambiente e Agricultura poder\u00e1 solicitar informa\u00e7\u00f5es complementares, se necess\u00e1rio.<\/p><p>Ficam dispensados os documentos que j\u00e1 tenham sido entregues na fase de Licen\u00e7a Pr\u00e9via, desde que n\u00e3o tenha havido altera\u00e7\u00e3o e que estejam dentro da data de validade, se for o caso.<\/p><p><strong>TAXAS:<br \/><\/strong><strong>Taxa de Licenciamento Ambiental, a ser calculada com base nos crit\u00e9rios definidos na <\/strong>Lei Municipal n\u00ba 4020\/2012.<\/p><p><strong>COMO SOLICITAR:<br \/><\/strong>Toda a documenta\u00e7\u00e3o deve ser entregue no Protocolo da Prefeitura, situado no Ganha Tempo, na Rua Tiradentes, 283, Centro.<\/p><p><strong>DOCUMENTOS PARA DOWNLOAD:<\/strong><\/p><p><a href=\"https:\/\/capivari.sp.gov.br\/portal\/wp-content\/uploads\/2025\/03\/REQUERIMENTO_LICENCIAMENTO_INTERVENCAO-APP_SUPRESSAO.doc\" target=\"_blank\" rel=\"noopener\">Requerimento<\/a><\/p><p><a href=\"https:\/\/capivari.sp.gov.br\/portal\/wp-content\/uploads\/2025\/03\/MCE_LICENCIAMENTO_ATIVIDADE-INDUSTRIAL.docm\" target=\"_blank\" rel=\"noopener\">MCE &#8211; Memorial de Caracteriza\u00e7\u00e3o do Empreendimento \u2013 ATIVIDADE INDUSTRIAL<\/a><\/p><p><a href=\"https:\/\/capivari.sp.gov.br\/portal\/wp-content\/uploads\/2025\/03\/MCE_LICENCIAMENTO_ATIVIDADE-NAO-INDUSTRIAL.docm\" target=\"_blank\" rel=\"noopener\">MCE &#8211; Memorial de Caracteriza\u00e7\u00e3o do Empreendimento \u2013 ATIVIDADE N\u00c3O INDUSTRIAL<\/a><\/p><p><strong>LEGISLA\u00c7\u00c3O:<\/strong><\/p><p><a href=\"https:\/\/smastr16.blob.core.windows.net\/2001\/2024\/02\/DELIBERACAO_NORMATIVA_CONSEMA_01_2024.pdf\"><strong>Delibera\u00e7\u00e3o Normativa CONSEMA n\u00ba 01, de 08 de fevereiro de 2024<\/strong><\/a><\/p><p><a href=\"https:\/\/legislacaodigital.com.br\/Capivari-SP\/LeisOrdinarias\/4020-2012\">Lei Municipal n\u00ba 4020, de 03 de maio de 2012<\/a><\/p><p><a href=\"https:\/\/legislacaodigital.com.br\/Capivari-SP\/LeisOrdinarias\/4780-2015\">Lei Municipal n\u00ba 4780, de 25 de agosto de 2015<\/a><\/p><p><strong>8.3 \u2013 LICEN\u00c7A DE OPERA\u00c7\u00c3O (LO)<\/strong><\/p><p><strong>O QUE \u00c9:<\/strong><br \/>Licen\u00e7a que autoriza a opera\u00e7\u00e3o da atividade, obra ou empreendimento, ap\u00f3s a verifica\u00e7\u00e3o do efetivo cumprimento das medidas de controle ambiental e condicionantes determinadas nas licen\u00e7as anteriores.<\/p><p><strong>PRAZO PARA RESPOSTA:<\/strong><br \/>45 dias (contados a partir da entrega de toda a documenta\u00e7\u00e3o necess\u00e1ria).<\/p><p><strong>DOCUMENTOS NECESS\u00c1RIOS:<\/strong><\/p><ul><li><strong>Requerimento preenchido e assinado pelo respons\u00e1vel pelo empreendimento;<\/strong><\/li><li>C\u00f3pia do RG e CPF do respons\u00e1vel, no caso de Pessoa F\u00edsica;<\/li><li>C\u00f3pia do CNPJ e do Contrato Social, no caso de Pessoa Jur\u00eddica, juntamente com c\u00f3pia do RG e CPF do representante legal;<\/li><li><strong>Comprovante de pagamento da Taxa de Licenciamento Ambiental (o boleto ser\u00e1 emitido ap\u00f3s o protocolo dos demais documentos);<\/strong><\/li><li><strong>Procura\u00e7\u00e3o, quando for o caso;<\/strong><\/li><li><strong>Matr\u00edcula do im\u00f3vel onde ser\u00e1 implantado o empreendimento;<\/strong><\/li><li><strong>Certid\u00e3o de Uso e Ocupa\u00e7\u00e3o do Solo, emitida pelo \u00f3rg\u00e3o competente, informando se o zoneamento definido para o local permite o empreendimento\/atividade objeto da LO;<\/strong><\/li><li><strong>Conta de \u00e1gua e esgoto ou certid\u00e3o emitida pelo SAAE, informando se o local onde o empreendimento pretende se instalar \u00e9 atendido pelas redes de distribui\u00e7\u00e3o de \u00e1gua e coleta de esgoto;<\/strong><\/li><li><strong>Certid\u00e3o de lan\u00e7amento de efluentes na rede p\u00fablica emitida pelo SAAE, nos casos em que houver lan\u00e7amento de efluentes n\u00e3o-dom\u00e9sticos;<\/strong><\/li><li><strong>MCE &#8211; Memorial de Caracteriza\u00e7\u00e3o do Empreendimento, conforme modelo disponibilizado pela Secretaria de Meio Ambiente e Agricultura;<\/strong><\/li><li><strong>Croqui de Localiza\u00e7\u00e3o, indicando o uso do solo e constru\u00e7\u00f5es existentes nas imedia\u00e7\u00f5es do empreendimento, num raio m\u00ednimo de 100\u00a0m. Se houver curso d\u2019\u00e1gua ou nascente, num raio de 100\u00a0m do empreendimento, apresentar no croqui detalhado a dist\u00e2ncia das edifica\u00e7\u00f5es em rela\u00e7\u00e3o ao(s) corpo(s) d\u2019\u00e1gua e ou nascente(s);<\/strong><\/li><li><strong>Disposi\u00e7\u00e3o f\u00edsica dos equipamentos (layout) que pode ser demonstrada em croqui ou em planta baixa da constru\u00e7\u00e3o;<\/strong><\/li><li><strong>Fluxograma do processo produtivo, indicando todas as etapas de utiliza\u00e7\u00e3o de recursos e de gera\u00e7\u00e3o de res\u00edduos\/poluentes, bem como as medidas de controle e mitiga\u00e7\u00e3o desses impactos;<\/strong><\/li><li><strong>Outorga de implanta\u00e7\u00e3o do empreendimento emitida pelo SP \u00c1guas, se houver capta\u00e7\u00e3o de \u00e1guas subterr\u00e2neas ou superficiais ou lan\u00e7amento de efluentes l\u00edquidos em corpo d\u00b4\u00e1gua;<\/strong><\/li><li><strong>Anu\u00eancia da empresa concession\u00e1ria\/permission\u00e1ria, se o empreendimento pretende se instalar pr\u00f3ximo a rodovias e lan\u00e7ar suas \u00e1guas pluviais na faixa de dom\u00ednio dessas rodovias;<\/strong><\/li><li><strong>No caso de im\u00f3vel rural, conforme definido pela IN MMA 02\/14, \u00e9 obrigat\u00f3ria a apresenta\u00e7\u00e3o do registro no CAR;<\/strong><\/li><li><strong>Roteiro de acesso at\u00e9 o local a ser licenciado para permitir a inspe\u00e7\u00e3o no local;<\/strong><\/li><li><strong>Quando o processo tratar de Microempresa (ME), Empresa de Pequeno Porte (EPP) ou Microempreendedor Individual (MEI), tamb\u00e9m ser\u00e1 necess\u00e1rio acrescentar os seguintes documentos:<\/strong><\/li><\/ul><p><strong>Para Microempresas e Empresas de Pequeno Porte:<\/strong><\/p><ul><li><strong>Comprovante de Optante pelo Simples Nacional (se optante);<\/strong><\/li><li><strong>Ficha cadastral simplificada emitida pelo site da JUCESP \u2013 https:\/\/www.jucesponline.sp.gov.br<\/strong><\/li><\/ul><p><strong>No caso de Microempreendedor Individual (MEI), este dever\u00e1 apresentar:<\/strong><\/p><ul><li><strong>Comprovante de inscri\u00e7\u00e3o e de situa\u00e7\u00e3o cadastral;<\/strong><\/li><li><strong>RG e CPF;<\/strong><\/li><li><strong><strong>Comprovante de endere\u00e7o;<\/strong><\/strong><\/li><li><strong>Apresentar os documentos solicitados nas exig\u00eancias t\u00e9cnicas contidas na licen\u00e7a anterior (estudos, relat\u00f3rios, manifesta\u00e7\u00f5es de outros \u00f3rg\u00e3os etc.).<\/strong><\/li><\/ul><p>Obs.: A Secretaria de Meio Ambiente e Agricultura poder\u00e1 solicitar informa\u00e7\u00f5es complementares, se necess\u00e1rio.<\/p><p>Ficam dispensados os documentos que j\u00e1 tenham sido entregues nas fases de Licen\u00e7a Pr\u00e9via ou Instala\u00e7\u00e3o, desde que n\u00e3o tenha havido altera\u00e7\u00e3o e que estejam dentro da data de validade, se for o caso.<\/p><p><strong>TAXAS:<br \/><\/strong><strong>Taxa de Licenciamento Ambiental, a ser calculada com base nos crit\u00e9rios definidos na <\/strong>Lei Municipal n\u00ba 4020\/2012.<\/p><p><strong>COMO SOLICITAR:<br \/><\/strong>Toda a documenta\u00e7\u00e3o deve ser entregue no Protocolo da Prefeitura, situado no Ganha Tempo, na Rua Tiradentes, 283, Centro.<\/p><p><strong>DOCUMENTOS PARA DOWNLOAD:<\/strong><\/p><p><a href=\"https:\/\/capivari.sp.gov.br\/portal\/wp-content\/uploads\/2025\/03\/REQUERIMENTO_LICENCIAMENTO_INTERVENCAO-APP_SUPRESSAO.doc\" target=\"_blank\" rel=\"noopener\">Requerimento<\/a><\/p><p><a href=\"https:\/\/capivari.sp.gov.br\/portal\/wp-content\/uploads\/2025\/03\/MCE_LICENCIAMENTO_ATIVIDADE-INDUSTRIAL.docm\" target=\"_blank\" rel=\"noopener\">MCE &#8211; Memorial de Caracteriza\u00e7\u00e3o do Empreendimento \u2013 ATIVIDADE INDUSTRIAL<\/a><\/p><p><a href=\"https:\/\/capivari.sp.gov.br\/portal\/wp-content\/uploads\/2025\/03\/MCE_LICENCIAMENTO_ATIVIDADE-NAO-INDUSTRIAL.docm\" target=\"_blank\" rel=\"noopener\">MCE &#8211; Memorial de Caracteriza\u00e7\u00e3o do Empreendimento \u2013 ATIVIDADE N\u00c3O INDUSTRIAL<\/a><\/p><p><strong>LEGISLA\u00c7\u00c3O:<\/strong><\/p><p><a href=\"https:\/\/smastr16.blob.core.windows.net\/2001\/2024\/02\/DELIBERACAO_NORMATIVA_CONSEMA_01_2024.pdf\"><strong>Delibera\u00e7\u00e3o Normativa CONSEMA n\u00ba 01, de 08 de fevereiro de 2024<\/strong><\/a><\/p><p><a href=\"https:\/\/legislacaodigital.com.br\/Capivari-SP\/LeisOrdinarias\/4020-2012\">Lei Municipal n\u00ba 4020, de 03 de maio de 2012<\/a><\/p><p><a href=\"https:\/\/legislacaodigital.com.br\/Capivari-SP\/LeisOrdinarias\/4780-2015\">Lei Municipal n\u00ba 4780, de 25 de agosto de 2015<\/a><\/p><p><strong>8.4 \u2013 AUTORIZA\u00c7\u00c3O PARA INTERVEN\u00c7\u00c3O EM APP\/CORTE DE \u00c1RVORES ISOLADAS EM APP<\/strong><\/p><p><strong>O QUE \u00c9:<\/strong><br \/>As autoriza\u00e7\u00f5es para interven\u00e7\u00e3o em APP ou supress\u00e3o de vegeta\u00e7\u00e3o nativa de compet\u00eancia da Secretaria de Meio Ambiente e Agricultura, conforme Delibera\u00e7\u00e3o Normativa CONSEMA n\u00ba 01\/2024 s\u00e3o as que se enquadram nas situa\u00e7\u00f5es a seguir:<\/p><ul><li>Interven\u00e7\u00e3o em APPs desprovidas de vegeta\u00e7\u00e3o;<\/li><li>Supress\u00e3o de vegeta\u00e7\u00e3o pioneira ou ex\u00f3tica em APP;<\/li><li>Corte de \u00e1rvores nativas isoladas, dentro ou fora de \u00e1reas de preserva\u00e7\u00e3o permanente, nas hip\u00f3teses em que a supress\u00e3o ou a interven\u00e7\u00e3o sejam admitidas pela legisla\u00e7\u00e3o ambiental.<\/li><\/ul><p><strong>DOCUMENTOS NECESS\u00c1RIOS:<\/strong><\/p><ul><li>Requerimento impresso, devidamente preenchido e assinado pelo Propriet\u00e1rio ou Respons\u00e1vel Legal;<\/li><li>C\u00f3pia do RG e do CPF, no caso de Pessoa F\u00edsica, ou CNPJ, no caso de Pessoa Jur\u00eddica;<\/li><li>Procura\u00e7\u00e3o, quando for o caso;<\/li><li>Matr\u00edcula ou Transcri\u00e7\u00e3o do Registro do Im\u00f3vel, atualizada em 180 dias, emitida pelo Cart\u00f3rio do Registro de Im\u00f3veis competente;<\/li><li>Roteiro de acesso ao local;<\/li><li>C\u00f3pia do espelho do IPTU;<\/li><li>Laudo T\u00e9cnico e Planta Ambiental, acompanhado de ART do profissional habilitado, de acordo com as orienta\u00e7\u00f5es do <em>Roteiro de elabora\u00e7\u00e3o de Laudo T\u00e9cnico para interven\u00e7\u00e3o e\/ou supress\u00e3o de vegeta\u00e7\u00e3o em APP;<\/em><\/li><li>MCE \u2013 Memorial de Caracteriza\u00e7\u00e3o do Empreendimento para Supress\u00e3o de Vegeta\u00e7\u00e3o\/Interven\u00e7\u00e3o em APP;<\/li><li>Protocolo do pedido de outorga do direito de uso de recursos h\u00eddricos feito ao SP \u00c1guas \u2013 Ag\u00eancia de \u00c1guas do Estado de S\u00e3o Paulo (somente para interven\u00e7\u00f5es em APP com interfer\u00eancia em corpo h\u00eddrico). <em>: A interven\u00e7\u00e3o porventura autorizada s\u00f3 poder\u00e1 ser iniciada ap\u00f3s a obten\u00e7\u00e3o da outorga pelo SP \u00c1guas; o protocolo do pedido de outorga \u00e9 v\u00e1lido apenas para a emiss\u00e3o da autoriza\u00e7\u00e3o, e n\u00e3o para a execu\u00e7\u00e3o da interven\u00e7\u00e3o solicitada.<\/em><\/li><\/ul><p>A Secretaria de Meio Ambiente e Agricultura se reserva o direito de exigir complementa\u00e7\u00e3o de informa\u00e7\u00f5es a qualquer momento da an\u00e1lise do processo.<\/p><p><strong>TAXAS:<br \/><\/strong><strong>Taxa de Licenciamento Ambiental, a ser calculada com base nos crit\u00e9rios definidos na <\/strong>Lei Municipal n\u00ba 4020\/2012.<\/p><p><strong>COMO SOLICITAR:<br \/><\/strong>Toda a documenta\u00e7\u00e3o deve ser entregue no Protocolo da Prefeitura, situado no Ganha Tempo, na Rua Tiradentes, 283, Centro.<\/p><p><strong>DOCUMENTOS PARA DOWNLOAD:<\/strong><\/p><p><a href=\"https:\/\/capivari.sp.gov.br\/portal\/wp-content\/uploads\/2025\/03\/REQUERIMENTO_LICENCIAMENTO_INTERVENCAO-APP_SUPRESSAO.doc\" target=\"_blank\" rel=\"noopener\">Requerimento<\/a><\/p><p><a href=\"https:\/\/capivari.sp.gov.br\/portal\/wp-content\/uploads\/2025\/03\/MCE_INTERVENCAO-APP_SUPRESSAO.docx\" target=\"_blank\" rel=\"noopener\">MCE para autoriza\u00e7\u00e3o de interven\u00e7\u00e3o em APP\/supress\u00e3o de vegeta\u00e7\u00e3o<\/a><\/p><p><a href=\"https:\/\/capivari.sp.gov.br\/portal\/wp-content\/uploads\/2025\/03\/ROTEIRO-DE-ELABORACAO_LAUDO-TECNICO-DE-VEGETACAO.pdf\" target=\"_blank\" rel=\"noopener\">Roteiro de elabora\u00e7\u00e3o de Laudo T\u00e9cnico para interven\u00e7\u00e3o e\/ou supress\u00e3o de vegeta\u00e7\u00e3o em APP<\/a><\/p><p><strong>LEGISLA\u00c7\u00c3O:<\/strong><\/p><p><a href=\"https:\/\/www.planalto.gov.br\/ccivil_03\/_ato2011-2014\/2012\/lei\/l12651.htm\">Lei n\u00ba 12.651, de 25 de maio de 2012 (C\u00f3digo Florestal)<\/a><\/p><p><a href=\"https:\/\/www.al.sp.gov.br\/repositorio\/legislacao\/decreto\/2005\/decreto-49566-25.04.2005.html\">Decreto n\u00ba 49.566, de 25 de abril de 2005<\/a><\/p><p><a href=\"https:\/\/smastr16.blob.core.windows.net\/legislacao\/sites\/5\/2024\/04\/RESOLUCAO-SEMIL-002-2024-PAGINAS-30.31.32.33.34.pdf\">Resolu\u00e7\u00e3o Semil n\u00ba 2, de 02 de janeiro de 2024<\/a><\/p><p><a href=\"https:\/\/smastr16.blob.core.windows.net\/2001\/2024\/02\/DELIBERACAO_NORMATIVA_CONSEMA_01_2024.pdf\"><strong>Delibera\u00e7\u00e3o Normativa CONSEMA n\u00ba 01, de 08 de fevereiro de 2024<\/strong><\/a><\/p><p><a href=\"https:\/\/legislacaodigital.com.br\/Capivari-SP\/LeisOrdinarias\/4020-2012\">Lei Municipal n\u00ba 4020, de 03 de maio de 2012<\/a><\/p><p><a href=\"https:\/\/legislacaodigital.com.br\/Capivari-SP\/LeisOrdinarias\/4780-2015\">Lei Municipal n\u00ba 4780, de 25 de agosto de 2015<\/a><\/p><\/div>\n\t\t\t\t<\/div>\n\t\t\t\t\t\t\t<div class=\"elementor-accordion-item\">\n\t\t\t\t\t<div id=\"elementor-tab-title-64110\" class=\"elementor-tab-title\" data-tab=\"10\" role=\"button\" aria-controls=\"elementor-tab-content-64110\" aria-expanded=\"false\">\n\t\t\t\t\t\t\t\t\t\t\t\t\t<span class=\"elementor-accordion-icon elementor-accordion-icon-right\" aria-hidden=\"true\">\n\t\t\t\t\t\t\t\t\t\t\t\t\t\t\t<span class=\"elementor-accordion-icon-closed\"><svg class=\"e-font-icon-svg e-fas-plus\" viewBox=\"0 0 448 512\" xmlns=\"http:\/\/www.w3.org\/2000\/svg\"><path d=\"M416 208H272V64c0-17.67-14.33-32-32-32h-32c-17.67 0-32 14.33-32 32v144H32c-17.67 0-32 14.33-32 32v32c0 17.67 14.33 32 32 32h144v144c0 17.67 14.33 32 32 32h32c17.67 0 32-14.33 32-32V304h144c17.67 0 32-14.33 32-32v-32c0-17.67-14.33-32-32-32z\"><\/path><\/svg><\/span>\n\t\t\t\t\t\t\t\t<span class=\"elementor-accordion-icon-opened\"><svg class=\"e-font-icon-svg e-fas-minus\" viewBox=\"0 0 448 512\" xmlns=\"http:\/\/www.w3.org\/2000\/svg\"><path d=\"M416 208H32c-17.67 0-32 14.33-32 32v32c0 17.67 14.33 32 32 32h384c17.67 0 32-14.33 32-32v-32c0-17.67-14.33-32-32-32z\"><\/path><\/svg><\/span>\n\t\t\t\t\t\t\t\t\t\t\t\t\t\t<\/span>\n\t\t\t\t\t\t\t\t\t\t\t\t<a class=\"elementor-accordion-title\" tabindex=\"0\">Fiscaliza\u00e7\u00e3o ambiental<\/a>\n\t\t\t\t\t<\/div>\n\t\t\t\t\t<div id=\"elementor-tab-content-64110\" class=\"elementor-tab-content elementor-clearfix\" data-tab=\"10\" role=\"region\" aria-labelledby=\"elementor-tab-title-64110\"><p><strong>O QUE \u00c9:<\/strong><br \/>Fiscaliza\u00e7\u00e3o ambiental \u00e9 qualquer a\u00e7\u00e3o de controle, exercida pelo Poder P\u00fablico, para proteger os recursos ambientais, manter a integridade do meio ambiente, bem como assegurar o uso racional dos recursos naturais e seus subprodutos, coibindo as a\u00e7\u00f5es prejudiciais do homem sobre a natureza. Trata-se de um mecanismo de car\u00e1ter compuls\u00f3rio, estabelecido pelo Estado para disciplinamento de um bem p\u00fablico, implementado com o objetivo de garantir que o interesse coletivo se sobreponha ao interesse particular.<\/p><p>Os agentes credenciados, no exerc\u00edcio da fun\u00e7\u00e3o de fiscal, exercem o poder de pol\u00edcia administrativa, para assegurar a prote\u00e7\u00e3o do meio ambiente garantindo o controle da polui\u00e7\u00e3o e da degrada\u00e7\u00e3o ambiental, promovendo o uso racional dos recursos naturais, todas as a\u00e7\u00f5es em prol da melhoria da qualidade ambiental. Suas ferramentas b\u00e1sicas s\u00e3o as penalidades administrativas (advert\u00eancias\/notifica\u00e7\u00f5es, multas e suspens\u00e3o\/embargo de atividades).<\/p><p><strong>CANAL DE DEN\u00daNCIA:<\/strong><br \/>&#8211; Mato alto em terrenos abertos, descarte irregular de res\u00edduos em \u00e1reas p\u00fablicas<\/p><p><strong>Ouvidoria Municipal<\/strong><br \/><a href=\"https:\/\/capivari.sp.gov.br\/portal\/servicos\/ouvidoria\/\">https:\/\/capivari.sp.gov.br\/portal\/servicos\/ouvidoria\/<\/a><\/p><p><strong>Hor\u00e1rio de funcionamento:<br \/><\/strong> das 8h30 \u00e0s 16h30<\/p><p><strong>Telefone:<\/strong> 3492-0204<\/p><p><strong>Email:<\/strong> <a href=\"mailto:ouvidoria@capivari.sp.gov.br\">ouvidoria@capivari.sp.gov.br<\/a><\/p><p>Rua XV de Novembro, 639, Centro<\/p><p><strong>&#8211; Demais situa\u00e7\u00f5es:<\/strong><\/p><p>Secretaria de Meio Ambiente e Agricultura<\/p><p><strong>Telefone:<\/strong> 3492-0116<\/p><p><strong>E-mail:<\/strong> <a href=\"mailto:ambiente.capivari@gmail.com\">ambiente.capivari@gmail.com<\/a><\/p><p><strong>LEGISLA\u00c7\u00c3O:<\/strong><\/p><p><a href=\"https:\/\/www.planalto.gov.br\/ccivil_03\/leis\/l9605.htm\">Lei Federal n\u00ba 9.605, de 12 de fevereiro de 1998<\/a><\/p><p><a href=\"https:\/\/www.al.sp.gov.br\/repositorio\/legislacao\/lei\/1997\/lei-9509-20.03.1997.html\">Lei Estadual n\u00ba 9.509, de 20 de mar\u00e7o de 1997<\/a><\/p><p><a href=\"https:\/\/legislacaodigital.com.br\/Capivari-SP\/LeisOrdinarias\/3564-2009\">Lei Municipal n\u00ba 3564, de 29 de setembro de 2009<\/a><\/p><p><a href=\"https:\/\/legislacaodigital.com.br\/Capivari-SP\/LeisOrdinarias\/4780-2015\">Lei Municipal n\u00ba 4780, de 25 de agosto de 2015<\/a><\/p><\/div>\n\t\t\t\t<\/div>\n\t\t\t\t\t\t\t<div class=\"elementor-accordion-item\">\n\t\t\t\t\t<div id=\"elementor-tab-title-64111\" class=\"elementor-tab-title\" data-tab=\"11\" role=\"button\" aria-controls=\"elementor-tab-content-64111\" aria-expanded=\"false\">\n\t\t\t\t\t\t\t\t\t\t\t\t\t<span class=\"elementor-accordion-icon elementor-accordion-icon-right\" aria-hidden=\"true\">\n\t\t\t\t\t\t\t\t\t\t\t\t\t\t\t<span class=\"elementor-accordion-icon-closed\"><svg class=\"e-font-icon-svg e-fas-plus\" viewBox=\"0 0 448 512\" xmlns=\"http:\/\/www.w3.org\/2000\/svg\"><path d=\"M416 208H272V64c0-17.67-14.33-32-32-32h-32c-17.67 0-32 14.33-32 32v144H32c-17.67 0-32 14.33-32 32v32c0 17.67 14.33 32 32 32h144v144c0 17.67 14.33 32 32 32h32c17.67 0 32-14.33 32-32V304h144c17.67 0 32-14.33 32-32v-32c0-17.67-14.33-32-32-32z\"><\/path><\/svg><\/span>\n\t\t\t\t\t\t\t\t<span class=\"elementor-accordion-icon-opened\"><svg class=\"e-font-icon-svg e-fas-minus\" viewBox=\"0 0 448 512\" xmlns=\"http:\/\/www.w3.org\/2000\/svg\"><path d=\"M416 208H32c-17.67 0-32 14.33-32 32v32c0 17.67 14.33 32 32 32h384c17.67 0 32-14.33 32-32v-32c0-17.67-14.33-32-32-32z\"><\/path><\/svg><\/span>\n\t\t\t\t\t\t\t\t\t\t\t\t\t\t<\/span>\n\t\t\t\t\t\t\t\t\t\t\t\t<a class=\"elementor-accordion-title\" tabindex=\"0\">Recursos administrativos<\/a>\n\t\t\t\t\t<\/div>\n\t\t\t\t\t<div id=\"elementor-tab-content-64111\" class=\"elementor-tab-content elementor-clearfix\" data-tab=\"11\" role=\"region\" aria-labelledby=\"elementor-tab-title-64111\"><p><strong>O QUE \u00c9:<\/strong><br \/>Meio ou mecanismo para contestar uma decis\u00e3o administrativa e provocar o reexame do ato pela Administra\u00e7\u00e3o P\u00fablica, caso haja descontentamento ou discord\u00e2ncia da decis\u00e3o proferida pelo \u00f3rg\u00e3o p\u00fablico.<\/p><p>Podem ser solicitados recursos referentes aos servi\u00e7os prestados pela Secretaria de Meio Ambiente e Agricultura (prorroga\u00e7\u00e3o de prazo, licen\u00e7a ambiental, indeferimentos, etc.), bem como relativos a notifica\u00e7\u00f5es, advert\u00eancias ou multas efetuadas por esta Secretaria (capina\u00e7\u00e3o e limpeza de terreno, interven\u00e7\u00e3o em arboriza\u00e7\u00e3o urbana, queimadas, descarte irregular de res\u00edduos\/materiais, etc.).<\/p><p>PRAZO PARA RESPOSTA:<\/p><p>30 dias (contados a partir da entrega de toda a documenta\u00e7\u00e3o necess\u00e1ria).<\/p><p><strong>DOCUMENTOS NECESS\u00c1RIOS:<\/strong><\/p><ul><li><u>Requerimento<\/u> preenchido e assinado pelo respons\u00e1vel;<\/li><li>C\u00f3pia do RG e CPF do respons\u00e1vel;<\/li><li>C\u00f3pia da notifica\u00e7\u00e3o\/advert\u00eancia\/multa recebida, se for o caso;<\/li><li>Justificativa para o recurso, leg\u00edvel.<\/li><\/ul><p>Obs.: A Secretaria de Meio Ambiente e Agricultura poder\u00e1 solicitar informa\u00e7\u00f5es complementares, se necess\u00e1rio.<\/p><p><strong>TAXAS:<br \/><\/strong><strong>N\u00e3o se aplica.<\/strong><\/p><p><strong>COMO SOLICITAR:<br \/><\/strong>Toda a documenta\u00e7\u00e3o deve ser entregue no Protocolo da Prefeitura, situado no Ganha Tempo, na Rua Tiradentes, 283, Centro.<\/p><p><strong>DOCUMENTOS PARA DOWNLOAD:<\/strong><\/p><p><a href=\"https:\/\/capivari.sp.gov.br\/portal\/wp-content\/uploads\/2025\/03\/REQUERIMENTO_RECURSO-ADMINISTRATIVO.doc\" target=\"_blank\" rel=\"noopener\">Requerimento<\/a><\/p><p><strong>LEGISLA\u00c7\u00c3O:<\/strong><\/p><p><a href=\"https:\/\/legislacaodigital.com.br\/Capivari-SP\/LeisOrdinarias\/3564-2009\">Lei Municipal n\u00ba 3564, de 29 de setembro de 2009<\/a><\/p><\/div>\n\t\t\t\t<\/div>\n\t\t\t\t\t\t\t\t\t\t<script type=\"application\/ld+json\">{\"@context\":\"https:\\\/\\\/schema.org\",\"@type\":\"FAQPage\",\"mainEntity\":[{\"@type\":\"Question\",\"name\":\"\",\"acceptedAnswer\":{\"@type\":\"Answer\",\"text\":\"\"}},{\"@type\":\"Question\",\"name\":\"Doa\\u00e7\\u00e3o de mudas de \\u00e1rvores (nativas e frut\\u00edferas)\",\"acceptedAnswer\":{\"@type\":\"Answer\",\"text\":\"<p><strong>O QUE \\u00c9:<br \\\/><\\\/strong>Doa\\u00e7\\u00e3o de mudas produzidas no Viveiro Municipal, com o objetivo de incentivar o plantio, aumentar a arboriza\\u00e7\\u00e3o na \\u00e1rea urbana e conscientizar a popula\\u00e7\\u00e3o sobre os benef\\u00edcios das \\u00e1rvores. Cada morador da cidade pode retirar at\\u00e9 4 mudas por m\\u00eas, com a apresenta\\u00e7\\u00e3o de documento de identidade.<\\\/p><p><strong>HOR\\u00c1RIO DE ATENDIMENTO DO VIVEIRO MUNICIPAL:<br \\\/><\\\/strong>De segunda \\u00e0 sexta, de 07:30 \\u00e0s 11:00h e de 12:30 \\u00e0s 15:30h.<\\\/p><p><strong>ENDERE\\u00c7O:<br \\\/><\\\/strong>Rua dos Geradores, s\\\/n. Bairro Esta\\u00e7\\u00e3o.<\\\/p><p><strong>Localiza\\u00e7\\u00e3o:<\\\/strong> <br \\\/><a href=\\\"https:\\\/\\\/maps.app.goo.gl\\\/VoqgWBSdqpcmuLXF9\\\" target=\\\"_blank\\\" rel=\\\"noopener\\\">https:\\\/\\\/maps.app.goo.gl\\\/VoqgWBSdqpcmuLXF9<\\\/a><\\\/p><p><strong>DOCUMENTOS NECESS\\u00c1RIOS:<\\\/strong><\\\/p><ul><li>Apresentar RG no momento da retirada das mudas.<\\\/li><\\\/ul><p><strong>TAXAS:<br \\\/><\\\/strong><strong>N\\u00e3o se aplica.<\\\/strong><\\\/p>\"}},{\"@type\":\"Question\",\"name\":\"Programa \\u201cAdote esta \\u00c1rea\\u201d\",\"acceptedAnswer\":{\"@type\":\"Answer\",\"text\":\"<p><strong>O QUE \\u00c9:<\\\/strong><br \\\/>Programa municipal com o objetivo de concretizar parcerias para servi\\u00e7os de implanta\\u00e7\\u00e3o, revitaliza\\u00e7\\u00e3o e manuten\\u00e7\\u00e3o de \\u00e1reas verdes, pra\\u00e7as e demais espa\\u00e7os livres do munic\\u00edpio.<\\\/p><p><strong>PRAZO PARA RESPOSTA:<\\\/strong><br \\\/>30 dias (contados a partir da entrega de toda a documenta\\u00e7\\u00e3o necess\\u00e1ria).<\\\/p><p><strong>DOCUMENTOS NECESS\\u00c1RIOS:<\\\/strong><\\\/p><ul><li><u>Requerimento<\\\/u> preenchido e assinado pelo solicitante;<\\\/li><li>C\\u00f3pia do RG e CPF do solicitante, no caso de Pessoa F\\u00edsica;<\\\/li><li>C\\u00f3pia do CNPJ, no caso de Pessoa Jur\\u00eddica, juntamente com c\\u00f3pia do RG e CPF do representante legal;<\\\/li><li>Comprovante de endere\\u00e7o do solicitante;<\\\/li><li>Croqui de localiza\\u00e7\\u00e3o da \\u00e1rea a ser adotada;<\\\/li><li>Projeto simplificado de inten\\u00e7\\u00e3o de uso, elaborado conforme <em>Diretrizes do Programa Adote Esta \\u00c1rea<\\\/em>, elaborado pela Secretaria de Meio Ambiente e Agricultura.<\\\/li><\\\/ul><p>Obs.: A Secretaria de Meio Ambiente e Agricultura poder\\u00e1 solicitar informa\\u00e7\\u00f5es complementares, se necess\\u00e1rio.<\\\/p><p><strong>TAXAS:<br \\\/><\\\/strong><strong>N\\u00e3o se aplica.<\\\/strong><\\\/p><p><strong>COMO SOLICITAR:<br \\\/><\\\/strong>Toda a documenta\\u00e7\\u00e3o deve ser entregue no Protocolo da Prefeitura, situado no Ganha Tempo, na Rua Tiradentes, 283, Centro.<\\\/p><p><strong>DOCUMENTOS PARA DOWNLOAD:<\\\/strong><\\\/p><p><a href=\\\"https:\\\/\\\/capivari.sp.gov.br\\\/portal\\\/wp-content\\\/uploads\\\/2025\\\/03\\\/REQUERIMENTO_ADOTE-ESTA-AREA.docm\\\" target=\\\"_blank\\\" rel=\\\"noopener\\\">Requerimento<\\\/a><\\\/p><p><a href=\\\"https:\\\/\\\/capivari.sp.gov.br\\\/portal\\\/wp-content\\\/uploads\\\/2025\\\/03\\\/DIRETRIZES-DO-PROGRAMA-ADOTE-ESTA-AREA.pdf\\\" target=\\\"_blank\\\" rel=\\\"noopener\\\">Diretrizes do Programa \\u201cAdote Esta \\u00c1rea\\u201d<\\\/a><\\\/p><p><strong>LEGISLA\\u00c7\\u00c3O:<\\\/strong><\\\/p><p><a href=\\\"https:\\\/\\\/legislacaodigital.com.br\\\/Capivari-SP\\\/LeisOrdinarias\\\/3057-2005\\\">Lei Municipal n\\u00ba 3057, de 10 de mar\\u00e7o de 2005<\\\/a><\\\/p><p><a href=\\\"https:\\\/\\\/legislacaodigital.com.br\\\/Capivari-SP\\\/LeisOrdinarias\\\/3532-2009\\\">Lei Municipal n\\u00ba 3532, de 07 de julho de 2009<\\\/a><\\\/p>\"}},{\"@type\":\"Question\",\"name\":\"Palestras e a\\u00e7\\u00f5es volunt\\u00e1rias de educa\\u00e7\\u00e3o ambiental\",\"acceptedAnswer\":{\"@type\":\"Answer\",\"text\":\"<p><strong>O QUE \\u00c9:<br \\\/><\\\/strong>Realiza\\u00e7\\u00e3o de palestras educativas voltadas \\u00e0 conscientiza\\u00e7\\u00e3o ambiental, priorizando temas como a import\\u00e2ncia da arboriza\\u00e7\\u00e3o urbana, preserva\\u00e7\\u00e3o de \\u00e1reas verdes, uso racional da \\u00e1gua, gest\\u00e3o de res\\u00edduos s\\u00f3lidos (coleta seletiva, reciclagem e compostagem), mudan\\u00e7as clim\\u00e1ticas, dentre outros, adaptados ao p\\u00fablico-alvo.<\\\/p><p><strong>COMO SOLICITAR:<br \\\/><\\\/strong>Escolas, empresas ou institui\\u00e7\\u00f5es interessadas devem entrar em contato com a Secretaria de Meio Ambiente e Agricultura atrav\\u00e9s do e-mail <a href=\\\"mailto:ambiente.capivari@gmail.com\\\">ambiente.capivari@gmail.com<\\\/a>.<\\\/p><p><strong>TAXAS:<br \\\/><\\\/strong><strong>N\\u00e3o se aplica.<\\\/strong><\\\/p>\"}},{\"@type\":\"Question\",\"name\":\"Manifesta\\u00e7\\u00e3o ambiental\",\"acceptedAnswer\":{\"@type\":\"Answer\",\"text\":\"<p><strong>O QUE \\u00c9:<\\\/strong><br \\\/>Documento emitido pela Secretaria de Meio Ambiente e Agricultura relativo aos potenciais impactos ambientais do empreendimento ou atividade objeto de licenciamento ambiental de compet\\u00eancia estadual (CETESB-SP), ou manifesta\\u00e7\\u00e3o em rela\\u00e7\\u00e3o a situa\\u00e7\\u00f5es espec\\u00edficas e particulares tais como incid\\u00eancia de \\u00e1rea de preserva\\u00e7\\u00e3o permanente (APP), restri\\u00e7\\u00f5es em virtude das leis ambientais municipais, dentre outras.<\\\/p><p>Obs.: A Manifesta\\u00e7\\u00e3o Ambiental tem validade de 180 dias.<\\\/p><p><strong>PRAZO PARA RESPOSTA:<br \\\/><\\\/strong>30 dias (contados a partir da entrega de toda a documenta\\u00e7\\u00e3o necess\\u00e1ria).<\\\/p><p><strong>DOCUMENTOS NECESS\\u00c1RIOS:<\\\/strong><\\\/p><ul><li><u>Requerimento<\\\/u> preenchido e assinado pelo propriet\\u00e1rio do im\\u00f3vel;<\\\/li><li>C\\u00f3pia do RG e CPF do propriet\\u00e1rio do im\\u00f3vel, no caso de Pessoa F\\u00edsica;<\\\/li><li>C\\u00f3pia do CNPJ e do Contrato Social, no caso de Pessoa Jur\\u00eddica, juntamente com c\\u00f3pia do RG e CPF do representante legal;<\\\/li><li>C\\u00f3pia do espelho do IPTU para im\\u00f3vel urbano, ou ITR e matr\\u00edcula para im\\u00f3vel rural;<\\\/li><li>Certid\\u00e3o de matr\\u00edcula do im\\u00f3vel;<\\\/li><li>Croqui com a localiza\\u00e7\\u00e3o do im\\u00f3vel, contendo elementos de refer\\u00eancia (como ruas, parques, etc.);<\\\/li><li>Descri\\u00e7\\u00e3o sucinta da atividade a ser desenvolvida no local, com informa\\u00e7\\u00f5es pertinentes ao enquadramento da atividade, como c\\u00f3digo CNAE, n\\u00famero de funcion\\u00e1rios, hor\\u00e1rios e turnos de trabalho, estimativa de atendimentos di\\u00e1rios, emiss\\u00e3o de radia\\u00e7\\u00e3o, odores, gases, vapores ou material particulado, maquin\\u00e1rios, equipamentos e materiais utilizados, etc.<\\\/li><\\\/ul><p>Obs.: A Secretaria de Meio Ambiente e Agricultura poder\\u00e1 solicitar informa\\u00e7\\u00f5es complementares, se necess\\u00e1rio.<\\\/p><p><strong>TAXAS:<br \\\/><\\\/strong><strong>N\\u00e3o se aplica.<\\\/strong><\\\/p><p><strong>COMO SOLICITAR:<br \\\/><\\\/strong>Toda a documenta\\u00e7\\u00e3o deve ser entregue no Protocolo da Prefeitura, situado no Ganha Tempo, na Rua Tiradentes, 283, Centro.<\\\/p><p><strong>DOCUMENTOS PARA DOWNLOAD:<\\\/strong><\\\/p><p><a href=\\\"https:\\\/\\\/capivari.sp.gov.br\\\/portal\\\/wp-content\\\/uploads\\\/2025\\\/03\\\/REQUERIMENTO_MANIFESTACAO-AMBIENTAL.doc\\\" target=\\\"_blank\\\" rel=\\\"noopener\\\">Requerimento<\\\/a><\\\/p><p><strong>LEGISLA\\u00c7\\u00c3O:<\\\/strong><\\\/p><p><a href=\\\"https:\\\/\\\/conama.mma.gov.br\\\/?option=com_sisconama&amp;task=arquivo.download&amp;id=237\\\">Resolu\\u00e7\\u00e3o CONAMA n\\u00ba 237, de 19 de dezembro de 1997<\\\/a><\\\/p><p><a href=\\\"https:\\\/\\\/smastr16.blob.core.windows.net\\\/legislacao\\\/sites\\\/262\\\/2022\\\/07\\\/2009resolucao_sma_022_2009-1.pdf\\\">Resolu\\u00e7\\u00e3o SMA n\\u00ba 22, de 15 de abril de 2009<\\\/a><\\\/p>\"}},{\"@type\":\"Question\",\"name\":\"Certid\\u00e3o de tratamento ac\\u00fastico adequado\",\"acceptedAnswer\":{\"@type\":\"Answer\",\"text\":\"<p><strong>O QUE \\u00c9:<\\\/strong><br \\\/>A Certid\\u00e3o de Tratamento Ac\\u00fastico Adequado \\u00e9 o documento que atesta que o estabelecimento\\\/empreendimento passou por per\\u00edcia, realizada por profissional habilitado, onde foram medidos os n\\u00edveis de ru\\u00eddo durante o funcionamento e comparados com aqueles permitidos pelo munic\\u00edpio.<\\\/p><p>Obs.: A Certid\\u00e3o de Tratamento Ac\\u00fastico Adequado ter\\u00e1 validade de 1 (um) ano, conforme Lei Complementar 038\\\/2011.<\\\/p><p>A solicita\\u00e7\\u00e3o de <u>Renova\\u00e7\\u00e3o da Certid\\u00e3o de Tratamento Ac\\u00fastico Adequado<\\\/u> dever\\u00e1 ser realizada 3 (tr\\u00eas) meses antes do seu vencimento, n\\u00e3o se admitindo o funcionamento do estabelecimento com a Certid\\u00e3o vencida.<\\\/p><p><strong>PRAZO PARA RESPOSTA:<br \\\/><\\\/strong>30 dias (contados a partir da entrega de toda a documenta\\u00e7\\u00e3o necess\\u00e1ria).<\\\/p><p><strong>DOCUMENTOS NECESS\\u00c1RIOS:<\\\/strong><\\\/p><ul><li><u>Requerimento<\\\/u> preenchido e assinado pelo respons\\u00e1vel pelo empreendimento;<\\\/li><li>C\\u00f3pia do CNPJ, juntamente com c\\u00f3pia do RG e CPF do representante legal do empreendimento;<\\\/li><li>Alvar\\u00e1 de funcionamento;<\\\/li><li>Laudo de avalia\\u00e7\\u00e3o de ru\\u00eddo, conforme NBRs 10151\\\/2019 e NBR 10152\\\/2017, e Lei Complementar 038\\\/2011, acompanhado de ART do profissional habilitado;<\\\/li><li>Certid\\u00e3o de Tratamento Ac\\u00fastico Adequado anterior, no caso de renova\\u00e7\\u00e3o.<\\\/li><\\\/ul><p>Obs.: A Secretaria de Meio Ambiente e Agricultura poder\\u00e1 solicitar informa\\u00e7\\u00f5es complementares, se necess\\u00e1rio.<\\\/p><p><strong>TAXAS:<br \\\/><\\\/strong><strong>N\\u00e3o se aplica.<\\\/strong><\\\/p><p><strong>COMO SOLICITAR:<br \\\/><\\\/strong>Toda a documenta\\u00e7\\u00e3o deve ser entregue no Protocolo da Prefeitura, situado no Ganha Tempo, na Rua Tiradentes, 283, Centro.<\\\/p><p><strong>DOCUMENTOS PARA DOWNLOAD:<\\\/strong><\\\/p><p><a href=\\\"https:\\\/\\\/capivari.sp.gov.br\\\/portal\\\/wp-content\\\/uploads\\\/2025\\\/03\\\/REQUERIMENTO_CERTIDAO-DE-TRATAMENTO-ACUSTICO.doc\\\" target=\\\"_blank\\\" rel=\\\"noopener\\\">Requerimento<\\\/a><\\\/p><p><strong>LEGISLA\\u00c7\\u00c3O:<\\\/strong><\\\/p><p><a href=\\\"https:\\\/\\\/legislacaodigital.com.br\\\/Capivari-SP\\\/LeisComplementares\\\/38-2011\\\">Lei Complementar n\\u00ba 038, de 13 de dezembro de 2011<\\\/a><\\\/p>\"}},{\"@type\":\"Question\",\"name\":\"Autoriza\\u00e7\\u00e3o para poda de \\u00e1rvore\",\"acceptedAnswer\":{\"@type\":\"Answer\",\"text\":\"<p><strong>O QUE \\u00c9:<\\\/strong><br \\\/>Corte de certas ramifica\\u00e7\\u00f5es\\\/galhos da \\u00e1rvore para fins de adequa\\u00e7\\u00e3o, limpeza, forma\\u00e7\\u00e3o, condu\\u00e7\\u00e3o, corre\\u00e7\\u00e3o, levantamento e emergencial.<\\\/p><p>Para \\u00e1rvores em \\u00e1rea p\\u00fablica (incluindo cal\\u00e7adas), a execu\\u00e7\\u00e3o de poda s\\u00f3 poder\\u00e1 ser realizada mediante autoriza\\u00e7\\u00e3o da Secretaria de Meio Ambiente e Agricultura, independente do tipo de poda.<\\\/p><p>Nos casos de poda de manuten\\u00e7\\u00e3o e forma\\u00e7\\u00e3o em propriedade particular (\\u00e1rvores na \\u00e1rea interna do im\\u00f3vel), poder\\u00e1 ser realizada sem autoriza\\u00e7\\u00e3o, desde que respeitado o disposto na Lei n\\u00ba 4780\\\/2015, Art. 17. <u>Podas dr\\u00e1sticas<\\\/u>, ainda que em propriedade particular, s\\u00f3 poder\\u00e3o ser realizadas mediante autoriza\\u00e7\\u00e3o da Secretaria de Meio Ambiente e Agricultura.<\\\/p><p><strong>PRAZO PARA RESPOSTA:<br \\\/><\\\/strong>30 dias (contados a partir da entrega de toda a documenta\\u00e7\\u00e3o necess\\u00e1ria).<\\\/p><p><strong>DOCUMENTOS NECESS\\u00c1RIOS:<\\\/strong><\\\/p><p><strong>\\u00c1rvores em cal\\u00e7ada ou \\u00e1rea p\\u00fablica<\\\/strong><\\\/p><ul><li><u>Requerimento<\\\/u> preenchido e assinado pelo propriet\\u00e1rio do im\\u00f3vel;<\\\/li><li>C\\u00f3pia do RG e CPF do propriet\\u00e1rio;<\\\/li><li>C\\u00f3pia do espelho do IPTU;<\\\/li><li>Anu\\u00eancia do propriet\\u00e1rio do im\\u00f3vel, para o caso de inquilino, acompanhado de c\\u00f3pia do contrato de loca\\u00e7\\u00e3o.<\\\/li><\\\/ul><p><strong>\\u00c1rvores em \\u00e1rea particular<\\\/strong><\\\/p><ul><li><u>Requerimento<\\\/u> preenchido e assinado pelo propriet\\u00e1rio do im\\u00f3vel;<\\\/li><li>C\\u00f3pia do RG e CPF do propriet\\u00e1rio;<\\\/li><li>C\\u00f3pia do espelho do IPTU, no nome do propriet\\u00e1rio;<\\\/li><li>Anu\\u00eancia do propriet\\u00e1rio do im\\u00f3vel, para o caso de inquilino, acompanhado de c\\u00f3pia do contrato de loca\\u00e7\\u00e3o.<\\\/li><\\\/ul><p>Obs.: A Secretaria de Meio Ambiente e Agricultura poder\\u00e1 solicitar informa\\u00e7\\u00f5es complementares, se necess\\u00e1rio.<\\\/p><p><strong>TAXAS:<br \\\/><\\\/strong><strong>N\\u00e3o se aplica.<\\\/strong><\\\/p><p><strong>COMO SOLICITAR:<\\\/strong><\\\/p><p>Toda a documenta\\u00e7\\u00e3o deve ser entregue no Protocolo da Prefeitura, situado no Ganha Tempo, na Rua Tiradentes, 283, Centro.<\\\/p><p><strong>DOCUMENTOS PARA DOWNLOAD:<\\\/strong><\\\/p><p><a href=\\\"https:\\\/\\\/capivari.sp.gov.br\\\/portal\\\/wp-content\\\/uploads\\\/2025\\\/03\\\/REQUERIMENTO_PODA-DE-ARVORE.doc\\\" target=\\\"_blank\\\" rel=\\\"noopener\\\">Requerimento<\\\/a><\\\/p><p><a href=\\\"https:\\\/\\\/capivari.sp.gov.br\\\/portal\\\/wp-content\\\/uploads\\\/2025\\\/03\\\/GUIA-MUNICIPAL-DE-ARBORIZACAO-URBANA.pdf\\\" target=\\\"_blank\\\" rel=\\\"noopener\\\">Guia Municipal de Arboriza\\u00e7\\u00e3o Urbana<\\\/a><\\\/p><p><strong>LEGISLA\\u00c7\\u00c3O:<\\\/strong><\\\/p><p><a href=\\\"https:\\\/\\\/legislacaodigital.com.br\\\/Capivari-SP\\\/LeisOrdinarias\\\/4780-2015\\\">Lei Municipal n\\u00ba 4780, de 25 de agosto de 2015<\\\/a><\\\/p><p><a href=\\\"https:\\\/\\\/legislacaodigital.com.br\\\/Capivari-SP\\\/LeisOrdinarias\\\/7162-2025\\\">Lei Municipal n\\u00ba 7162, de 12 de fevereiro de 2025<\\\/a><\\\/p>\"}},{\"@type\":\"Question\",\"name\":\"Autoriza\\u00e7\\u00e3o para corte de \\u00e1rvore\",\"acceptedAnswer\":{\"@type\":\"Answer\",\"text\":\"<p><strong>O QUE \\u00c9:<\\\/strong><br \\\/>Remo\\u00e7\\u00e3o total de indiv\\u00edduo arb\\u00f3reo em caso de <u>comprovada necessidade<\\\/u>, nos termos da legisla\\u00e7\\u00e3o vigente.<\\\/p><p><strong>PRAZO PARA RESPOSTA:<br \\\/><\\\/strong>30 dias (contados a partir da entrega de toda a documenta\\u00e7\\u00e3o necess\\u00e1ria).<\\\/p><p><strong>7.1 \\u2013 \\u00c1RVORE EM VIA P\\u00daBLICA (CAL\\u00c7ADA\\\/\\u00c1REA VERDE P\\u00daBLICA)<\\\/strong><\\\/p><p><strong>DOCUMENTOS NECESS\\u00c1RIOS:<\\\/strong><\\\/p><ul><li><u>Requerimento<\\\/u> preenchido e assinado pelo propriet\\u00e1rio do im\\u00f3vel;<\\\/li><li>C\\u00f3pia do RG e CPF do propriet\\u00e1rio;<\\\/li><li>C\\u00f3pia do espelho do IPTU, no nome do propriet\\u00e1rio;<\\\/li><li>Anu\\u00eancia do propriet\\u00e1rio do im\\u00f3vel, para o caso de inquilino, acompanhado de c\\u00f3pia do contrato de loca\\u00e7\\u00e3o;<\\\/li><\\\/ul><p><strong>7.2 \\u2013 \\u00c1RVORE EM LOTE\\\/PROPRIEDADE PARTICULAR<\\\/strong><\\\/p><p><strong>DOCUMENTOS NECESS\\u00c1RIOS:<\\\/strong><\\\/p><ul><li><u>Requerimento<\\\/u> preenchido e assinado pelo propriet\\u00e1rio do im\\u00f3vel;<\\\/li><li>C\\u00f3pia do RG e CPF do propriet\\u00e1rio;<\\\/li><li>C\\u00f3pia do espelho do IPTU, no nome do propriet\\u00e1rio;<\\\/li><li>Anu\\u00eancia do propriet\\u00e1rio do im\\u00f3vel, para o caso de inquilino, acompanhado de c\\u00f3pia do contrato de loca\\u00e7\\u00e3o;<\\\/li><li>Laudo T\\u00e9cnico, acompanhado de Anota\\u00e7\\u00e3o de Responsabilidade T\\u00e9cnica (ART) do profissional habilitado (Eng. Agr\\u00f4nomo\\\/Florestal ou Bi\\u00f3logo); contendo minimamente a lista de \\u00e1rvores numeradas com justificativa para o corte, relat\\u00f3rio fotogr\\u00e1fico de cada uma das \\u00e1rvores indicadas para remo\\u00e7\\u00e3o, e croqui ou planta indicando a localiza\\u00e7\\u00e3o do im\\u00f3vel e das edifica\\u00e7\\u00f5es que existam nele, al\\u00e9m da localiza\\u00e7\\u00e3o da(s) \\u00e1rvore(s), numerando-as e relacionando com os n\\u00fameros das fotos do relat\\u00f3rio;<\\\/li><li>Laudo t\\u00e9cnico que comprove dano permanente ao patrim\\u00f4nio do im\\u00f3vel, acompanhado da ART recolhida por engenheiro civil, se for o caso;<\\\/li><li>Planta baixa do im\\u00f3vel, aprovada pelo \\u00f3rg\\u00e3o competente, e Alvar\\u00e1 de Licen\\u00e7a, no caso de novas constru\\u00e7\\u00f5es\\\/amplia\\u00e7\\u00f5es.<\\\/li><\\\/ul><p>Obs.: A Secretaria de Meio Ambiente e Agricultura poder\\u00e1 solicitar informa\\u00e7\\u00f5es complementares, se necess\\u00e1rio.<\\\/p><p><strong>TAXAS:<br \\\/><\\\/strong><strong>N\\u00e3o se aplica.<\\\/strong><\\\/p><p><strong>COMO SOLICITAR:<\\\/strong><\\\/p><p>Toda a documenta\\u00e7\\u00e3o deve ser entregue no Protocolo da Prefeitura, situado no Ganha Tempo, na Rua Tiradentes, 283, Centro.<\\\/p><p><strong>DOCUMENTOS PARA DOWNLOAD:<\\\/strong><\\\/p><p><a href=\\\"https:\\\/\\\/capivari.sp.gov.br\\\/portal\\\/wp-content\\\/uploads\\\/2025\\\/03\\\/REQUERIMENTO_CORTE-DE-ARVORE.doc\\\" target=\\\"_blank\\\" rel=\\\"noopener\\\">Requerimento<\\\/a><\\\/p><p><a href=\\\"https:\\\/\\\/capivari.sp.gov.br\\\/portal\\\/wp-content\\\/uploads\\\/2025\\\/03\\\/GUIA-MUNICIPAL-DE-ARBORIZACAO-URBANA-1.pdf\\\" target=\\\"_blank\\\" rel=\\\"noopener\\\">Guia Municipal de Arboriza\\u00e7\\u00e3o Urbana<\\\/a><\\\/p><p><strong>LEGISLA\\u00c7\\u00c3O:<\\\/strong><\\\/p><p><a href=\\\"https:\\\/\\\/legislacaodigital.com.br\\\/Capivari-SP\\\/LeisOrdinarias\\\/4780-2015\\\">Lei Municipal n\\u00ba 4780, de 25 de agosto de 2015<\\\/a><\\\/p><p><a href=\\\"https:\\\/\\\/legislacaodigital.com.br\\\/Capivari-SP\\\/LeisOrdinarias\\\/7162-2025\\\">Lei Municipal n\\u00ba 7162, de 12 de fevereiro de 2025<\\\/a><\\\/p>\"}},{\"@type\":\"Question\",\"name\":\"Licenciamento ambiental municipal\",\"acceptedAnswer\":{\"@type\":\"Answer\",\"text\":\"<p><strong>Rela\\u00e7\\u00e3o de Licen\\u00e7as e Autoriza\\u00e7\\u00f5es Ambientais emitidas em 2024<\\\/strong><\\\/p><p><a href=\\\"https:\\\/\\\/capivari.sp.gov.br\\\/portal\\\/wp-content\\\/uploads\\\/2026\\\/02\\\/LICENCIAMENTO-AMBIENTAL-MUNICIPAL-AUTORIZACOES-EMITIDAS-EM-2024.pdf\\\" target=\\\"_blank\\\" rel=\\\"noopener\\\">LICENCIAMENTO AMBIENTAL MUNICIPAL &#8211; AUTORIZA\\u00c7\\u00d5ES EMITIDAS EM 2024<\\\/a><\\\/p><p><a href=\\\"https:\\\/\\\/capivari.sp.gov.br\\\/portal\\\/wp-content\\\/uploads\\\/2026\\\/02\\\/LICENCIAMENTO-AMBIENTAL-MUNICIPAL-LICENCAS-EMITIDAS-EM-2024.pdf\\\" target=\\\"_blank\\\" rel=\\\"noopener\\\">LICENCIAMENTO AMBIENTAL MUNICIPAL &#8211; LICEN\\u00c7AS EMITIDAS EM 2024<\\\/a><\\\/p><p><strong>Rela\\u00e7\\u00e3o de Licen\\u00e7as e Autoriza\\u00e7\\u00f5es Ambientais emitidas em 2025<\\\/strong><\\\/p><p><a href=\\\"https:\\\/\\\/capivari.sp.gov.br\\\/portal\\\/wp-content\\\/uploads\\\/2026\\\/02\\\/LICENCIAMENTO-AMBIENTAL-MUNICIPAL-AUTORIZACOES-EMITIDAS-EM-2025.pdf\\\" target=\\\"_blank\\\" rel=\\\"noopener\\\">LICENCIAMENTO AMBIENTAL MUNICIPAL &#8211; AUTORIZA\\u00c7\\u00d5ES EMITIDAS EM 2025<\\\/a><\\\/p><p><a href=\\\"https:\\\/\\\/capivari.sp.gov.br\\\/portal\\\/wp-content\\\/uploads\\\/2026\\\/02\\\/LICENCIAMENTO-AMBIENTAL-MUNICIPAL-LICENCAS-EMITIDAS-EM-2025.pdf\\\" target=\\\"_blank\\\" rel=\\\"noopener\\\">LICENCIAMENTO AMBIENTAL MUNICIPAL &#8211; LICEN\\u00c7AS EMITIDAS EM 2025<\\\/a><br \\\/><strong><br \\\/>8.1 \\u2013 LICEN\\u00c7A PR\\u00c9VIA (LP)<\\\/strong><\\\/p><p><strong>O QUE \\u00c9:<br \\\/><\\\/strong>Licen\\u00e7a que aprova a localiza\\u00e7\\u00e3o e concep\\u00e7\\u00e3o do empreendimento, atividade ou obra na fase preliminar do planejamento, atestando sua viabilidade ambiental, estabelecendo os requisitos b\\u00e1sicos e condicionantes a serem atendidos nas pr\\u00f3ximas fases de sua implanta\\u00e7\\u00e3o.<\\\/p><p><strong>PRAZO PARA RESPOSTA:<\\\/strong><br \\\/>60 dias (contados a partir da entrega de toda a documenta\\u00e7\\u00e3o necess\\u00e1ria).<\\\/p><p><strong>DOCUMENTOS NECESS\\u00c1RIOS:<\\\/strong><\\\/p><ul><li><strong>Requerimento preenchido e assinado pelo respons\\u00e1vel pelo empreendimento;<\\\/strong><\\\/li><li>C\\u00f3pia do RG e CPF do respons\\u00e1vel, no caso de Pessoa F\\u00edsica;<\\\/li><li>C\\u00f3pia do CNPJ e do Contrato Social, no caso de Pessoa Jur\\u00eddica, juntamente com c\\u00f3pia do RG e CPF do representante legal;<\\\/li><li><strong>Comprovante de pagamento da Taxa de Licenciamento Ambiental (o boleto ser\\u00e1 emitido ap\\u00f3s o protocolo dos demais documentos);<\\\/strong><\\\/li><li><strong>Procura\\u00e7\\u00e3o, quando for o caso;<\\\/strong><\\\/li><li><strong>Matr\\u00edcula do im\\u00f3vel onde ser\\u00e1 implantado o empreendimento;<\\\/strong><\\\/li><li><strong>Certid\\u00e3o de Uso e Ocupa\\u00e7\\u00e3o do Solo, emitida pelo \\u00f3rg\\u00e3o competente, informando se o zoneamento definido para o local permite o empreendimento\\\/atividade objeto da LP;<\\\/strong><\\\/li><li><strong>Conta de \\u00e1gua e esgoto ou certid\\u00e3o emitida pelo SAAE, informando se o local onde o empreendimento pretende se instalar \\u00e9 atendido pelas redes de distribui\\u00e7\\u00e3o de \\u00e1gua e coleta de esgoto;<\\\/strong><\\\/li><li><strong>Certid\\u00e3o de lan\\u00e7amento de efluentes na rede p\\u00fablica emitida pelo SAAE, nos casos em que houver lan\\u00e7amento de efluentes n\\u00e3o-dom\\u00e9sticos;<\\\/strong><\\\/li><li><strong>MCE &#8211; <em>Memorial de Caracteriza\\u00e7\\u00e3o do Empreendimento<\\\/em>, conforme modelo disponibilizado pela Secretaria de Meio Ambiente e Agricultura;<\\\/strong><\\\/li><li><strong>Croqui de Localiza\\u00e7\\u00e3o, indicando o uso do solo e constru\\u00e7\\u00f5es existentes nas imedia\\u00e7\\u00f5es do empreendimento, num raio m\\u00ednimo de 100\\u00a0m. Se houver curso d\\u2019\\u00e1gua ou nascente, num raio de 100\\u00a0m do empreendimento, apresentar no croqui detalhado a dist\\u00e2ncia das edifica\\u00e7\\u00f5es em rela\\u00e7\\u00e3o ao(s) corpo(s) d\\u2019\\u00e1gua e ou nascente(s);<\\\/strong><\\\/li><li><strong>Disposi\\u00e7\\u00e3o f\\u00edsica dos equipamentos (layout) que pode ser demonstrada em croqui ou em planta baixa da constru\\u00e7\\u00e3o;<\\\/strong><\\\/li><li><strong>Outorga de implanta\\u00e7\\u00e3o do empreendimento emitida pelo SP \\u00c1guas, se houver capta\\u00e7\\u00e3o de \\u00e1guas subterr\\u00e2neas ou superficiais ou lan\\u00e7amento de efluentes l\\u00edquidos em corpo d\\u00b4\\u00e1gua;<\\\/strong><\\\/li><li><strong>Anu\\u00eancia da empresa concession\\u00e1ria\\\/permission\\u00e1ria, se o empreendimento pretende se instalar pr\\u00f3ximo a rodovias e lan\\u00e7ar suas \\u00e1guas pluviais na faixa de dom\\u00ednio dessas rodovias;<\\\/strong><\\\/li><li><strong>No caso de im\\u00f3vel rural, conforme definido pela IN MMA 02\\\/14, \\u00e9 obrigat\\u00f3ria a apresenta\\u00e7\\u00e3o do registro no CAR;<\\\/strong><\\\/li><li><strong>Roteiro de acesso at\\u00e9 o local a ser licenciado para permitir a inspe\\u00e7\\u00e3o no local;<\\\/strong><\\\/li><li><strong>Quando o processo tratar de Microempresa (ME), Empresa de Pequeno Porte (EPP) ou Microempreendedor Individual (MEI), tamb\\u00e9m ser\\u00e1 necess\\u00e1rio acrescentar os seguintes documentos:<\\\/strong><\\\/li><\\\/ul><p><strong>Para Microempresas e Empresas de Pequeno Porte:<\\\/strong><\\\/p><ul><li><strong>Comprovante de Optante pelo Simples Nacional (se optante);<\\\/strong><\\\/li><li><strong>Ficha cadastral simplificada emitida pelo site da JUCESP \\u2013 https:\\\/\\\/www.jucesponline.sp.gov.br<\\\/strong><\\\/li><\\\/ul><p><strong>No caso de Microempreendedor Individual, este dever\\u00e1 apresentar:<\\\/strong><\\\/p><ul><li><strong>Comprovante de inscri\\u00e7\\u00e3o e de situa\\u00e7\\u00e3o cadastral;<\\\/strong><\\\/li><li><strong>RG e CPF;<\\\/strong><\\\/li><li><strong>Comprovante de endere\\u00e7o.<\\\/strong><\\\/li><\\\/ul><p>Obs.: A Secretaria de Meio Ambiente e Agricultura poder\\u00e1 solicitar informa\\u00e7\\u00f5es complementares, se necess\\u00e1rio.<\\\/p><p><strong>TAXAS:<br \\\/><\\\/strong><strong>Taxa de Licenciamento Ambiental, a ser calculada com base nos crit\\u00e9rios definidos na <\\\/strong>Lei Municipal n\\u00ba 4020\\\/2012.<\\\/p><p><strong>COMO SOLICITAR:<br \\\/><\\\/strong>Toda a documenta\\u00e7\\u00e3o deve ser entregue no Protocolo da Prefeitura, situado no Ganha Tempo, na Rua Tiradentes, 283, Centro.<\\\/p><p><strong>DOCUMENTOS PARA DOWNLOAD:<\\\/strong><\\\/p><p><a href=\\\"https:\\\/\\\/capivari.sp.gov.br\\\/portal\\\/wp-content\\\/uploads\\\/2025\\\/03\\\/REQUERIMENTO_LICENCIAMENTO_INTERVENCAO-APP_SUPRESSAO.doc\\\" target=\\\"_blank\\\" rel=\\\"noopener\\\">Requerimento<\\\/a><\\\/p><p><a href=\\\"https:\\\/\\\/capivari.sp.gov.br\\\/portal\\\/wp-content\\\/uploads\\\/2025\\\/03\\\/MCE_LICENCIAMENTO_ATIVIDADE-INDUSTRIAL.docm\\\" target=\\\"_blank\\\" rel=\\\"noopener\\\">MCE &#8211; Memorial de Caracteriza\\u00e7\\u00e3o do Empreendimento \\u2013 ATIVIDADE INDUSTRIAL<\\\/a><\\\/p><p><a href=\\\"https:\\\/\\\/capivari.sp.gov.br\\\/portal\\\/wp-content\\\/uploads\\\/2025\\\/03\\\/MCE_LICENCIAMENTO_ATIVIDADE-NAO-INDUSTRIAL.docm\\\" target=\\\"_blank\\\" rel=\\\"noopener\\\">MCE &#8211; Memorial de Caracteriza\\u00e7\\u00e3o do Empreendimento \\u2013 ATIVIDADE N\\u00c3O INDUSTRIAL<\\\/a><\\\/p><p><strong>LEGISLA\\u00c7\\u00c3O:<\\\/strong><\\\/p><p><a href=\\\"https:\\\/\\\/smastr16.blob.core.windows.net\\\/2001\\\/2024\\\/02\\\/DELIBERACAO_NORMATIVA_CONSEMA_01_2024.pdf\\\"><strong>Delibera\\u00e7\\u00e3o Normativa CONSEMA n\\u00ba 01, de 08 de fevereiro de 2024<\\\/strong><\\\/a><\\\/p><p><a href=\\\"https:\\\/\\\/legislacaodigital.com.br\\\/Capivari-SP\\\/LeisOrdinarias\\\/4020-2012\\\">Lei Municipal n\\u00ba 4020, de 03 de maio de 2012<\\\/a><\\\/p><p><a href=\\\"https:\\\/\\\/legislacaodigital.com.br\\\/Capivari-SP\\\/LeisOrdinarias\\\/4780-2015\\\">Lei Municipal n\\u00ba 4780, de 25 de agosto de 2015<\\\/a><\\\/p><p><strong>8.2 \\u2013 LICEN\\u00c7A DE INSTALA\\u00c7\\u00c3O (LI)<\\\/strong><\\\/p><p><strong>O QUE \\u00c9:<\\\/strong><br \\\/>Licen\\u00e7a que autoriza a instala\\u00e7\\u00e3o do empreendimento, atividade ou obra de acordo com as especifica\\u00e7\\u00f5es constantes dos planos, programas e projetos aprovados, fixando cronograma para execu\\u00e7\\u00e3o das medidas mitigadoras e da implanta\\u00e7\\u00e3o dos sistemas de controle ambiental.<\\\/p><p><strong>PRAZO PARA RESPOSTA:<br \\\/><\\\/strong>45 dias (contados a partir da entrega de toda a documenta\\u00e7\\u00e3o necess\\u00e1ria).<\\\/p><p><strong>DOCUMENTOS NECESS\\u00c1RIOS:<\\\/strong><\\\/p><ul><li><strong>Requerimento preenchido e assinado pelo respons\\u00e1vel pelo empreendimento;<\\\/strong><\\\/li><li>C\\u00f3pia do RG e CPF do respons\\u00e1vel, no caso de Pessoa F\\u00edsica;<\\\/li><li>C\\u00f3pia do CNPJ e do Contrato Social, no caso de Pessoa Jur\\u00eddica, juntamente com c\\u00f3pia do RG e CPF do representante legal;<\\\/li><li><strong>Comprovante de pagamento da Taxa de Licenciamento Ambiental (o boleto ser\\u00e1 emitido ap\\u00f3s o protocolo dos demais documentos);<\\\/strong><\\\/li><li><strong>Procura\\u00e7\\u00e3o, quando for o caso;<\\\/strong><\\\/li><li><strong>Matr\\u00edcula do im\\u00f3vel onde ser\\u00e1 implantado o empreendimento;<\\\/strong><\\\/li><li><strong>Certid\\u00e3o de Uso e Ocupa\\u00e7\\u00e3o do Solo, emitida pelo \\u00f3rg\\u00e3o competente, informando se o zoneamento definido para o local permite o empreendimento\\\/atividade objeto da LI;<\\\/strong><\\\/li><li><strong>Conta de \\u00e1gua e esgoto ou certid\\u00e3o emitida pelo SAAE, informando se o local onde o empreendimento pretende se instalar \\u00e9 atendido pelas redes de distribui\\u00e7\\u00e3o de \\u00e1gua e coleta de esgoto;<\\\/strong><\\\/li><li><strong>Certid\\u00e3o de lan\\u00e7amento de efluentes na rede p\\u00fablica emitida pelo SAAE, nos casos em que houver lan\\u00e7amento de efluentes n\\u00e3o-dom\\u00e9sticos;<\\\/strong><\\\/li><li><strong>MCE &#8211; <em>Memorial de Caracteriza\\u00e7\\u00e3o do Empreendimento<\\\/em>, conforme modelo disponibilizado pela Secretaria de Meio Ambiente e Agricultura;<\\\/strong><\\\/li><li><strong>Croqui de Localiza\\u00e7\\u00e3o, indicando o uso do solo e constru\\u00e7\\u00f5es existentes nas imedia\\u00e7\\u00f5es do empreendimento, num raio m\\u00ednimo de 100\\u00a0m. Se houver curso d\\u2019\\u00e1gua ou nascente, num raio de 100\\u00a0m do empreendimento, apresentar no croqui detalhado a dist\\u00e2ncia das edifica\\u00e7\\u00f5es em rela\\u00e7\\u00e3o ao(s) corpo(s) d\\u2019\\u00e1gua e ou nascente(s);<\\\/strong><\\\/li><li><strong>Disposi\\u00e7\\u00e3o f\\u00edsica dos equipamentos (layout) que pode ser demonstrada em croqui ou em planta baixa da constru\\u00e7\\u00e3o;<\\\/strong><\\\/li><li><strong>Outorga de implanta\\u00e7\\u00e3o do empreendimento emitida pelo SP \\u00c1guas, se houver capta\\u00e7\\u00e3o de \\u00e1guas subterr\\u00e2neas ou superficiais ou lan\\u00e7amento de efluentes l\\u00edquidos em corpo d\\u00b4\\u00e1gua;<\\\/strong><\\\/li><li><strong>Anu\\u00eancia da empresa concession\\u00e1ria\\\/permission\\u00e1ria, se o empreendimento pretende se instalar pr\\u00f3ximo a rodovias e lan\\u00e7ar suas \\u00e1guas pluviais na faixa de dom\\u00ednio dessas rodovias;<\\\/strong><\\\/li><li><strong>No caso de im\\u00f3vel rural, conforme definido pela IN MMA 02\\\/14, \\u00e9 obrigat\\u00f3ria a apresenta\\u00e7\\u00e3o do registro no CAR;<\\\/strong><\\\/li><li><strong>Roteiro de acesso at\\u00e9 o local a ser licenciado para permitir a inspe\\u00e7\\u00e3o no local;<\\\/strong><\\\/li><li><strong>Quando o processo tratar de Microempresa (ME), Empresa de Pequeno Porte (EPP) ou Microempreendedor Individual (MEI), tamb\\u00e9m ser\\u00e1 necess\\u00e1rio acrescentar os seguintes documentos:<\\\/strong><\\\/li><\\\/ul><p><strong>Para Microempresas e Empresas de Pequeno Porte:<\\\/strong><\\\/p><ul><li><strong>Comprovante de Optante pelo Simples Nacional (se optante);<\\\/strong><\\\/li><li><strong>Ficha cadastral simplificada emitida pelo site da JUCESP \\u2013 https:\\\/\\\/www.jucesponline.sp.gov.br<\\\/strong><\\\/li><\\\/ul><p><strong>No caso de Microempreendedor Individual (MEI), este dever\\u00e1 apresentar:<\\\/strong><\\\/p><ul><li><strong>Comprovante de inscri\\u00e7\\u00e3o e de situa\\u00e7\\u00e3o cadastral;<\\\/strong><\\\/li><li><strong>RG e CPF;<\\\/strong><\\\/li><li><strong>Comprovante de endere\\u00e7o;<\\\/strong><\\\/li><\\\/ul><p>Obs.: A Secretaria de Meio Ambiente e Agricultura poder\\u00e1 solicitar informa\\u00e7\\u00f5es complementares, se necess\\u00e1rio.<\\\/p><p>Ficam dispensados os documentos que j\\u00e1 tenham sido entregues na fase de Licen\\u00e7a Pr\\u00e9via, desde que n\\u00e3o tenha havido altera\\u00e7\\u00e3o e que estejam dentro da data de validade, se for o caso.<\\\/p><p><strong>TAXAS:<br \\\/><\\\/strong><strong>Taxa de Licenciamento Ambiental, a ser calculada com base nos crit\\u00e9rios definidos na <\\\/strong>Lei Municipal n\\u00ba 4020\\\/2012.<\\\/p><p><strong>COMO SOLICITAR:<br \\\/><\\\/strong>Toda a documenta\\u00e7\\u00e3o deve ser entregue no Protocolo da Prefeitura, situado no Ganha Tempo, na Rua Tiradentes, 283, Centro.<\\\/p><p><strong>DOCUMENTOS PARA DOWNLOAD:<\\\/strong><\\\/p><p><a href=\\\"https:\\\/\\\/capivari.sp.gov.br\\\/portal\\\/wp-content\\\/uploads\\\/2025\\\/03\\\/REQUERIMENTO_LICENCIAMENTO_INTERVENCAO-APP_SUPRESSAO.doc\\\" target=\\\"_blank\\\" rel=\\\"noopener\\\">Requerimento<\\\/a><\\\/p><p><a href=\\\"https:\\\/\\\/capivari.sp.gov.br\\\/portal\\\/wp-content\\\/uploads\\\/2025\\\/03\\\/MCE_LICENCIAMENTO_ATIVIDADE-INDUSTRIAL.docm\\\" target=\\\"_blank\\\" rel=\\\"noopener\\\">MCE &#8211; Memorial de Caracteriza\\u00e7\\u00e3o do Empreendimento \\u2013 ATIVIDADE INDUSTRIAL<\\\/a><\\\/p><p><a href=\\\"https:\\\/\\\/capivari.sp.gov.br\\\/portal\\\/wp-content\\\/uploads\\\/2025\\\/03\\\/MCE_LICENCIAMENTO_ATIVIDADE-NAO-INDUSTRIAL.docm\\\" target=\\\"_blank\\\" rel=\\\"noopener\\\">MCE &#8211; Memorial de Caracteriza\\u00e7\\u00e3o do Empreendimento \\u2013 ATIVIDADE N\\u00c3O INDUSTRIAL<\\\/a><\\\/p><p><strong>LEGISLA\\u00c7\\u00c3O:<\\\/strong><\\\/p><p><a href=\\\"https:\\\/\\\/smastr16.blob.core.windows.net\\\/2001\\\/2024\\\/02\\\/DELIBERACAO_NORMATIVA_CONSEMA_01_2024.pdf\\\"><strong>Delibera\\u00e7\\u00e3o Normativa CONSEMA n\\u00ba 01, de 08 de fevereiro de 2024<\\\/strong><\\\/a><\\\/p><p><a href=\\\"https:\\\/\\\/legislacaodigital.com.br\\\/Capivari-SP\\\/LeisOrdinarias\\\/4020-2012\\\">Lei Municipal n\\u00ba 4020, de 03 de maio de 2012<\\\/a><\\\/p><p><a href=\\\"https:\\\/\\\/legislacaodigital.com.br\\\/Capivari-SP\\\/LeisOrdinarias\\\/4780-2015\\\">Lei Municipal n\\u00ba 4780, de 25 de agosto de 2015<\\\/a><\\\/p><p><strong>8.3 \\u2013 LICEN\\u00c7A DE OPERA\\u00c7\\u00c3O (LO)<\\\/strong><\\\/p><p><strong>O QUE \\u00c9:<\\\/strong><br \\\/>Licen\\u00e7a que autoriza a opera\\u00e7\\u00e3o da atividade, obra ou empreendimento, ap\\u00f3s a verifica\\u00e7\\u00e3o do efetivo cumprimento das medidas de controle ambiental e condicionantes determinadas nas licen\\u00e7as anteriores.<\\\/p><p><strong>PRAZO PARA RESPOSTA:<\\\/strong><br \\\/>45 dias (contados a partir da entrega de toda a documenta\\u00e7\\u00e3o necess\\u00e1ria).<\\\/p><p><strong>DOCUMENTOS NECESS\\u00c1RIOS:<\\\/strong><\\\/p><ul><li><strong>Requerimento preenchido e assinado pelo respons\\u00e1vel pelo empreendimento;<\\\/strong><\\\/li><li>C\\u00f3pia do RG e CPF do respons\\u00e1vel, no caso de Pessoa F\\u00edsica;<\\\/li><li>C\\u00f3pia do CNPJ e do Contrato Social, no caso de Pessoa Jur\\u00eddica, juntamente com c\\u00f3pia do RG e CPF do representante legal;<\\\/li><li><strong>Comprovante de pagamento da Taxa de Licenciamento Ambiental (o boleto ser\\u00e1 emitido ap\\u00f3s o protocolo dos demais documentos);<\\\/strong><\\\/li><li><strong>Procura\\u00e7\\u00e3o, quando for o caso;<\\\/strong><\\\/li><li><strong>Matr\\u00edcula do im\\u00f3vel onde ser\\u00e1 implantado o empreendimento;<\\\/strong><\\\/li><li><strong>Certid\\u00e3o de Uso e Ocupa\\u00e7\\u00e3o do Solo, emitida pelo \\u00f3rg\\u00e3o competente, informando se o zoneamento definido para o local permite o empreendimento\\\/atividade objeto da LO;<\\\/strong><\\\/li><li><strong>Conta de \\u00e1gua e esgoto ou certid\\u00e3o emitida pelo SAAE, informando se o local onde o empreendimento pretende se instalar \\u00e9 atendido pelas redes de distribui\\u00e7\\u00e3o de \\u00e1gua e coleta de esgoto;<\\\/strong><\\\/li><li><strong>Certid\\u00e3o de lan\\u00e7amento de efluentes na rede p\\u00fablica emitida pelo SAAE, nos casos em que houver lan\\u00e7amento de efluentes n\\u00e3o-dom\\u00e9sticos;<\\\/strong><\\\/li><li><strong>MCE &#8211; Memorial de Caracteriza\\u00e7\\u00e3o do Empreendimento, conforme modelo disponibilizado pela Secretaria de Meio Ambiente e Agricultura;<\\\/strong><\\\/li><li><strong>Croqui de Localiza\\u00e7\\u00e3o, indicando o uso do solo e constru\\u00e7\\u00f5es existentes nas imedia\\u00e7\\u00f5es do empreendimento, num raio m\\u00ednimo de 100\\u00a0m. Se houver curso d\\u2019\\u00e1gua ou nascente, num raio de 100\\u00a0m do empreendimento, apresentar no croqui detalhado a dist\\u00e2ncia das edifica\\u00e7\\u00f5es em rela\\u00e7\\u00e3o ao(s) corpo(s) d\\u2019\\u00e1gua e ou nascente(s);<\\\/strong><\\\/li><li><strong>Disposi\\u00e7\\u00e3o f\\u00edsica dos equipamentos (layout) que pode ser demonstrada em croqui ou em planta baixa da constru\\u00e7\\u00e3o;<\\\/strong><\\\/li><li><strong>Fluxograma do processo produtivo, indicando todas as etapas de utiliza\\u00e7\\u00e3o de recursos e de gera\\u00e7\\u00e3o de res\\u00edduos\\\/poluentes, bem como as medidas de controle e mitiga\\u00e7\\u00e3o desses impactos;<\\\/strong><\\\/li><li><strong>Outorga de implanta\\u00e7\\u00e3o do empreendimento emitida pelo SP \\u00c1guas, se houver capta\\u00e7\\u00e3o de \\u00e1guas subterr\\u00e2neas ou superficiais ou lan\\u00e7amento de efluentes l\\u00edquidos em corpo d\\u00b4\\u00e1gua;<\\\/strong><\\\/li><li><strong>Anu\\u00eancia da empresa concession\\u00e1ria\\\/permission\\u00e1ria, se o empreendimento pretende se instalar pr\\u00f3ximo a rodovias e lan\\u00e7ar suas \\u00e1guas pluviais na faixa de dom\\u00ednio dessas rodovias;<\\\/strong><\\\/li><li><strong>No caso de im\\u00f3vel rural, conforme definido pela IN MMA 02\\\/14, \\u00e9 obrigat\\u00f3ria a apresenta\\u00e7\\u00e3o do registro no CAR;<\\\/strong><\\\/li><li><strong>Roteiro de acesso at\\u00e9 o local a ser licenciado para permitir a inspe\\u00e7\\u00e3o no local;<\\\/strong><\\\/li><li><strong>Quando o processo tratar de Microempresa (ME), Empresa de Pequeno Porte (EPP) ou Microempreendedor Individual (MEI), tamb\\u00e9m ser\\u00e1 necess\\u00e1rio acrescentar os seguintes documentos:<\\\/strong><\\\/li><\\\/ul><p><strong>Para Microempresas e Empresas de Pequeno Porte:<\\\/strong><\\\/p><ul><li><strong>Comprovante de Optante pelo Simples Nacional (se optante);<\\\/strong><\\\/li><li><strong>Ficha cadastral simplificada emitida pelo site da JUCESP \\u2013 https:\\\/\\\/www.jucesponline.sp.gov.br<\\\/strong><\\\/li><\\\/ul><p><strong>No caso de Microempreendedor Individual (MEI), este dever\\u00e1 apresentar:<\\\/strong><\\\/p><ul><li><strong>Comprovante de inscri\\u00e7\\u00e3o e de situa\\u00e7\\u00e3o cadastral;<\\\/strong><\\\/li><li><strong>RG e CPF;<\\\/strong><\\\/li><li><strong><strong>Comprovante de endere\\u00e7o;<\\\/strong><\\\/strong><\\\/li><li><strong>Apresentar os documentos solicitados nas exig\\u00eancias t\\u00e9cnicas contidas na licen\\u00e7a anterior (estudos, relat\\u00f3rios, manifesta\\u00e7\\u00f5es de outros \\u00f3rg\\u00e3os etc.).<\\\/strong><\\\/li><\\\/ul><p>Obs.: A Secretaria de Meio Ambiente e Agricultura poder\\u00e1 solicitar informa\\u00e7\\u00f5es complementares, se necess\\u00e1rio.<\\\/p><p>Ficam dispensados os documentos que j\\u00e1 tenham sido entregues nas fases de Licen\\u00e7a Pr\\u00e9via ou Instala\\u00e7\\u00e3o, desde que n\\u00e3o tenha havido altera\\u00e7\\u00e3o e que estejam dentro da data de validade, se for o caso.<\\\/p><p><strong>TAXAS:<br \\\/><\\\/strong><strong>Taxa de Licenciamento Ambiental, a ser calculada com base nos crit\\u00e9rios definidos na <\\\/strong>Lei Municipal n\\u00ba 4020\\\/2012.<\\\/p><p><strong>COMO SOLICITAR:<br \\\/><\\\/strong>Toda a documenta\\u00e7\\u00e3o deve ser entregue no Protocolo da Prefeitura, situado no Ganha Tempo, na Rua Tiradentes, 283, Centro.<\\\/p><p><strong>DOCUMENTOS PARA DOWNLOAD:<\\\/strong><\\\/p><p><a href=\\\"https:\\\/\\\/capivari.sp.gov.br\\\/portal\\\/wp-content\\\/uploads\\\/2025\\\/03\\\/REQUERIMENTO_LICENCIAMENTO_INTERVENCAO-APP_SUPRESSAO.doc\\\" target=\\\"_blank\\\" rel=\\\"noopener\\\">Requerimento<\\\/a><\\\/p><p><a href=\\\"https:\\\/\\\/capivari.sp.gov.br\\\/portal\\\/wp-content\\\/uploads\\\/2025\\\/03\\\/MCE_LICENCIAMENTO_ATIVIDADE-INDUSTRIAL.docm\\\" target=\\\"_blank\\\" rel=\\\"noopener\\\">MCE &#8211; Memorial de Caracteriza\\u00e7\\u00e3o do Empreendimento \\u2013 ATIVIDADE INDUSTRIAL<\\\/a><\\\/p><p><a href=\\\"https:\\\/\\\/capivari.sp.gov.br\\\/portal\\\/wp-content\\\/uploads\\\/2025\\\/03\\\/MCE_LICENCIAMENTO_ATIVIDADE-NAO-INDUSTRIAL.docm\\\" target=\\\"_blank\\\" rel=\\\"noopener\\\">MCE &#8211; Memorial de Caracteriza\\u00e7\\u00e3o do Empreendimento \\u2013 ATIVIDADE N\\u00c3O INDUSTRIAL<\\\/a><\\\/p><p><strong>LEGISLA\\u00c7\\u00c3O:<\\\/strong><\\\/p><p><a href=\\\"https:\\\/\\\/smastr16.blob.core.windows.net\\\/2001\\\/2024\\\/02\\\/DELIBERACAO_NORMATIVA_CONSEMA_01_2024.pdf\\\"><strong>Delibera\\u00e7\\u00e3o Normativa CONSEMA n\\u00ba 01, de 08 de fevereiro de 2024<\\\/strong><\\\/a><\\\/p><p><a href=\\\"https:\\\/\\\/legislacaodigital.com.br\\\/Capivari-SP\\\/LeisOrdinarias\\\/4020-2012\\\">Lei Municipal n\\u00ba 4020, de 03 de maio de 2012<\\\/a><\\\/p><p><a href=\\\"https:\\\/\\\/legislacaodigital.com.br\\\/Capivari-SP\\\/LeisOrdinarias\\\/4780-2015\\\">Lei Municipal n\\u00ba 4780, de 25 de agosto de 2015<\\\/a><\\\/p><p><strong>8.4 \\u2013 AUTORIZA\\u00c7\\u00c3O PARA INTERVEN\\u00c7\\u00c3O EM APP\\\/CORTE DE \\u00c1RVORES ISOLADAS EM APP<\\\/strong><\\\/p><p><strong>O QUE \\u00c9:<\\\/strong><br \\\/>As autoriza\\u00e7\\u00f5es para interven\\u00e7\\u00e3o em APP ou supress\\u00e3o de vegeta\\u00e7\\u00e3o nativa de compet\\u00eancia da Secretaria de Meio Ambiente e Agricultura, conforme Delibera\\u00e7\\u00e3o Normativa CONSEMA n\\u00ba 01\\\/2024 s\\u00e3o as que se enquadram nas situa\\u00e7\\u00f5es a seguir:<\\\/p><ul><li>Interven\\u00e7\\u00e3o em APPs desprovidas de vegeta\\u00e7\\u00e3o;<\\\/li><li>Supress\\u00e3o de vegeta\\u00e7\\u00e3o pioneira ou ex\\u00f3tica em APP;<\\\/li><li>Corte de \\u00e1rvores nativas isoladas, dentro ou fora de \\u00e1reas de preserva\\u00e7\\u00e3o permanente, nas hip\\u00f3teses em que a supress\\u00e3o ou a interven\\u00e7\\u00e3o sejam admitidas pela legisla\\u00e7\\u00e3o ambiental.<\\\/li><\\\/ul><p><strong>DOCUMENTOS NECESS\\u00c1RIOS:<\\\/strong><\\\/p><ul><li>Requerimento impresso, devidamente preenchido e assinado pelo Propriet\\u00e1rio ou Respons\\u00e1vel Legal;<\\\/li><li>C\\u00f3pia do RG e do CPF, no caso de Pessoa F\\u00edsica, ou CNPJ, no caso de Pessoa Jur\\u00eddica;<\\\/li><li>Procura\\u00e7\\u00e3o, quando for o caso;<\\\/li><li>Matr\\u00edcula ou Transcri\\u00e7\\u00e3o do Registro do Im\\u00f3vel, atualizada em 180 dias, emitida pelo Cart\\u00f3rio do Registro de Im\\u00f3veis competente;<\\\/li><li>Roteiro de acesso ao local;<\\\/li><li>C\\u00f3pia do espelho do IPTU;<\\\/li><li>Laudo T\\u00e9cnico e Planta Ambiental, acompanhado de ART do profissional habilitado, de acordo com as orienta\\u00e7\\u00f5es do <em>Roteiro de elabora\\u00e7\\u00e3o de Laudo T\\u00e9cnico para interven\\u00e7\\u00e3o e\\\/ou supress\\u00e3o de vegeta\\u00e7\\u00e3o em APP;<\\\/em><\\\/li><li>MCE \\u2013 Memorial de Caracteriza\\u00e7\\u00e3o do Empreendimento para Supress\\u00e3o de Vegeta\\u00e7\\u00e3o\\\/Interven\\u00e7\\u00e3o em APP;<\\\/li><li>Protocolo do pedido de outorga do direito de uso de recursos h\\u00eddricos feito ao SP \\u00c1guas \\u2013 Ag\\u00eancia de \\u00c1guas do Estado de S\\u00e3o Paulo (somente para interven\\u00e7\\u00f5es em APP com interfer\\u00eancia em corpo h\\u00eddrico). <em>: A interven\\u00e7\\u00e3o porventura autorizada s\\u00f3 poder\\u00e1 ser iniciada ap\\u00f3s a obten\\u00e7\\u00e3o da outorga pelo SP \\u00c1guas; o protocolo do pedido de outorga \\u00e9 v\\u00e1lido apenas para a emiss\\u00e3o da autoriza\\u00e7\\u00e3o, e n\\u00e3o para a execu\\u00e7\\u00e3o da interven\\u00e7\\u00e3o solicitada.<\\\/em><\\\/li><\\\/ul><p>A Secretaria de Meio Ambiente e Agricultura se reserva o direito de exigir complementa\\u00e7\\u00e3o de informa\\u00e7\\u00f5es a qualquer momento da an\\u00e1lise do processo.<\\\/p><p><strong>TAXAS:<br \\\/><\\\/strong><strong>Taxa de Licenciamento Ambiental, a ser calculada com base nos crit\\u00e9rios definidos na <\\\/strong>Lei Municipal n\\u00ba 4020\\\/2012.<\\\/p><p><strong>COMO SOLICITAR:<br \\\/><\\\/strong>Toda a documenta\\u00e7\\u00e3o deve ser entregue no Protocolo da Prefeitura, situado no Ganha Tempo, na Rua Tiradentes, 283, Centro.<\\\/p><p><strong>DOCUMENTOS PARA DOWNLOAD:<\\\/strong><\\\/p><p><a href=\\\"https:\\\/\\\/capivari.sp.gov.br\\\/portal\\\/wp-content\\\/uploads\\\/2025\\\/03\\\/REQUERIMENTO_LICENCIAMENTO_INTERVENCAO-APP_SUPRESSAO.doc\\\" target=\\\"_blank\\\" rel=\\\"noopener\\\">Requerimento<\\\/a><\\\/p><p><a href=\\\"https:\\\/\\\/capivari.sp.gov.br\\\/portal\\\/wp-content\\\/uploads\\\/2025\\\/03\\\/MCE_INTERVENCAO-APP_SUPRESSAO.docx\\\" target=\\\"_blank\\\" rel=\\\"noopener\\\">MCE para autoriza\\u00e7\\u00e3o de interven\\u00e7\\u00e3o em APP\\\/supress\\u00e3o de vegeta\\u00e7\\u00e3o<\\\/a><\\\/p><p><a href=\\\"https:\\\/\\\/capivari.sp.gov.br\\\/portal\\\/wp-content\\\/uploads\\\/2025\\\/03\\\/ROTEIRO-DE-ELABORACAO_LAUDO-TECNICO-DE-VEGETACAO.pdf\\\" target=\\\"_blank\\\" rel=\\\"noopener\\\">Roteiro de elabora\\u00e7\\u00e3o de Laudo T\\u00e9cnico para interven\\u00e7\\u00e3o e\\\/ou supress\\u00e3o de vegeta\\u00e7\\u00e3o em APP<\\\/a><\\\/p><p><strong>LEGISLA\\u00c7\\u00c3O:<\\\/strong><\\\/p><p><a href=\\\"https:\\\/\\\/www.planalto.gov.br\\\/ccivil_03\\\/_ato2011-2014\\\/2012\\\/lei\\\/l12651.htm\\\">Lei n\\u00ba 12.651, de 25 de maio de 2012 (C\\u00f3digo Florestal)<\\\/a><\\\/p><p><a href=\\\"https:\\\/\\\/www.al.sp.gov.br\\\/repositorio\\\/legislacao\\\/decreto\\\/2005\\\/decreto-49566-25.04.2005.html\\\">Decreto n\\u00ba 49.566, de 25 de abril de 2005<\\\/a><\\\/p><p><a href=\\\"https:\\\/\\\/smastr16.blob.core.windows.net\\\/legislacao\\\/sites\\\/5\\\/2024\\\/04\\\/RESOLUCAO-SEMIL-002-2024-PAGINAS-30.31.32.33.34.pdf\\\">Resolu\\u00e7\\u00e3o Semil n\\u00ba 2, de 02 de janeiro de 2024<\\\/a><\\\/p><p><a href=\\\"https:\\\/\\\/smastr16.blob.core.windows.net\\\/2001\\\/2024\\\/02\\\/DELIBERACAO_NORMATIVA_CONSEMA_01_2024.pdf\\\"><strong>Delibera\\u00e7\\u00e3o Normativa CONSEMA n\\u00ba 01, de 08 de fevereiro de 2024<\\\/strong><\\\/a><\\\/p><p><a href=\\\"https:\\\/\\\/legislacaodigital.com.br\\\/Capivari-SP\\\/LeisOrdinarias\\\/4020-2012\\\">Lei Municipal n\\u00ba 4020, de 03 de maio de 2012<\\\/a><\\\/p><p><a href=\\\"https:\\\/\\\/legislacaodigital.com.br\\\/Capivari-SP\\\/LeisOrdinarias\\\/4780-2015\\\">Lei Municipal n\\u00ba 4780, de 25 de agosto de 2015<\\\/a><\\\/p>\"}},{\"@type\":\"Question\",\"name\":\"Fiscaliza\\u00e7\\u00e3o ambiental\",\"acceptedAnswer\":{\"@type\":\"Answer\",\"text\":\"<p><strong>O QUE \\u00c9:<\\\/strong><br \\\/>Fiscaliza\\u00e7\\u00e3o ambiental \\u00e9 qualquer a\\u00e7\\u00e3o de controle, exercida pelo Poder P\\u00fablico, para proteger os recursos ambientais, manter a integridade do meio ambiente, bem como assegurar o uso racional dos recursos naturais e seus subprodutos, coibindo as a\\u00e7\\u00f5es prejudiciais do homem sobre a natureza. Trata-se de um mecanismo de car\\u00e1ter compuls\\u00f3rio, estabelecido pelo Estado para disciplinamento de um bem p\\u00fablico, implementado com o objetivo de garantir que o interesse coletivo se sobreponha ao interesse particular.<\\\/p><p>Os agentes credenciados, no exerc\\u00edcio da fun\\u00e7\\u00e3o de fiscal, exercem o poder de pol\\u00edcia administrativa, para assegurar a prote\\u00e7\\u00e3o do meio ambiente garantindo o controle da polui\\u00e7\\u00e3o e da degrada\\u00e7\\u00e3o ambiental, promovendo o uso racional dos recursos naturais, todas as a\\u00e7\\u00f5es em prol da melhoria da qualidade ambiental. Suas ferramentas b\\u00e1sicas s\\u00e3o as penalidades administrativas (advert\\u00eancias\\\/notifica\\u00e7\\u00f5es, multas e suspens\\u00e3o\\\/embargo de atividades).<\\\/p><p><strong>CANAL DE DEN\\u00daNCIA:<\\\/strong><br \\\/>&#8211; Mato alto em terrenos abertos, descarte irregular de res\\u00edduos em \\u00e1reas p\\u00fablicas<\\\/p><p><strong>Ouvidoria Municipal<\\\/strong><br \\\/><a href=\\\"https:\\\/\\\/capivari.sp.gov.br\\\/portal\\\/servicos\\\/ouvidoria\\\/\\\">https:\\\/\\\/capivari.sp.gov.br\\\/portal\\\/servicos\\\/ouvidoria\\\/<\\\/a><\\\/p><p><strong>Hor\\u00e1rio de funcionamento:<br \\\/><\\\/strong> das 8h30 \\u00e0s 16h30<\\\/p><p><strong>Telefone:<\\\/strong> 3492-0204<\\\/p><p><strong>Email:<\\\/strong> <a href=\\\"mailto:ouvidoria@capivari.sp.gov.br\\\">ouvidoria@capivari.sp.gov.br<\\\/a><\\\/p><p>Rua XV de Novembro, 639, Centro<\\\/p><p><strong>&#8211; Demais situa\\u00e7\\u00f5es:<\\\/strong><\\\/p><p>Secretaria de Meio Ambiente e Agricultura<\\\/p><p><strong>Telefone:<\\\/strong> 3492-0116<\\\/p><p><strong>E-mail:<\\\/strong> <a href=\\\"mailto:ambiente.capivari@gmail.com\\\">ambiente.capivari@gmail.com<\\\/a><\\\/p><p><strong>LEGISLA\\u00c7\\u00c3O:<\\\/strong><\\\/p><p><a href=\\\"https:\\\/\\\/www.planalto.gov.br\\\/ccivil_03\\\/leis\\\/l9605.htm\\\">Lei Federal n\\u00ba 9.605, de 12 de fevereiro de 1998<\\\/a><\\\/p><p><a href=\\\"https:\\\/\\\/www.al.sp.gov.br\\\/repositorio\\\/legislacao\\\/lei\\\/1997\\\/lei-9509-20.03.1997.html\\\">Lei Estadual n\\u00ba 9.509, de 20 de mar\\u00e7o de 1997<\\\/a><\\\/p><p><a href=\\\"https:\\\/\\\/legislacaodigital.com.br\\\/Capivari-SP\\\/LeisOrdinarias\\\/3564-2009\\\">Lei Municipal n\\u00ba 3564, de 29 de setembro de 2009<\\\/a><\\\/p><p><a href=\\\"https:\\\/\\\/legislacaodigital.com.br\\\/Capivari-SP\\\/LeisOrdinarias\\\/4780-2015\\\">Lei Municipal n\\u00ba 4780, de 25 de agosto de 2015<\\\/a><\\\/p>\"}},{\"@type\":\"Question\",\"name\":\"Recursos administrativos\",\"acceptedAnswer\":{\"@type\":\"Answer\",\"text\":\"<p><strong>O QUE \\u00c9:<\\\/strong><br \\\/>Meio ou mecanismo para contestar uma decis\\u00e3o administrativa e provocar o reexame do ato pela Administra\\u00e7\\u00e3o P\\u00fablica, caso haja descontentamento ou discord\\u00e2ncia da decis\\u00e3o proferida pelo \\u00f3rg\\u00e3o p\\u00fablico.<\\\/p><p>Podem ser solicitados recursos referentes aos servi\\u00e7os prestados pela Secretaria de Meio Ambiente e Agricultura (prorroga\\u00e7\\u00e3o de prazo, licen\\u00e7a ambiental, indeferimentos, etc.), bem como relativos a notifica\\u00e7\\u00f5es, advert\\u00eancias ou multas efetuadas por esta Secretaria (capina\\u00e7\\u00e3o e limpeza de terreno, interven\\u00e7\\u00e3o em arboriza\\u00e7\\u00e3o urbana, queimadas, descarte irregular de res\\u00edduos\\\/materiais, etc.).<\\\/p><p>PRAZO PARA RESPOSTA:<\\\/p><p>30 dias (contados a partir da entrega de toda a documenta\\u00e7\\u00e3o necess\\u00e1ria).<\\\/p><p><strong>DOCUMENTOS NECESS\\u00c1RIOS:<\\\/strong><\\\/p><ul><li><u>Requerimento<\\\/u> preenchido e assinado pelo respons\\u00e1vel;<\\\/li><li>C\\u00f3pia do RG e CPF do respons\\u00e1vel;<\\\/li><li>C\\u00f3pia da notifica\\u00e7\\u00e3o\\\/advert\\u00eancia\\\/multa recebida, se for o caso;<\\\/li><li>Justificativa para o recurso, leg\\u00edvel.<\\\/li><\\\/ul><p>Obs.: A Secretaria de Meio Ambiente e Agricultura poder\\u00e1 solicitar informa\\u00e7\\u00f5es complementares, se necess\\u00e1rio.<\\\/p><p><strong>TAXAS:<br \\\/><\\\/strong><strong>N\\u00e3o se aplica.<\\\/strong><\\\/p><p><strong>COMO SOLICITAR:<br \\\/><\\\/strong>Toda a documenta\\u00e7\\u00e3o deve ser entregue no Protocolo da Prefeitura, situado no Ganha Tempo, na Rua Tiradentes, 283, Centro.<\\\/p><p><strong>DOCUMENTOS PARA DOWNLOAD:<\\\/strong><\\\/p><p><a href=\\\"https:\\\/\\\/capivari.sp.gov.br\\\/portal\\\/wp-content\\\/uploads\\\/2025\\\/03\\\/REQUERIMENTO_RECURSO-ADMINISTRATIVO.doc\\\" target=\\\"_blank\\\" rel=\\\"noopener\\\">Requerimento<\\\/a><\\\/p><p><strong>LEGISLA\\u00c7\\u00c3O:<\\\/strong><\\\/p><p><a href=\\\"https:\\\/\\\/legislacaodigital.com.br\\\/Capivari-SP\\\/LeisOrdinarias\\\/3564-2009\\\">Lei Municipal n\\u00ba 3564, de 29 de setembro de 2009<\\\/a><\\\/p>\"}}]}<\/script>\n\t\t\t\t\t<\/div>\n\t\t\t\t\t\t<\/div>\n\t\t\t\t<\/div>\n\t\t\t\t\t<\/div>\n\t\t<\/div>\n\t\t\t\t\t<\/div>\n\t\t<\/section>\n\t\t\t\t<section class=\"elementor-section elementor-top-section elementor-element elementor-element-510f2cc elementor-section-stretched elementor-section-boxed elementor-section-height-default elementor-section-height-default\" data-id=\"510f2cc\" data-element_type=\"section\" data-e-type=\"section\" data-settings=\"{&quot;stretch_section&quot;:&quot;section-stretched&quot;}\">\n\t\t\t\t\t\t<div class=\"elementor-container elementor-column-gap-default\">\n\t\t\t\t\t<div class=\"elementor-column elementor-col-100 elementor-top-column elementor-element elementor-element-2c0adbe\" data-id=\"2c0adbe\" data-element_type=\"column\" data-e-type=\"column\">\n\t\t\t<div class=\"elementor-widget-wrap elementor-element-populated\">\n\t\t\t\t\t\t<div class=\"elementor-element elementor-element-976527d elementor-widget-divider--view-line_text elementor-widget-divider--element-align-left elementor-widget elementor-widget-divider\" data-id=\"976527d\" data-element_type=\"widget\" data-e-type=\"widget\" data-widget_type=\"divider.default\">\n\t\t\t\t<div class=\"elementor-widget-container\">\n\t\t\t\t\t\t\t<div class=\"elementor-divider\">\n\t\t\t<span class=\"elementor-divider-separator\">\n\t\t\t\t\t\t\t<h2 class=\"elementor-divider__text elementor-divider__element\">\n\t\t\t\tNot\u00edcias Relacionadas\t\t\t\t<\/h2>\n\t\t\t\t\t\t<\/span>\n\t\t<\/div>\n\t\t\t\t\t\t<\/div>\n\t\t\t\t<\/div>\n\t\t\t\t<div class=\"elementor-element elementor-element-62a357b elementor-grid-3 elementor-grid-tablet-2 elementor-grid-mobile-1 elementor-posts--thumbnail-top elementor-card-shadow-yes elementor-posts__hover-gradient elementor-widget elementor-widget-posts\" data-id=\"62a357b\" data-element_type=\"widget\" data-e-type=\"widget\" data-settings=\"{&quot;cards_columns&quot;:&quot;3&quot;,&quot;cards_columns_tablet&quot;:&quot;2&quot;,&quot;cards_columns_mobile&quot;:&quot;1&quot;,&quot;cards_row_gap&quot;:{&quot;unit&quot;:&quot;px&quot;,&quot;size&quot;:35,&quot;sizes&quot;:[]},&quot;cards_row_gap_tablet&quot;:{&quot;unit&quot;:&quot;px&quot;,&quot;size&quot;:&quot;&quot;,&quot;sizes&quot;:[]},&quot;cards_row_gap_mobile&quot;:{&quot;unit&quot;:&quot;px&quot;,&quot;size&quot;:&quot;&quot;,&quot;sizes&quot;:[]}}\" data-widget_type=\"posts.cards\">\n\t\t\t\t<div class=\"elementor-widget-container\">\n\t\t\t\t\t\t\t<div class=\"elementor-posts-container elementor-posts elementor-posts--skin-cards elementor-grid\" role=\"list\">\n\t\t\t\t<article class=\"elementor-post elementor-grid-item post-22446 post type-post status-publish format-standard has-post-thumbnail hentry category-desenvolvimento-social category-destaque category-geral category-meio-ambiente-e-agricultura entry has-media\" role=\"listitem\">\n\t\t\t<div class=\"elementor-post__card\">\n\t\t\t\t<a class=\"elementor-post__thumbnail__link\" href=\"https:\/\/capivari.sp.gov.br\/portal\/apos-grande-mobilizacao-da-populacao-programa-recicla-capivari-passa-a-atender-tambem-nas-unidades-do-cras\/\" tabindex=\"-1\" ><div class=\"elementor-post__thumbnail\"><img decoding=\"async\" width=\"1600\" height=\"1066\" src=\"https:\/\/capivari.sp.gov.br\/portal\/wp-content\/uploads\/2026\/04\/WhatsApp-Image-2026-04-17-at-16.26.04.jpeg\" class=\"attachment-full size-full wp-image-22443\" alt=\"\" srcset=\"https:\/\/capivari.sp.gov.br\/portal\/wp-content\/uploads\/2026\/04\/WhatsApp-Image-2026-04-17-at-16.26.04.jpeg 1600w, https:\/\/capivari.sp.gov.br\/portal\/wp-content\/uploads\/2026\/04\/WhatsApp-Image-2026-04-17-at-16.26.04-300x200.jpeg 300w, https:\/\/capivari.sp.gov.br\/portal\/wp-content\/uploads\/2026\/04\/WhatsApp-Image-2026-04-17-at-16.26.04-1024x682.jpeg 1024w, https:\/\/capivari.sp.gov.br\/portal\/wp-content\/uploads\/2026\/04\/WhatsApp-Image-2026-04-17-at-16.26.04-768x512.jpeg 768w, https:\/\/capivari.sp.gov.br\/portal\/wp-content\/uploads\/2026\/04\/WhatsApp-Image-2026-04-17-at-16.26.04-1536x1023.jpeg 1536w\" sizes=\"(max-width: 1600px) 100vw, 1600px\" \/><\/div><\/a>\n\t\t\t\t<div class=\"elementor-post__badge\">Desenvolvimento Social<\/div>\n\t\t\t\t<div class=\"elementor-post__text\">\n\t\t\t\t<h3 class=\"elementor-post__title\">\n\t\t\t<a href=\"https:\/\/capivari.sp.gov.br\/portal\/apos-grande-mobilizacao-da-populacao-programa-recicla-capivari-passa-a-atender-tambem-nas-unidades-do-cras\/\" >\n\t\t\t\tAp\u00f3s grande mobiliza\u00e7\u00e3o da popula\u00e7\u00e3o, programa Recicla Capivari passa a atender tamb\u00e9m nas unidades do CRAS\t\t\t<\/a>\n\t\t<\/h3>\n\t\t\t\t<div class=\"elementor-post__excerpt\">\n\t\t\t<p>O programa Recicla Capivari, uma parceria da Secretaria de Meio Ambiente e Agricultura e Secretaria de Desenvolvimento Social, e que<\/p>\n\t\t<\/div>\n\t\t\t\t<\/div>\n\t\t\t\t<div class=\"elementor-post__meta-data\">\n\t\t\t\t\t<span class=\"elementor-post-date\">\n\t\t\t17 de abril de 2026\t\t<\/span>\n\t\t\t\t<\/div>\n\t\t\t\t\t<\/div>\n\t\t<\/article>\n\t\t\t\t<article class=\"elementor-post elementor-grid-item post-22442 post type-post status-publish format-standard has-post-thumbnail hentry category-destaque category-geral category-meio-ambiente-e-agricultura entry has-media\" role=\"listitem\">\n\t\t\t<div class=\"elementor-post__card\">\n\t\t\t\t<a class=\"elementor-post__thumbnail__link\" href=\"https:\/\/capivari.sp.gov.br\/portal\/secretaria-de-meio-ambiente-e-agricultura-realiza-plantacao-de-mudas-as-margens-do-rio-capivari\/\" tabindex=\"-1\" ><div class=\"elementor-post__thumbnail\"><img loading=\"lazy\" decoding=\"async\" width=\"1600\" height=\"1066\" src=\"https:\/\/capivari.sp.gov.br\/portal\/wp-content\/uploads\/2026\/04\/WhatsApp-Image-2026-04-17-at-16.20.59.jpeg\" class=\"attachment-full size-full wp-image-22444\" alt=\"\" srcset=\"https:\/\/capivari.sp.gov.br\/portal\/wp-content\/uploads\/2026\/04\/WhatsApp-Image-2026-04-17-at-16.20.59.jpeg 1600w, https:\/\/capivari.sp.gov.br\/portal\/wp-content\/uploads\/2026\/04\/WhatsApp-Image-2026-04-17-at-16.20.59-300x200.jpeg 300w, https:\/\/capivari.sp.gov.br\/portal\/wp-content\/uploads\/2026\/04\/WhatsApp-Image-2026-04-17-at-16.20.59-1024x682.jpeg 1024w, https:\/\/capivari.sp.gov.br\/portal\/wp-content\/uploads\/2026\/04\/WhatsApp-Image-2026-04-17-at-16.20.59-768x512.jpeg 768w, https:\/\/capivari.sp.gov.br\/portal\/wp-content\/uploads\/2026\/04\/WhatsApp-Image-2026-04-17-at-16.20.59-1536x1023.jpeg 1536w\" sizes=\"(max-width: 1600px) 100vw, 1600px\" \/><\/div><\/a>\n\t\t\t\t<div class=\"elementor-post__badge\">Destaque<\/div>\n\t\t\t\t<div class=\"elementor-post__text\">\n\t\t\t\t<h3 class=\"elementor-post__title\">\n\t\t\t<a href=\"https:\/\/capivari.sp.gov.br\/portal\/secretaria-de-meio-ambiente-e-agricultura-realiza-plantacao-de-mudas-as-margens-do-rio-capivari\/\" >\n\t\t\t\tSecretaria de Meio Ambiente e Agricultura realiza planta\u00e7\u00e3o de mudas \u00e0s margens do rio Capivari\t\t\t<\/a>\n\t\t<\/h3>\n\t\t\t\t<div class=\"elementor-post__excerpt\">\n\t\t\t<p>A Secretaria de Meio Ambiente e Agricultura realizou na \u00faltima sexta-feira (10), o plantio de cerca de 150 mudas de<\/p>\n\t\t<\/div>\n\t\t\t\t<\/div>\n\t\t\t\t<div class=\"elementor-post__meta-data\">\n\t\t\t\t\t<span class=\"elementor-post-date\">\n\t\t\t17 de abril de 2026\t\t<\/span>\n\t\t\t\t<\/div>\n\t\t\t\t\t<\/div>\n\t\t<\/article>\n\t\t\t\t<article class=\"elementor-post elementor-grid-item post-22294 post type-post status-publish format-standard has-post-thumbnail hentry category-destaque category-geral category-meio-ambiente-e-agricultura entry has-media\" role=\"listitem\">\n\t\t\t<div class=\"elementor-post__card\">\n\t\t\t\t<a class=\"elementor-post__thumbnail__link\" href=\"https:\/\/capivari.sp.gov.br\/portal\/capivari-participa-de-campanha-seu-reciclavel-vale-premios\/\" tabindex=\"-1\" ><div class=\"elementor-post__thumbnail\"><img loading=\"lazy\" decoding=\"async\" width=\"1131\" height=\"1600\" src=\"https:\/\/capivari.sp.gov.br\/portal\/wp-content\/uploads\/2026\/03\/WhatsApp-Image-2026-03-30-at-16.58.45.jpeg\" class=\"attachment-full size-full wp-image-22295\" alt=\"\" srcset=\"https:\/\/capivari.sp.gov.br\/portal\/wp-content\/uploads\/2026\/03\/WhatsApp-Image-2026-03-30-at-16.58.45.jpeg 1131w, https:\/\/capivari.sp.gov.br\/portal\/wp-content\/uploads\/2026\/03\/WhatsApp-Image-2026-03-30-at-16.58.45-212x300.jpeg 212w, https:\/\/capivari.sp.gov.br\/portal\/wp-content\/uploads\/2026\/03\/WhatsApp-Image-2026-03-30-at-16.58.45-724x1024.jpeg 724w, https:\/\/capivari.sp.gov.br\/portal\/wp-content\/uploads\/2026\/03\/WhatsApp-Image-2026-03-30-at-16.58.45-768x1086.jpeg 768w, https:\/\/capivari.sp.gov.br\/portal\/wp-content\/uploads\/2026\/03\/WhatsApp-Image-2026-03-30-at-16.58.45-1086x1536.jpeg 1086w\" sizes=\"(max-width: 1131px) 100vw, 1131px\" \/><\/div><\/a>\n\t\t\t\t<div class=\"elementor-post__badge\">Destaque<\/div>\n\t\t\t\t<div class=\"elementor-post__text\">\n\t\t\t\t<h3 class=\"elementor-post__title\">\n\t\t\t<a href=\"https:\/\/capivari.sp.gov.br\/portal\/capivari-participa-de-campanha-seu-reciclavel-vale-premios\/\" >\n\t\t\t\tCapivari participa de campanha \u2018Seu Recicl\u00e1vel Vale Pr\u00eamios\u2019\t\t\t<\/a>\n\t\t<\/h3>\n\t\t\t\t<div class=\"elementor-post__excerpt\">\n\t\t\t<p>&nbsp; A Prefeitura de Capivari, atrav\u00e9s da Secretaria de Meio Ambiente e Agricultura, participa da campanha \u201cSeu Recicl\u00e1vel Vale Pr\u00eamios\u201d,<\/p>\n\t\t<\/div>\n\t\t\t\t<\/div>\n\t\t\t\t<div class=\"elementor-post__meta-data\">\n\t\t\t\t\t<span class=\"elementor-post-date\">\n\t\t\t31 de mar\u00e7o de 2026\t\t<\/span>\n\t\t\t\t<\/div>\n\t\t\t\t\t<\/div>\n\t\t<\/article>\n\t\t\t\t<\/div>\n\t\t\n\t\t\t\t\t\t<\/div>\n\t\t\t\t<\/div>\n\t\t\t\t\t<\/div>\n\t\t<\/div>\n\t\t\t\t\t<\/div>\n\t\t<\/section>\n\t\t\t\t<\/div>\n\t\t","protected":false},"excerpt":{"rendered":"<p>Karen Bertoldo Angelim Secret\u00e1ria de Meio Ambiente e Agricultura Rua \u00c9rico Ver\u00edssimo, s\/n, Morada do Sol (19) 3492-0116 ambiente.capivari@gmail.com Compet\u00eancia A Secretaria de Meio Ambiente e Agricultura (SMAA), criada pela Lei Municipal n\u00ba 7126\/2025, \u00e9 o \u00f3rg\u00e3o municipal respons\u00e1vel pela gest\u00e3o, controle e fiscaliza\u00e7\u00e3o ambiental no Munic\u00edpio de Capivari, al\u00e9m do estudo, proposi\u00e7\u00e3o e a [&hellip;]<\/p>\n","protected":false},"author":9,"featured_media":0,"parent":27,"menu_order":0,"comment_status":"closed","ping_status":"closed","template":"","meta":{"ocean_post_layout":"","ocean_both_sidebars_style":"","ocean_both_sidebars_content_width":0,"ocean_both_sidebars_sidebars_width":0,"ocean_sidebar":"0","ocean_second_sidebar":"0","ocean_disable_margins":"on","ocean_add_body_class":"","ocean_shortcode_before_top_bar":"","ocean_shortcode_after_top_bar":"","ocean_shortcode_before_header":"","ocean_shortcode_after_header":"","ocean_has_shortcode":"","ocean_shortcode_after_title":"","ocean_shortcode_before_footer_widgets":"","ocean_shortcode_after_footer_widgets":"","ocean_shortcode_before_footer_bottom":"","ocean_shortcode_after_footer_bottom":"","ocean_display_top_bar":"default","ocean_display_header":"default","ocean_header_style":"","ocean_center_header_left_menu":"0","ocean_custom_header_template":"0","ocean_custom_logo":0,"ocean_custom_retina_logo":0,"ocean_custom_logo_max_width":0,"ocean_custom_logo_tablet_max_width":0,"ocean_custom_logo_mobile_max_width":0,"ocean_custom_logo_max_height":0,"ocean_custom_logo_tablet_max_height":0,"ocean_custom_logo_mobile_max_height":0,"ocean_header_custom_menu":"0","ocean_menu_typo_font_family":"0","ocean_menu_typo_font_subset":"","ocean_menu_typo_font_size":0,"ocean_menu_typo_font_size_tablet":0,"ocean_menu_typo_font_size_mobile":0,"ocean_menu_typo_font_size_unit":"px","ocean_menu_typo_font_weight":"","ocean_menu_typo_font_weight_tablet":"","ocean_menu_typo_font_weight_mobile":"","ocean_menu_typo_transform":"","ocean_menu_typo_transform_tablet":"","ocean_menu_typo_transform_mobile":"","ocean_menu_typo_line_height":0,"ocean_menu_typo_line_height_tablet":0,"ocean_menu_typo_line_height_mobile":0,"ocean_menu_typo_line_height_unit":"","ocean_menu_typo_spacing":0,"ocean_menu_typo_spacing_tablet":0,"ocean_menu_typo_spacing_mobile":0,"ocean_menu_typo_spacing_unit":"","ocean_menu_link_color":"","ocean_menu_link_color_hover":"","ocean_menu_link_color_active":"","ocean_menu_link_background":"","ocean_menu_link_hover_background":"","ocean_menu_link_active_background":"","ocean_menu_social_links_bg":"","ocean_menu_social_hover_links_bg":"","ocean_menu_social_links_color":"","ocean_menu_social_hover_links_color":"","ocean_disable_title":"default","ocean_disable_heading":"default","ocean_post_title":"","ocean_post_subheading":"","ocean_post_title_style":"","ocean_post_title_background_color":"","ocean_post_title_background":0,"ocean_post_title_bg_image_position":"","ocean_post_title_bg_image_attachment":"","ocean_post_title_bg_image_repeat":"","ocean_post_title_bg_image_size":"","ocean_post_title_height":0,"ocean_post_title_bg_overlay":0.5,"ocean_post_title_bg_overlay_color":"","ocean_disable_breadcrumbs":"default","ocean_breadcrumbs_color":"","ocean_breadcrumbs_separator_color":"","ocean_breadcrumbs_links_color":"","ocean_breadcrumbs_links_hover_color":"","ocean_display_footer_widgets":"default","ocean_display_footer_bottom":"default","ocean_custom_footer_template":"0","footnotes":""},"class_list":["post-18997","page","type-page","status-publish","hentry","entry","has-media"],"yoast_head":"<!-- This site is optimized with the Yoast SEO plugin v27.5 - https:\/\/yoast.com\/product\/yoast-seo-wordpress\/ -->\n<title>Meio Ambiente e Agricultura - Prefeitura de Capivari<\/title>\n<meta name=\"robots\" content=\"index, follow, max-snippet:-1, max-image-preview:large, max-video-preview:-1\" \/>\n<link rel=\"canonical\" href=\"https:\/\/capivari.sp.gov.br\/portal\/secretarias\/meio-ambiente-e-agricultura\/\" \/>\n<meta property=\"og:locale\" content=\"pt_BR\" \/>\n<meta property=\"og:type\" content=\"article\" \/>\n<meta property=\"og:title\" content=\"Meio Ambiente e Agricultura - Prefeitura de Capivari\" \/>\n<meta property=\"og:description\" content=\"Karen Bertoldo Angelim Secret\u00e1ria de Meio Ambiente e Agricultura Rua \u00c9rico Ver\u00edssimo, s\/n, Morada do Sol (19) 3492-0116 ambiente.capivari@gmail.com Compet\u00eancia A Secretaria de Meio Ambiente e Agricultura (SMAA), criada pela Lei Municipal n\u00ba 7126\/2025, \u00e9 o \u00f3rg\u00e3o municipal respons\u00e1vel pela gest\u00e3o, controle e fiscaliza\u00e7\u00e3o ambiental no Munic\u00edpio de Capivari, al\u00e9m do estudo, proposi\u00e7\u00e3o e a [&hellip;]\" \/>\n<meta property=\"og:url\" content=\"https:\/\/capivari.sp.gov.br\/portal\/secretarias\/meio-ambiente-e-agricultura\/\" \/>\n<meta property=\"og:site_name\" content=\"Prefeitura de Capivari\" \/>\n<meta property=\"article:publisher\" content=\"https:\/\/www.facebook.com\/PrefeituradeCapivari\/\" \/>\n<meta property=\"article:modified_time\" content=\"2026-04-24T19:39:11+00:00\" \/>\n<meta property=\"og:image\" content=\"https:\/\/capivari.sp.gov.br\/portal\/wp-content\/uploads\/2025\/01\/Angelim-hd.jpg\" \/>\n\t<meta property=\"og:image:width\" content=\"960\" \/>\n\t<meta property=\"og:image:height\" content=\"1020\" \/>\n\t<meta property=\"og:image:type\" content=\"image\/jpeg\" \/>\n<meta name=\"twitter:card\" content=\"summary_large_image\" \/>\n<meta name=\"twitter:site\" content=\"@PrefCapivari\" \/>\n<meta name=\"twitter:label1\" content=\"Est. tempo de leitura\" \/>\n\t<meta name=\"twitter:data1\" content=\"31 minutos\" \/>\n<script type=\"application\/ld+json\" class=\"yoast-schema-graph\">{\"@context\":\"https:\\\/\\\/schema.org\",\"@graph\":[{\"@type\":\"WebPage\",\"@id\":\"https:\\\/\\\/capivari.sp.gov.br\\\/portal\\\/secretarias\\\/meio-ambiente-e-agricultura\\\/\",\"url\":\"https:\\\/\\\/capivari.sp.gov.br\\\/portal\\\/secretarias\\\/meio-ambiente-e-agricultura\\\/\",\"name\":\"Meio Ambiente e Agricultura - Prefeitura de Capivari\",\"isPartOf\":{\"@id\":\"https:\\\/\\\/capivari.sp.gov.br\\\/portal\\\/#website\"},\"primaryImageOfPage\":{\"@id\":\"https:\\\/\\\/capivari.sp.gov.br\\\/portal\\\/secretarias\\\/meio-ambiente-e-agricultura\\\/#primaryimage\"},\"image\":{\"@id\":\"https:\\\/\\\/capivari.sp.gov.br\\\/portal\\\/secretarias\\\/meio-ambiente-e-agricultura\\\/#primaryimage\"},\"thumbnailUrl\":\"https:\\\/\\\/capivari.sp.gov.br\\\/portal\\\/wp-content\\\/uploads\\\/2025\\\/01\\\/Angelim-hd.jpg\",\"datePublished\":\"2025-01-21T17:29:38+00:00\",\"dateModified\":\"2026-04-24T19:39:11+00:00\",\"breadcrumb\":{\"@id\":\"https:\\\/\\\/capivari.sp.gov.br\\\/portal\\\/secretarias\\\/meio-ambiente-e-agricultura\\\/#breadcrumb\"},\"inLanguage\":\"pt-BR\",\"potentialAction\":[{\"@type\":\"ReadAction\",\"target\":[\"https:\\\/\\\/capivari.sp.gov.br\\\/portal\\\/secretarias\\\/meio-ambiente-e-agricultura\\\/\"]}]},{\"@type\":\"ImageObject\",\"inLanguage\":\"pt-BR\",\"@id\":\"https:\\\/\\\/capivari.sp.gov.br\\\/portal\\\/secretarias\\\/meio-ambiente-e-agricultura\\\/#primaryimage\",\"url\":\"https:\\\/\\\/capivari.sp.gov.br\\\/portal\\\/wp-content\\\/uploads\\\/2025\\\/01\\\/Angelim-hd.jpg\",\"contentUrl\":\"https:\\\/\\\/capivari.sp.gov.br\\\/portal\\\/wp-content\\\/uploads\\\/2025\\\/01\\\/Angelim-hd.jpg\",\"width\":960,\"height\":1020},{\"@type\":\"BreadcrumbList\",\"@id\":\"https:\\\/\\\/capivari.sp.gov.br\\\/portal\\\/secretarias\\\/meio-ambiente-e-agricultura\\\/#breadcrumb\",\"itemListElement\":[{\"@type\":\"ListItem\",\"position\":1,\"name\":\"In\u00edcio\",\"item\":\"https:\\\/\\\/capivari.sp.gov.br\\\/portal\\\/\"},{\"@type\":\"ListItem\",\"position\":2,\"name\":\"Secretarias\",\"item\":\"https:\\\/\\\/capivari.sp.gov.br\\\/portal\\\/secretarias\\\/\"},{\"@type\":\"ListItem\",\"position\":3,\"name\":\"Meio Ambiente e Agricultura\"}]},{\"@type\":\"WebSite\",\"@id\":\"https:\\\/\\\/capivari.sp.gov.br\\\/portal\\\/#website\",\"url\":\"https:\\\/\\\/capivari.sp.gov.br\\\/portal\\\/\",\"name\":\"Prefeitura de Capivari\",\"description\":\"Prefeitura de Capivari\",\"publisher\":{\"@id\":\"https:\\\/\\\/capivari.sp.gov.br\\\/portal\\\/#organization\"},\"potentialAction\":[{\"@type\":\"SearchAction\",\"target\":{\"@type\":\"EntryPoint\",\"urlTemplate\":\"https:\\\/\\\/capivari.sp.gov.br\\\/portal\\\/?s={search_term_string}\"},\"query-input\":{\"@type\":\"PropertyValueSpecification\",\"valueRequired\":true,\"valueName\":\"search_term_string\"}}],\"inLanguage\":\"pt-BR\"},{\"@type\":\"Organization\",\"@id\":\"https:\\\/\\\/capivari.sp.gov.br\\\/portal\\\/#organization\",\"name\":\"Prefeitura de Capivari\",\"url\":\"https:\\\/\\\/capivari.sp.gov.br\\\/portal\\\/\",\"logo\":{\"@type\":\"ImageObject\",\"inLanguage\":\"pt-BR\",\"@id\":\"https:\\\/\\\/capivari.sp.gov.br\\\/portal\\\/#\\\/schema\\\/logo\\\/image\\\/\",\"url\":\"https:\\\/\\\/capivari.sp.gov.br\\\/portal\\\/wp-content\\\/uploads\\\/2021\\\/09\\\/logo-prefeitura-de-capivari.png\",\"contentUrl\":\"https:\\\/\\\/capivari.sp.gov.br\\\/portal\\\/wp-content\\\/uploads\\\/2021\\\/09\\\/logo-prefeitura-de-capivari.png\",\"width\":200,\"height\":147,\"caption\":\"Prefeitura de Capivari\"},\"image\":{\"@id\":\"https:\\\/\\\/capivari.sp.gov.br\\\/portal\\\/#\\\/schema\\\/logo\\\/image\\\/\"},\"sameAs\":[\"https:\\\/\\\/www.facebook.com\\\/PrefeituradeCapivari\\\/\",\"https:\\\/\\\/x.com\\\/PrefCapivari\",\"https:\\\/\\\/www.instagram.com\\\/prefeituracapivari\\\/\"]}]}<\/script>\n<!-- \/ Yoast SEO plugin. -->","yoast_head_json":{"title":"Meio Ambiente e Agricultura - Prefeitura de Capivari","robots":{"index":"index","follow":"follow","max-snippet":"max-snippet:-1","max-image-preview":"max-image-preview:large","max-video-preview":"max-video-preview:-1"},"canonical":"https:\/\/capivari.sp.gov.br\/portal\/secretarias\/meio-ambiente-e-agricultura\/","og_locale":"pt_BR","og_type":"article","og_title":"Meio Ambiente e Agricultura - Prefeitura de Capivari","og_description":"Karen Bertoldo Angelim Secret\u00e1ria de Meio Ambiente e Agricultura Rua \u00c9rico Ver\u00edssimo, s\/n, Morada do Sol (19) 3492-0116 ambiente.capivari@gmail.com Compet\u00eancia A Secretaria de Meio Ambiente e Agricultura (SMAA), criada pela Lei Municipal n\u00ba 7126\/2025, \u00e9 o \u00f3rg\u00e3o municipal respons\u00e1vel pela gest\u00e3o, controle e fiscaliza\u00e7\u00e3o ambiental no Munic\u00edpio de Capivari, al\u00e9m do estudo, proposi\u00e7\u00e3o e a [&hellip;]","og_url":"https:\/\/capivari.sp.gov.br\/portal\/secretarias\/meio-ambiente-e-agricultura\/","og_site_name":"Prefeitura de Capivari","article_publisher":"https:\/\/www.facebook.com\/PrefeituradeCapivari\/","article_modified_time":"2026-04-24T19:39:11+00:00","og_image":[{"width":960,"height":1020,"url":"https:\/\/capivari.sp.gov.br\/portal\/wp-content\/uploads\/2025\/01\/Angelim-hd.jpg","type":"image\/jpeg"}],"twitter_card":"summary_large_image","twitter_site":"@PrefCapivari","twitter_misc":{"Est. tempo de leitura":"31 minutos"},"schema":{"@context":"https:\/\/schema.org","@graph":[{"@type":"WebPage","@id":"https:\/\/capivari.sp.gov.br\/portal\/secretarias\/meio-ambiente-e-agricultura\/","url":"https:\/\/capivari.sp.gov.br\/portal\/secretarias\/meio-ambiente-e-agricultura\/","name":"Meio Ambiente e Agricultura - Prefeitura de Capivari","isPartOf":{"@id":"https:\/\/capivari.sp.gov.br\/portal\/#website"},"primaryImageOfPage":{"@id":"https:\/\/capivari.sp.gov.br\/portal\/secretarias\/meio-ambiente-e-agricultura\/#primaryimage"},"image":{"@id":"https:\/\/capivari.sp.gov.br\/portal\/secretarias\/meio-ambiente-e-agricultura\/#primaryimage"},"thumbnailUrl":"https:\/\/capivari.sp.gov.br\/portal\/wp-content\/uploads\/2025\/01\/Angelim-hd.jpg","datePublished":"2025-01-21T17:29:38+00:00","dateModified":"2026-04-24T19:39:11+00:00","breadcrumb":{"@id":"https:\/\/capivari.sp.gov.br\/portal\/secretarias\/meio-ambiente-e-agricultura\/#breadcrumb"},"inLanguage":"pt-BR","potentialAction":[{"@type":"ReadAction","target":["https:\/\/capivari.sp.gov.br\/portal\/secretarias\/meio-ambiente-e-agricultura\/"]}]},{"@type":"ImageObject","inLanguage":"pt-BR","@id":"https:\/\/capivari.sp.gov.br\/portal\/secretarias\/meio-ambiente-e-agricultura\/#primaryimage","url":"https:\/\/capivari.sp.gov.br\/portal\/wp-content\/uploads\/2025\/01\/Angelim-hd.jpg","contentUrl":"https:\/\/capivari.sp.gov.br\/portal\/wp-content\/uploads\/2025\/01\/Angelim-hd.jpg","width":960,"height":1020},{"@type":"BreadcrumbList","@id":"https:\/\/capivari.sp.gov.br\/portal\/secretarias\/meio-ambiente-e-agricultura\/#breadcrumb","itemListElement":[{"@type":"ListItem","position":1,"name":"In\u00edcio","item":"https:\/\/capivari.sp.gov.br\/portal\/"},{"@type":"ListItem","position":2,"name":"Secretarias","item":"https:\/\/capivari.sp.gov.br\/portal\/secretarias\/"},{"@type":"ListItem","position":3,"name":"Meio Ambiente e Agricultura"}]},{"@type":"WebSite","@id":"https:\/\/capivari.sp.gov.br\/portal\/#website","url":"https:\/\/capivari.sp.gov.br\/portal\/","name":"Prefeitura de Capivari","description":"Prefeitura de Capivari","publisher":{"@id":"https:\/\/capivari.sp.gov.br\/portal\/#organization"},"potentialAction":[{"@type":"SearchAction","target":{"@type":"EntryPoint","urlTemplate":"https:\/\/capivari.sp.gov.br\/portal\/?s={search_term_string}"},"query-input":{"@type":"PropertyValueSpecification","valueRequired":true,"valueName":"search_term_string"}}],"inLanguage":"pt-BR"},{"@type":"Organization","@id":"https:\/\/capivari.sp.gov.br\/portal\/#organization","name":"Prefeitura de Capivari","url":"https:\/\/capivari.sp.gov.br\/portal\/","logo":{"@type":"ImageObject","inLanguage":"pt-BR","@id":"https:\/\/capivari.sp.gov.br\/portal\/#\/schema\/logo\/image\/","url":"https:\/\/capivari.sp.gov.br\/portal\/wp-content\/uploads\/2021\/09\/logo-prefeitura-de-capivari.png","contentUrl":"https:\/\/capivari.sp.gov.br\/portal\/wp-content\/uploads\/2021\/09\/logo-prefeitura-de-capivari.png","width":200,"height":147,"caption":"Prefeitura de Capivari"},"image":{"@id":"https:\/\/capivari.sp.gov.br\/portal\/#\/schema\/logo\/image\/"},"sameAs":["https:\/\/www.facebook.com\/PrefeituradeCapivari\/","https:\/\/x.com\/PrefCapivari","https:\/\/www.instagram.com\/prefeituracapivari\/"]}]}},"_links":{"self":[{"href":"https:\/\/capivari.sp.gov.br\/portal\/wp-json\/wp\/v2\/pages\/18997","targetHints":{"allow":["GET"]}}],"collection":[{"href":"https:\/\/capivari.sp.gov.br\/portal\/wp-json\/wp\/v2\/pages"}],"about":[{"href":"https:\/\/capivari.sp.gov.br\/portal\/wp-json\/wp\/v2\/types\/page"}],"author":[{"embeddable":true,"href":"https:\/\/capivari.sp.gov.br\/portal\/wp-json\/wp\/v2\/users\/9"}],"replies":[{"embeddable":true,"href":"https:\/\/capivari.sp.gov.br\/portal\/wp-json\/wp\/v2\/comments?post=18997"}],"version-history":[{"count":49,"href":"https:\/\/capivari.sp.gov.br\/portal\/wp-json\/wp\/v2\/pages\/18997\/revisions"}],"predecessor-version":[{"id":22533,"href":"https:\/\/capivari.sp.gov.br\/portal\/wp-json\/wp\/v2\/pages\/18997\/revisions\/22533"}],"up":[{"embeddable":true,"href":"https:\/\/capivari.sp.gov.br\/portal\/wp-json\/wp\/v2\/pages\/27"}],"wp:attachment":[{"href":"https:\/\/capivari.sp.gov.br\/portal\/wp-json\/wp\/v2\/media?parent=18997"}],"curies":[{"name":"wp","href":"https:\/\/api.w.org\/{rel}","templated":true}]}}