{"id":432,"date":"2021-09-09T15:30:59","date_gmt":"2021-09-09T18:30:59","guid":{"rendered":"https:\/\/capivari.sp.gov.br\/portal\/?page_id=432"},"modified":"2026-04-24T16:41:49","modified_gmt":"2026-04-24T19:41:49","slug":"relacoes-publicas","status":"publish","type":"page","link":"https:\/\/capivari.sp.gov.br\/portal\/secretarias\/relacoes-publicas\/","title":{"rendered":"Rela\u00e7\u00f5es P\u00fablicas"},"content":{"rendered":"\t\t<div data-elementor-type=\"wp-page\" data-elementor-id=\"432\" class=\"elementor elementor-432\" data-elementor-post-type=\"page\">\n\t\t\t\t\t\t<section class=\"elementor-section elementor-top-section elementor-element elementor-element-690ef63b elementor-section-stretched elementor-section-boxed elementor-section-height-default elementor-section-height-default\" data-id=\"690ef63b\" data-element_type=\"section\" data-e-type=\"section\" data-settings=\"{&quot;stretch_section&quot;:&quot;section-stretched&quot;,&quot;background_background&quot;:&quot;classic&quot;}\">\n\t\t\t\t\t\t<div class=\"elementor-container elementor-column-gap-default\">\n\t\t\t\t\t<div class=\"elementor-column elementor-col-50 elementor-top-column elementor-element elementor-element-578f4fd0\" data-id=\"578f4fd0\" data-element_type=\"column\" data-e-type=\"column\">\n\t\t\t<div class=\"elementor-widget-wrap elementor-element-populated\">\n\t\t\t\t\t\t\t<\/div>\n\t\t<\/div>\n\t\t\t\t<div class=\"elementor-column elementor-col-50 elementor-top-column elementor-element elementor-element-4eddfafa\" data-id=\"4eddfafa\" data-element_type=\"column\" data-e-type=\"column\">\n\t\t\t<div class=\"elementor-widget-wrap elementor-element-populated\">\n\t\t\t\t\t\t<div class=\"elementor-element elementor-element-62fe3707 elementor-align-right elementor-mobile-align-left elementor-widget elementor-widget-breadcrumbs\" data-id=\"62fe3707\" data-element_type=\"widget\" data-e-type=\"widget\" data-widget_type=\"breadcrumbs.default\">\n\t\t\t\t<div class=\"elementor-widget-container\">\n\t\t\t\t\t<p id=\"breadcrumbs\"><span><span><a href=\"https:\/\/capivari.sp.gov.br\/portal\/\">In\u00edcio<\/a><\/span><\/span><\/p>\t\t\t\t<\/div>\n\t\t\t\t<\/div>\n\t\t\t\t\t<\/div>\n\t\t<\/div>\n\t\t\t\t\t<\/div>\n\t\t<\/section>\n\t\t\t\t<section class=\"elementor-section elementor-top-section elementor-element elementor-element-003b3d3 elementor-section-stretched elementor-section-boxed elementor-section-height-default elementor-section-height-default\" data-id=\"003b3d3\" data-element_type=\"section\" data-e-type=\"section\" data-settings=\"{&quot;stretch_section&quot;:&quot;section-stretched&quot;}\">\n\t\t\t\t\t\t<div class=\"elementor-container elementor-column-gap-default\">\n\t\t\t\t\t<div class=\"elementor-column elementor-col-50 elementor-top-column elementor-element elementor-element-d63c18c\" data-id=\"d63c18c\" data-element_type=\"column\" data-e-type=\"column\">\n\t\t\t<div class=\"elementor-widget-wrap elementor-element-populated\">\n\t\t\t\t\t\t<div class=\"elementor-element elementor-element-2675bed elementor-widget elementor-widget-image\" data-id=\"2675bed\" data-element_type=\"widget\" data-e-type=\"widget\" data-widget_type=\"image.default\">\n\t\t\t\t<div class=\"elementor-widget-container\">\n\t\t\t\t\t\t\t\t\t\t\t\t\t\t\t<img fetchpriority=\"high\" decoding=\"async\" width=\"936\" height=\"1020\" src=\"https:\/\/capivari.sp.gov.br\/portal\/wp-content\/uploads\/2025\/01\/Tinny-Machado-hd.jpg\" class=\"attachment-full size-full wp-image-18960\" alt=\"\" srcset=\"https:\/\/capivari.sp.gov.br\/portal\/wp-content\/uploads\/2025\/01\/Tinny-Machado-hd.jpg 936w, https:\/\/capivari.sp.gov.br\/portal\/wp-content\/uploads\/2025\/01\/Tinny-Machado-hd-275x300.jpg 275w, https:\/\/capivari.sp.gov.br\/portal\/wp-content\/uploads\/2025\/01\/Tinny-Machado-hd-768x837.jpg 768w\" sizes=\"(max-width: 936px) 100vw, 936px\" \/>\t\t\t\t\t\t\t\t\t\t\t\t\t\t\t<\/div>\n\t\t\t\t<\/div>\n\t\t\t\t\t<\/div>\n\t\t<\/div>\n\t\t\t\t<div class=\"elementor-column elementor-col-50 elementor-top-column elementor-element elementor-element-41f9f45\" data-id=\"41f9f45\" data-element_type=\"column\" data-e-type=\"column\">\n\t\t\t<div class=\"elementor-widget-wrap elementor-element-populated\">\n\t\t\t\t\t\t<div class=\"elementor-element elementor-element-a0b98eb elementor-widget elementor-widget-heading\" data-id=\"a0b98eb\" data-element_type=\"widget\" data-e-type=\"widget\" data-widget_type=\"heading.default\">\n\t\t\t\t<div class=\"elementor-widget-container\">\n\t\t\t\t\t<h2 class=\"elementor-heading-title elementor-size-default\">Tonny Machado<\/h2>\t\t\t\t<\/div>\n\t\t\t\t<\/div>\n\t\t\t\t<div class=\"elementor-element elementor-element-4972ff5 elementor-widget elementor-widget-heading\" data-id=\"4972ff5\" data-element_type=\"widget\" data-e-type=\"widget\" data-widget_type=\"heading.default\">\n\t\t\t\t<div class=\"elementor-widget-container\">\n\t\t\t\t\t<h2 class=\"elementor-heading-title elementor-size-default\">Secret\u00e1rio de Rela\u00e7\u00f5es P\u00fablicas<\/h2>\t\t\t\t<\/div>\n\t\t\t\t<\/div>\n\t\t\t\t<div class=\"elementor-element elementor-element-c557025 elementor-icon-list--layout-traditional elementor-list-item-link-full_width elementor-widget elementor-widget-icon-list\" data-id=\"c557025\" data-element_type=\"widget\" data-e-type=\"widget\" data-widget_type=\"icon-list.default\">\n\t\t\t\t<div class=\"elementor-widget-container\">\n\t\t\t\t\t\t\t<ul class=\"elementor-icon-list-items\">\n\t\t\t\t\t\t\t<li class=\"elementor-icon-list-item\">\n\t\t\t\t\t\t\t\t\t\t\t<span class=\"elementor-icon-list-icon\">\n\t\t\t\t\t\t\t<svg aria-hidden=\"true\" class=\"e-font-icon-svg e-fas-location-arrow\" viewBox=\"0 0 512 512\" xmlns=\"http:\/\/www.w3.org\/2000\/svg\"><path d=\"M444.52 3.52L28.74 195.42c-47.97 22.39-31.98 92.75 19.19 92.75h175.91v175.91c0 51.17 70.36 67.17 92.75 19.19l191.9-415.78c15.99-38.39-25.59-79.97-63.97-63.97z\"><\/path><\/svg>\t\t\t\t\t\t<\/span>\n\t\t\t\t\t\t\t\t\t\t<span class=\"elementor-icon-list-text\">Rua XV de Novembro, 639, Centro - CEP 13360-023<\/span>\n\t\t\t\t\t\t\t\t\t<\/li>\n\t\t\t\t\t\t\t\t<li class=\"elementor-icon-list-item\">\n\t\t\t\t\t\t\t\t\t\t\t<span class=\"elementor-icon-list-icon\">\n\t\t\t\t\t\t\t<svg aria-hidden=\"true\" class=\"e-font-icon-svg e-fas-phone-alt\" viewBox=\"0 0 512 512\" xmlns=\"http:\/\/www.w3.org\/2000\/svg\"><path d=\"M497.39 361.8l-112-48a24 24 0 0 0-28 6.9l-49.6 60.6A370.66 370.66 0 0 1 130.6 204.11l60.6-49.6a23.94 23.94 0 0 0 6.9-28l-48-112A24.16 24.16 0 0 0 122.6.61l-104 24A24 24 0 0 0 0 48c0 256.5 207.9 464 464 464a24 24 0 0 0 23.4-18.6l24-104a24.29 24.29 0 0 0-14.01-27.6z\"><\/path><\/svg>\t\t\t\t\t\t<\/span>\n\t\t\t\t\t\t\t\t\t\t<span class=\"elementor-icon-list-text\">(19) 3492-9200 (WhatsApp)<\/span>\n\t\t\t\t\t\t\t\t\t<\/li>\n\t\t\t\t\t\t\t\t<li class=\"elementor-icon-list-item\">\n\t\t\t\t\t\t\t\t\t\t\t<span class=\"elementor-icon-list-icon\">\n\t\t\t\t\t\t\t<svg aria-hidden=\"true\" class=\"e-font-icon-svg e-far-envelope\" viewBox=\"0 0 512 512\" xmlns=\"http:\/\/www.w3.org\/2000\/svg\"><path d=\"M464 64H48C21.49 64 0 85.49 0 112v288c0 26.51 21.49 48 48 48h416c26.51 0 48-21.49 48-48V112c0-26.51-21.49-48-48-48zm0 48v40.805c-22.422 18.259-58.168 46.651-134.587 106.49-16.841 13.247-50.201 45.072-73.413 44.701-23.208.375-56.579-31.459-73.413-44.701C106.18 199.465 70.425 171.067 48 152.805V112h416zM48 400V214.398c22.914 18.251 55.409 43.862 104.938 82.646 21.857 17.205 60.134 55.186 103.062 54.955 42.717.231 80.509-37.199 103.053-54.947 49.528-38.783 82.032-64.401 104.947-82.653V400H48z\"><\/path><\/svg>\t\t\t\t\t\t<\/span>\n\t\t\t\t\t\t\t\t\t\t<span class=\"elementor-icon-list-text\">imprensa@capivari.sp.gov.br<\/span>\n\t\t\t\t\t\t\t\t\t<\/li>\n\t\t\t\t\t\t<\/ul>\n\t\t\t\t\t\t<\/div>\n\t\t\t\t<\/div>\n\t\t\t\t\t<\/div>\n\t\t<\/div>\n\t\t\t\t\t<\/div>\n\t\t<\/section>\n\t\t\t\t<section class=\"elementor-section elementor-top-section elementor-element elementor-element-47b63bc0 elementor-section-stretched elementor-section-boxed elementor-section-height-default elementor-section-height-default\" data-id=\"47b63bc0\" data-element_type=\"section\" data-e-type=\"section\" data-settings=\"{&quot;stretch_section&quot;:&quot;section-stretched&quot;}\">\n\t\t\t\t\t\t<div class=\"elementor-container elementor-column-gap-default\">\n\t\t\t\t\t<div class=\"elementor-column elementor-col-100 elementor-top-column elementor-element elementor-element-610b09c0\" data-id=\"610b09c0\" data-element_type=\"column\" data-e-type=\"column\">\n\t\t\t<div class=\"elementor-widget-wrap elementor-element-populated\">\n\t\t\t\t\t\t<div class=\"elementor-element elementor-element-336ece03 elementor-widget elementor-widget-accordion\" data-id=\"336ece03\" data-element_type=\"widget\" data-e-type=\"widget\" data-widget_type=\"accordion.default\">\n\t\t\t\t<div class=\"elementor-widget-container\">\n\t\t\t\t\t\t\t<div class=\"elementor-accordion\">\n\t\t\t\t\t\t\t<div class=\"elementor-accordion-item\">\n\t\t\t\t\t<div id=\"elementor-tab-title-8621\" class=\"elementor-tab-title\" data-tab=\"1\" role=\"button\" aria-controls=\"elementor-tab-content-8621\" aria-expanded=\"false\">\n\t\t\t\t\t\t\t\t\t\t\t\t\t<span class=\"elementor-accordion-icon elementor-accordion-icon-right\" aria-hidden=\"true\">\n\t\t\t\t\t\t\t\t\t\t\t\t\t\t\t<span class=\"elementor-accordion-icon-closed\"><svg class=\"e-font-icon-svg e-fas-plus\" viewBox=\"0 0 448 512\" xmlns=\"http:\/\/www.w3.org\/2000\/svg\"><path d=\"M416 208H272V64c0-17.67-14.33-32-32-32h-32c-17.67 0-32 14.33-32 32v144H32c-17.67 0-32 14.33-32 32v32c0 17.67 14.33 32 32 32h144v144c0 17.67 14.33 32 32 32h32c17.67 0 32-14.33 32-32V304h144c17.67 0 32-14.33 32-32v-32c0-17.67-14.33-32-32-32z\"><\/path><\/svg><\/span>\n\t\t\t\t\t\t\t\t<span class=\"elementor-accordion-icon-opened\"><svg class=\"e-font-icon-svg e-fas-minus\" viewBox=\"0 0 448 512\" xmlns=\"http:\/\/www.w3.org\/2000\/svg\"><path d=\"M416 208H32c-17.67 0-32 14.33-32 32v32c0 17.67 14.33 32 32 32h384c17.67 0 32-14.33 32-32v-32c0-17.67-14.33-32-32-32z\"><\/path><\/svg><\/span>\n\t\t\t\t\t\t\t\t\t\t\t\t\t\t<\/span>\n\t\t\t\t\t\t\t\t\t\t\t\t<a class=\"elementor-accordion-title\" tabindex=\"0\">Oculto<\/a>\n\t\t\t\t\t<\/div>\n\t\t\t\t\t<div id=\"elementor-tab-content-8621\" class=\"elementor-tab-content elementor-clearfix\" data-tab=\"1\" role=\"region\" aria-labelledby=\"elementor-tab-title-8621\"><p>Lorem ipsum dolor sit amet, consectetur adipiscing elit. Ut elit tellus, luctus nec ullamcorper mattis, pulvinar dapibus leo.<\/p><\/div>\n\t\t\t\t<\/div>\n\t\t\t\t\t\t\t<div class=\"elementor-accordion-item\">\n\t\t\t\t\t<div id=\"elementor-tab-title-8622\" class=\"elementor-tab-title\" data-tab=\"2\" role=\"button\" aria-controls=\"elementor-tab-content-8622\" aria-expanded=\"false\">\n\t\t\t\t\t\t\t\t\t\t\t\t\t<span class=\"elementor-accordion-icon elementor-accordion-icon-right\" aria-hidden=\"true\">\n\t\t\t\t\t\t\t\t\t\t\t\t\t\t\t<span class=\"elementor-accordion-icon-closed\"><svg class=\"e-font-icon-svg e-fas-plus\" viewBox=\"0 0 448 512\" xmlns=\"http:\/\/www.w3.org\/2000\/svg\"><path d=\"M416 208H272V64c0-17.67-14.33-32-32-32h-32c-17.67 0-32 14.33-32 32v144H32c-17.67 0-32 14.33-32 32v32c0 17.67 14.33 32 32 32h144v144c0 17.67 14.33 32 32 32h32c17.67 0 32-14.33 32-32V304h144c17.67 0 32-14.33 32-32v-32c0-17.67-14.33-32-32-32z\"><\/path><\/svg><\/span>\n\t\t\t\t\t\t\t\t<span class=\"elementor-accordion-icon-opened\"><svg class=\"e-font-icon-svg e-fas-minus\" viewBox=\"0 0 448 512\" xmlns=\"http:\/\/www.w3.org\/2000\/svg\"><path d=\"M416 208H32c-17.67 0-32 14.33-32 32v32c0 17.67 14.33 32 32 32h384c17.67 0 32-14.33 32-32v-32c0-17.67-14.33-32-32-32z\"><\/path><\/svg><\/span>\n\t\t\t\t\t\t\t\t\t\t\t\t\t\t<\/span>\n\t\t\t\t\t\t\t\t\t\t\t\t<a class=\"elementor-accordion-title\" tabindex=\"0\">Compet\u00eancia<\/a>\n\t\t\t\t\t<\/div>\n\t\t\t\t\t<div id=\"elementor-tab-content-8622\" class=\"elementor-tab-content elementor-clearfix\" data-tab=\"2\" role=\"region\" aria-labelledby=\"elementor-tab-title-8622\"><p><strong>Compete \u00e0 Secretaria de Rela\u00e7\u00f5es P\u00fablicas:<\/strong><\/p><ol><li>Coordenar a comunica\u00e7\u00e3o institucional da Prefeitura.<\/li><li>Promover a divulga\u00e7\u00e3o de atos, programas, obras e servi\u00e7os municipais.<\/li><li>Manter relacionamento com a imprensa e atender \u00e0s demandas jornal\u00edsticas.<\/li><li>Planejar e executar campanhas de utilidade p\u00fablica.<\/li><li>Administrar os canais oficiais de comunica\u00e7\u00e3o da Prefeitura.<\/li><li>Organizar eventos, solenidades e atividades de cerimonial e protocolo.<\/li><li>Monitorar e preservar a imagem institucional do Munic\u00edpio.<\/li><li>Estabelecer di\u00e1logo com a sociedade civil e demais entes governamentais.<\/li><li>Apoiar a\u00e7\u00f5es de transpar\u00eancia e presta\u00e7\u00e3o de contas \u00e0 popula\u00e7\u00e3o.<\/li><li>Elaborar planos e estrat\u00e9gias de comunica\u00e7\u00e3o integrada.<\/li><\/ol><\/div>\n\t\t\t\t<\/div>\n\t\t\t\t\t\t\t<div class=\"elementor-accordion-item\">\n\t\t\t\t\t<div id=\"elementor-tab-title-8623\" class=\"elementor-tab-title\" data-tab=\"3\" role=\"button\" aria-controls=\"elementor-tab-content-8623\" aria-expanded=\"false\">\n\t\t\t\t\t\t\t\t\t\t\t\t\t<span class=\"elementor-accordion-icon elementor-accordion-icon-right\" aria-hidden=\"true\">\n\t\t\t\t\t\t\t\t\t\t\t\t\t\t\t<span class=\"elementor-accordion-icon-closed\"><svg class=\"e-font-icon-svg e-fas-plus\" viewBox=\"0 0 448 512\" xmlns=\"http:\/\/www.w3.org\/2000\/svg\"><path d=\"M416 208H272V64c0-17.67-14.33-32-32-32h-32c-17.67 0-32 14.33-32 32v144H32c-17.67 0-32 14.33-32 32v32c0 17.67 14.33 32 32 32h144v144c0 17.67 14.33 32 32 32h32c17.67 0 32-14.33 32-32V304h144c17.67 0 32-14.33 32-32v-32c0-17.67-14.33-32-32-32z\"><\/path><\/svg><\/span>\n\t\t\t\t\t\t\t\t<span class=\"elementor-accordion-icon-opened\"><svg class=\"e-font-icon-svg e-fas-minus\" viewBox=\"0 0 448 512\" xmlns=\"http:\/\/www.w3.org\/2000\/svg\"><path d=\"M416 208H32c-17.67 0-32 14.33-32 32v32c0 17.67 14.33 32 32 32h384c17.67 0 32-14.33 32-32v-32c0-17.67-14.33-32-32-32z\"><\/path><\/svg><\/span>\n\t\t\t\t\t\t\t\t\t\t\t\t\t\t<\/span>\n\t\t\t\t\t\t\t\t\t\t\t\t<a class=\"elementor-accordion-title\" tabindex=\"0\">Estrutura Organizacional<\/a>\n\t\t\t\t\t<\/div>\n\t\t\t\t\t<div id=\"elementor-tab-content-8623\" class=\"elementor-tab-content elementor-clearfix\" data-tab=\"3\" role=\"region\" aria-labelledby=\"elementor-tab-title-8623\"><p class=\"Standard\">A Secretaria \u00e9 composta por um Secret\u00e1rio, diretor, assessores e uma Ouvidoria.<\/p><p><a href=\"https:\/\/capivari.sp.gov.br\/portal\/wp-content\/uploads\/2025\/10\/org.jpg\" target=\"_blank\" rel=\"noopener\"><strong>Organograma Rela\u00e7\u00f5es P\u00fablicas<\/strong><\/a><br \/><br \/><\/p><ol><li><strong> Gabinete do Secret\u00e1rio<\/strong><\/li><\/ol><ul><li><strong>Secret\u00e1rio de Rela\u00e7\u00f5es P\u00fablicas<\/strong><ul><li>Respons\u00e1vel pela gest\u00e3o da secretaria, defini\u00e7\u00e3o de pol\u00edticas, estrat\u00e9gias e alinhamento com o Prefeito.<\/li><\/ul><\/li><\/ul><ol start=\"2\"><li><strong> Departamento de Comunica\u00e7\u00e3o<\/strong><\/li><\/ol><ul><li><strong>Diretor de Departamento de Comunica\u00e7\u00e3o<\/strong><ul><li>Coordena toda a comunica\u00e7\u00e3o institucional e publicit\u00e1ria da Prefeitura.<\/li><li>Subdivide-se em \u00e1reas t\u00e9cnicas (executadas por Diretores II e Assessores).<\/li><\/ul><\/li><\/ul><ol start=\"3\"><li><strong> Diretoria-Geral de Rela\u00e7\u00f5es Institucionais e Cerimonial<\/strong><\/li><\/ol><ul><li><strong>Diretor-Geral de Rela\u00e7\u00f5es Institucionais e Cerimonial<\/strong><ul><li>Respons\u00e1vel pelo relacionamento da Prefeitura com institui\u00e7\u00f5es, entidades civis, \u00f3rg\u00e3os p\u00fablicos e pela organiza\u00e7\u00e3o de eventos e solenidades oficiais.<\/li><\/ul><\/li><\/ul><ol start=\"4\"><li><strong> Ouvidoria Geral do Munic\u00edpio<\/strong><\/li><\/ol><ul><li><strong>\u00a0Ouvidores Gerais<\/strong><ul><li>Atua no recebimento, registro e encaminhamento das demandas da popula\u00e7\u00e3o.<\/li><li>Faz o monitoramento das respostas e relat\u00f3rios de transpar\u00eancia.<\/li><\/ul><\/li><li><strong>CMUSP \u2013 Conselho Municipal dos Usu\u00e1rios dos Servi\u00e7os P\u00fablicos<\/strong><ul><li>\u00d3rg\u00e3o de car\u00e1ter consultivo e participativo vinculado \u00e0 Ouvidoria.<\/li><li>Atua como espa\u00e7o de controle social e acompanhamento da qualidade dos servi\u00e7os p\u00fablicos.<\/li><\/ul><\/li><\/ul><\/div>\n\t\t\t\t<\/div>\n\t\t\t\t\t\t\t<div class=\"elementor-accordion-item\">\n\t\t\t\t\t<div id=\"elementor-tab-title-8624\" class=\"elementor-tab-title\" data-tab=\"4\" role=\"button\" aria-controls=\"elementor-tab-content-8624\" aria-expanded=\"false\">\n\t\t\t\t\t\t\t\t\t\t\t\t\t<span class=\"elementor-accordion-icon elementor-accordion-icon-right\" aria-hidden=\"true\">\n\t\t\t\t\t\t\t\t\t\t\t\t\t\t\t<span class=\"elementor-accordion-icon-closed\"><svg class=\"e-font-icon-svg e-fas-plus\" viewBox=\"0 0 448 512\" xmlns=\"http:\/\/www.w3.org\/2000\/svg\"><path d=\"M416 208H272V64c0-17.67-14.33-32-32-32h-32c-17.67 0-32 14.33-32 32v144H32c-17.67 0-32 14.33-32 32v32c0 17.67 14.33 32 32 32h144v144c0 17.67 14.33 32 32 32h32c17.67 0 32-14.33 32-32V304h144c17.67 0 32-14.33 32-32v-32c0-17.67-14.33-32-32-32z\"><\/path><\/svg><\/span>\n\t\t\t\t\t\t\t\t<span class=\"elementor-accordion-icon-opened\"><svg class=\"e-font-icon-svg e-fas-minus\" viewBox=\"0 0 448 512\" xmlns=\"http:\/\/www.w3.org\/2000\/svg\"><path d=\"M416 208H32c-17.67 0-32 14.33-32 32v32c0 17.67 14.33 32 32 32h384c17.67 0 32-14.33 32-32v-32c0-17.67-14.33-32-32-32z\"><\/path><\/svg><\/span>\n\t\t\t\t\t\t\t\t\t\t\t\t\t\t<\/span>\n\t\t\t\t\t\t\t\t\t\t\t\t<a class=\"elementor-accordion-title\" tabindex=\"0\">Conselhos<\/a>\n\t\t\t\t\t<\/div>\n\t\t\t\t\t<div id=\"elementor-tab-content-8624\" class=\"elementor-tab-content elementor-clearfix\" data-tab=\"4\" role=\"region\" aria-labelledby=\"elementor-tab-title-8624\"><p class=\"Standard\"><a href=\"https:\/\/capivari.sp.gov.br\/portal\/servicos\/conselhos\/cmusp-conselho-municipal-dos-usuarios-dos-servicos-publicos\/#elf_l1_Lw\">CMUSP &#8211; Conselho Municipal dos Usu\u00e1rios dos Servi\u00e7os P\u00fablicos<\/a><\/p><\/div>\n\t\t\t\t<\/div>\n\t\t\t\t\t\t\t<div class=\"elementor-accordion-item\">\n\t\t\t\t\t<div id=\"elementor-tab-title-8625\" class=\"elementor-tab-title\" data-tab=\"5\" role=\"button\" aria-controls=\"elementor-tab-content-8625\" aria-expanded=\"false\">\n\t\t\t\t\t\t\t\t\t\t\t\t\t<span class=\"elementor-accordion-icon elementor-accordion-icon-right\" aria-hidden=\"true\">\n\t\t\t\t\t\t\t\t\t\t\t\t\t\t\t<span class=\"elementor-accordion-icon-closed\"><svg class=\"e-font-icon-svg e-fas-plus\" viewBox=\"0 0 448 512\" xmlns=\"http:\/\/www.w3.org\/2000\/svg\"><path d=\"M416 208H272V64c0-17.67-14.33-32-32-32h-32c-17.67 0-32 14.33-32 32v144H32c-17.67 0-32 14.33-32 32v32c0 17.67 14.33 32 32 32h144v144c0 17.67 14.33 32 32 32h32c17.67 0 32-14.33 32-32V304h144c17.67 0 32-14.33 32-32v-32c0-17.67-14.33-32-32-32z\"><\/path><\/svg><\/span>\n\t\t\t\t\t\t\t\t<span class=\"elementor-accordion-icon-opened\"><svg class=\"e-font-icon-svg e-fas-minus\" viewBox=\"0 0 448 512\" xmlns=\"http:\/\/www.w3.org\/2000\/svg\"><path d=\"M416 208H32c-17.67 0-32 14.33-32 32v32c0 17.67 14.33 32 32 32h384c17.67 0 32-14.33 32-32v-32c0-17.67-14.33-32-32-32z\"><\/path><\/svg><\/span>\n\t\t\t\t\t\t\t\t\t\t\t\t\t\t<\/span>\n\t\t\t\t\t\t\t\t\t\t\t\t<a class=\"elementor-accordion-title\" tabindex=\"0\">Endere\u00e7os e Telefones<\/a>\n\t\t\t\t\t<\/div>\n\t\t\t\t\t<div id=\"elementor-tab-content-8625\" class=\"elementor-tab-content elementor-clearfix\" data-tab=\"5\" role=\"region\" aria-labelledby=\"elementor-tab-title-8625\"><p>A secretaria situa-se na rua XV de Novembro, 639, no Centro \u2013 Pa\u00e7o Municipal. A secretaria atende atrav\u00e9s do WhatsApp (19) 3492-9200 e o endere\u00e7o eletr\u00f4nico \u00e9 imprensa@capivari.sp.gov.br.<\/p><p>OUVIDORIA MUNICIPAL<br \/>Hor\u00e1rio de funcionamento: das 8h30 \u00e0s 16h30<br \/>Telefone: 0800 771\u00a0 3365\u00a0 \/\u00a0 19-3492-0204<br \/>Email: ouvidoria@capivari.sp.gov.br<br \/>GanhaTempo Municipal, localizado na rua Tiradentes, 283, Centro<\/p><\/div>\n\t\t\t\t<\/div>\n\t\t\t\t\t\t\t<div class=\"elementor-accordion-item\">\n\t\t\t\t\t<div id=\"elementor-tab-title-8626\" class=\"elementor-tab-title\" data-tab=\"6\" role=\"button\" aria-controls=\"elementor-tab-content-8626\" aria-expanded=\"false\">\n\t\t\t\t\t\t\t\t\t\t\t\t\t<span class=\"elementor-accordion-icon elementor-accordion-icon-right\" aria-hidden=\"true\">\n\t\t\t\t\t\t\t\t\t\t\t\t\t\t\t<span class=\"elementor-accordion-icon-closed\"><svg class=\"e-font-icon-svg e-fas-plus\" viewBox=\"0 0 448 512\" xmlns=\"http:\/\/www.w3.org\/2000\/svg\"><path d=\"M416 208H272V64c0-17.67-14.33-32-32-32h-32c-17.67 0-32 14.33-32 32v144H32c-17.67 0-32 14.33-32 32v32c0 17.67 14.33 32 32 32h144v144c0 17.67 14.33 32 32 32h32c17.67 0 32-14.33 32-32V304h144c17.67 0 32-14.33 32-32v-32c0-17.67-14.33-32-32-32z\"><\/path><\/svg><\/span>\n\t\t\t\t\t\t\t\t<span class=\"elementor-accordion-icon-opened\"><svg class=\"e-font-icon-svg e-fas-minus\" viewBox=\"0 0 448 512\" xmlns=\"http:\/\/www.w3.org\/2000\/svg\"><path d=\"M416 208H32c-17.67 0-32 14.33-32 32v32c0 17.67 14.33 32 32 32h384c17.67 0 32-14.33 32-32v-32c0-17.67-14.33-32-32-32z\"><\/path><\/svg><\/span>\n\t\t\t\t\t\t\t\t\t\t\t\t\t\t<\/span>\n\t\t\t\t\t\t\t\t\t\t\t\t<a class=\"elementor-accordion-title\" tabindex=\"0\">Servi\u00e7os Disponibilizados<\/a>\n\t\t\t\t\t<\/div>\n\t\t\t\t\t<div id=\"elementor-tab-content-8626\" class=\"elementor-tab-content elementor-clearfix\" data-tab=\"6\" role=\"region\" aria-labelledby=\"elementor-tab-title-8626\"><p><strong>Servi\u00e7os Disponibilizados pela Secretaria de Rela\u00e7\u00f5es P\u00fablicas<\/strong><\/p><ol><li><strong>Divulga\u00e7\u00e3o nas redes sociais<\/strong><br \/>Gest\u00e3o e publica\u00e7\u00e3o de conte\u00fados oficiais da Prefeitura em Facebook, Instagram, TikTok, YouTube e WhatsApp, garantindo informa\u00e7\u00f5es precisas e atualizadas \u00e0 popula\u00e7\u00e3o.<br \/><br \/><\/li><li><strong>Conte\u00fados para o site oficial<\/strong><br \/>Produ\u00e7\u00e3o e atualiza\u00e7\u00e3o de textos, fotos, v\u00eddeos e demais conte\u00fados para o portal oficial da Prefeitura, assegurando transpar\u00eancia e f\u00e1cil acesso \u00e0s informa\u00e7\u00f5es.<br \/><br \/><\/li><li><strong>Assessoria de imprensa<\/strong><br \/>Atendimento aos ve\u00edculos de imprensa, envio de releases e materiais, al\u00e9m de acompanhamento da cobertura da m\u00eddia local, regional e nacional.<br \/><br \/><\/li><li><strong>Planejamento de comunica\u00e7\u00e3o<\/strong><br \/>Desenvolvimento de estrat\u00e9gias de comunica\u00e7\u00e3o institucional para campanhas, eventos e a\u00e7\u00f5es p\u00fablicas, alinhando objetivos, p\u00fablico e canais de divulga\u00e7\u00e3o.<br \/><br \/><\/li><li><strong>Cerimoniais e protocolo<\/strong><br \/>Organiza\u00e7\u00e3o de solenidades, recep\u00e7\u00f5es oficiais e eventos institucionais, garantindo a correta aplica\u00e7\u00e3o de normas de protocolo e etiqueta.<br \/><br \/><\/li><li><strong>Eventos institucionais<\/strong><br \/>Planejamento, produ\u00e7\u00e3o e execu\u00e7\u00e3o de eventos promovidos pela Prefeitura, englobando desde a concep\u00e7\u00e3o at\u00e9 a divulga\u00e7\u00e3o e cobertura de m\u00eddia.<br \/><br \/><\/li><li><strong>Gest\u00e3o de imagem institucional<\/strong><br \/>Monitoramento e fortalecimento da imagem da Prefeitura, promovendo uma comunica\u00e7\u00e3o coerente e positiva com a popula\u00e7\u00e3o.<br \/><br \/><\/li><li><strong>Pesquisa e cria\u00e7\u00e3o de conte\u00fado<\/strong><br \/>Elabora\u00e7\u00e3o de pesquisas, estudos de opini\u00e3o e cria\u00e7\u00e3o de materiais gr\u00e1ficos, audiovisuais e textuais para subsidiar a\u00e7\u00f5es de comunica\u00e7\u00e3o.<br \/><br \/><\/li><li><strong>An\u00fancios e campanhas publicit\u00e1rias<\/strong><br \/>Planejamento e veicula\u00e7\u00e3o de an\u00fancios em r\u00e1dios, jornais, carros de som e outros meios, garantindo alcance e efetividade das mensagens.<br \/><br \/><\/li><li><strong>Ouvidoria Municipal<\/strong><br \/>Canal de comunica\u00e7\u00e3o direta com a popula\u00e7\u00e3o, recebendo sugest\u00f5es, cr\u00edticas e solicita\u00e7\u00f5es, e promovendo a transpar\u00eancia na administra\u00e7\u00e3o p\u00fablica.<\/li><\/ol><\/div>\n\t\t\t\t<\/div>\n\t\t\t\t\t\t\t<div class=\"elementor-accordion-item\">\n\t\t\t\t\t<div id=\"elementor-tab-title-8627\" class=\"elementor-tab-title\" data-tab=\"7\" role=\"button\" aria-controls=\"elementor-tab-content-8627\" aria-expanded=\"false\">\n\t\t\t\t\t\t\t\t\t\t\t\t\t<span class=\"elementor-accordion-icon elementor-accordion-icon-right\" aria-hidden=\"true\">\n\t\t\t\t\t\t\t\t\t\t\t\t\t\t\t<span class=\"elementor-accordion-icon-closed\"><svg class=\"e-font-icon-svg e-fas-plus\" viewBox=\"0 0 448 512\" xmlns=\"http:\/\/www.w3.org\/2000\/svg\"><path d=\"M416 208H272V64c0-17.67-14.33-32-32-32h-32c-17.67 0-32 14.33-32 32v144H32c-17.67 0-32 14.33-32 32v32c0 17.67 14.33 32 32 32h144v144c0 17.67 14.33 32 32 32h32c17.67 0 32-14.33 32-32V304h144c17.67 0 32-14.33 32-32v-32c0-17.67-14.33-32-32-32z\"><\/path><\/svg><\/span>\n\t\t\t\t\t\t\t\t<span class=\"elementor-accordion-icon-opened\"><svg class=\"e-font-icon-svg e-fas-minus\" viewBox=\"0 0 448 512\" xmlns=\"http:\/\/www.w3.org\/2000\/svg\"><path d=\"M416 208H32c-17.67 0-32 14.33-32 32v32c0 17.67 14.33 32 32 32h384c17.67 0 32-14.33 32-32v-32c0-17.67-14.33-32-32-32z\"><\/path><\/svg><\/span>\n\t\t\t\t\t\t\t\t\t\t\t\t\t\t<\/span>\n\t\t\t\t\t\t\t\t\t\t\t\t<a class=\"elementor-accordion-title\" tabindex=\"0\">Hor\u00e1rio de Atendimento ao P\u00fablico<\/a>\n\t\t\t\t\t<\/div>\n\t\t\t\t\t<div id=\"elementor-tab-content-8627\" class=\"elementor-tab-content elementor-clearfix\" data-tab=\"7\" role=\"region\" aria-labelledby=\"elementor-tab-title-8627\"><p class=\"Standard\">Os atendimentos ocorrem entre as 08h30 \u00e0s 16h30, de segunda a sexta feira.<\/p><\/div>\n\t\t\t\t<\/div>\n\t\t\t\t\t\t\t<div class=\"elementor-accordion-item\">\n\t\t\t\t\t<div id=\"elementor-tab-title-8628\" class=\"elementor-tab-title\" data-tab=\"8\" role=\"button\" aria-controls=\"elementor-tab-content-8628\" aria-expanded=\"false\">\n\t\t\t\t\t\t\t\t\t\t\t\t\t<span class=\"elementor-accordion-icon elementor-accordion-icon-right\" aria-hidden=\"true\">\n\t\t\t\t\t\t\t\t\t\t\t\t\t\t\t<span class=\"elementor-accordion-icon-closed\"><svg class=\"e-font-icon-svg e-fas-plus\" viewBox=\"0 0 448 512\" xmlns=\"http:\/\/www.w3.org\/2000\/svg\"><path d=\"M416 208H272V64c0-17.67-14.33-32-32-32h-32c-17.67 0-32 14.33-32 32v144H32c-17.67 0-32 14.33-32 32v32c0 17.67 14.33 32 32 32h144v144c0 17.67 14.33 32 32 32h32c17.67 0 32-14.33 32-32V304h144c17.67 0 32-14.33 32-32v-32c0-17.67-14.33-32-32-32z\"><\/path><\/svg><\/span>\n\t\t\t\t\t\t\t\t<span class=\"elementor-accordion-icon-opened\"><svg class=\"e-font-icon-svg e-fas-minus\" viewBox=\"0 0 448 512\" xmlns=\"http:\/\/www.w3.org\/2000\/svg\"><path d=\"M416 208H32c-17.67 0-32 14.33-32 32v32c0 17.67 14.33 32 32 32h384c17.67 0 32-14.33 32-32v-32c0-17.67-14.33-32-32-32z\"><\/path><\/svg><\/span>\n\t\t\t\t\t\t\t\t\t\t\t\t\t\t<\/span>\n\t\t\t\t\t\t\t\t\t\t\t\t<a class=\"elementor-accordion-title\" tabindex=\"0\">Informa Capivari<\/a>\n\t\t\t\t\t<\/div>\n\t\t\t\t\t<div id=\"elementor-tab-content-8628\" class=\"elementor-tab-content elementor-clearfix\" data-tab=\"8\" role=\"region\" aria-labelledby=\"elementor-tab-title-8628\"><p><strong>EDI\u00c7\u00d5ES 2021:<br \/><\/strong>&#8211; <a href=\"https:\/\/capivari.sp.gov.br\/portal\/wp-content\/uploads\/2022\/12\/jornalzinho-compactado_compressed.pdf\" target=\"_blank\" rel=\"noopener\">Edi\u00e7\u00e3o 01<\/a><br \/>&#8211; <a href=\"https:\/\/capivari.sp.gov.br\/portal\/wp-content\/uploads\/2022\/12\/completo-compressed.pdf\" target=\"_blank\" rel=\"noopener\">Edi\u00e7\u00e3o 02<\/a><br \/>&#8211; <a href=\"https:\/\/capivari.sp.gov.br\/portal\/wp-content\/uploads\/2022\/12\/jornal_compressed.pdf\" target=\"_blank\" rel=\"noopener\">Edi\u00e7\u00e3o 03<\/a><\/p><p><strong>EDI\u00c7\u00d5ES 2022:<\/strong><br \/>&#8211; <a href=\"https:\/\/capivari.sp.gov.br\/portal\/wp-content\/uploads\/2022\/12\/comppleto-26-4_compressed.pdf\" target=\"_blank\" rel=\"noopener\">Edi\u00e7\u00e3o 04<\/a><br \/>&#8211; <a href=\"https:\/\/capivari.sp.gov.br\/portal\/wp-content\/uploads\/2022\/12\/completo_compressed.pdf\" target=\"_blank\" rel=\"noopener\">Edi\u00e7\u00e3o 05<\/a><br \/>&#8211; <a href=\"https:\/\/capivari.sp.gov.br\/portal\/wp-content\/uploads\/2022\/12\/jornalzinho-dezembro-22_compressed.pdf\" target=\"_blank\" rel=\"noopener\">Edi\u00e7\u00e3o 06<\/a><\/p><\/div>\n\t\t\t\t<\/div>\n\t\t\t\t\t\t\t<div class=\"elementor-accordion-item\">\n\t\t\t\t\t<div id=\"elementor-tab-title-8629\" class=\"elementor-tab-title\" data-tab=\"9\" role=\"button\" aria-controls=\"elementor-tab-content-8629\" aria-expanded=\"false\">\n\t\t\t\t\t\t\t\t\t\t\t\t\t<span class=\"elementor-accordion-icon elementor-accordion-icon-right\" aria-hidden=\"true\">\n\t\t\t\t\t\t\t\t\t\t\t\t\t\t\t<span class=\"elementor-accordion-icon-closed\"><svg class=\"e-font-icon-svg e-fas-plus\" viewBox=\"0 0 448 512\" xmlns=\"http:\/\/www.w3.org\/2000\/svg\"><path d=\"M416 208H272V64c0-17.67-14.33-32-32-32h-32c-17.67 0-32 14.33-32 32v144H32c-17.67 0-32 14.33-32 32v32c0 17.67 14.33 32 32 32h144v144c0 17.67 14.33 32 32 32h32c17.67 0 32-14.33 32-32V304h144c17.67 0 32-14.33 32-32v-32c0-17.67-14.33-32-32-32z\"><\/path><\/svg><\/span>\n\t\t\t\t\t\t\t\t<span class=\"elementor-accordion-icon-opened\"><svg class=\"e-font-icon-svg e-fas-minus\" viewBox=\"0 0 448 512\" xmlns=\"http:\/\/www.w3.org\/2000\/svg\"><path d=\"M416 208H32c-17.67 0-32 14.33-32 32v32c0 17.67 14.33 32 32 32h384c17.67 0 32-14.33 32-32v-32c0-17.67-14.33-32-32-32z\"><\/path><\/svg><\/span>\n\t\t\t\t\t\t\t\t\t\t\t\t\t\t<\/span>\n\t\t\t\t\t\t\t\t\t\t\t\t<a class=\"elementor-accordion-title\" tabindex=\"0\">Ouvidoria Municipal (Carta de Servi\u00e7os ao Usu\u00e1rio)<\/a>\n\t\t\t\t\t<\/div>\n\t\t\t\t\t<div id=\"elementor-tab-content-8629\" class=\"elementor-tab-content elementor-clearfix\" data-tab=\"9\" role=\"region\" aria-labelledby=\"elementor-tab-title-8629\"><p>Esta Carta de Servi\u00e7os ao Usu\u00e1rio foi elaborada de acordo com a Estrutura Administrativa da Prefeitura de Capivari, com o intuito de informar sobre os servi\u00e7os prestados pelo \u00f3rg\u00e3o, as formas de acesso a esses servi\u00e7os, seus compromissos e padr\u00f5es de qualidade de atendimento ao p\u00fablico.<\/p><p><a href=\"https:\/\/capivari.sp.gov.br\/portal\/wp-content\/uploads\/2023\/07\/CARTA-DE-SERVICO-CAPIVARI-SP.-2.pdf\" target=\"_blank\" rel=\"noopener\"><strong>&#8211; Acesse a Carta de Servi\u00e7os aos Usu\u00e1rios<\/strong><\/a><\/p><\/div>\n\t\t\t\t<\/div>\n\t\t\t\t\t\t\t\t\t\t<script type=\"application\/ld+json\">{\"@context\":\"https:\\\/\\\/schema.org\",\"@type\":\"FAQPage\",\"mainEntity\":[{\"@type\":\"Question\",\"name\":\"Oculto\",\"acceptedAnswer\":{\"@type\":\"Answer\",\"text\":\"<p>Lorem ipsum dolor sit amet, consectetur adipiscing elit. Ut elit tellus, luctus nec ullamcorper mattis, pulvinar dapibus leo.<\\\/p>\"}},{\"@type\":\"Question\",\"name\":\"Compet\\u00eancia\",\"acceptedAnswer\":{\"@type\":\"Answer\",\"text\":\"<p><strong>Compete \\u00e0 Secretaria de Rela\\u00e7\\u00f5es P\\u00fablicas:<\\\/strong><\\\/p><ol><li>Coordenar a comunica\\u00e7\\u00e3o institucional da Prefeitura.<\\\/li><li>Promover a divulga\\u00e7\\u00e3o de atos, programas, obras e servi\\u00e7os municipais.<\\\/li><li>Manter relacionamento com a imprensa e atender \\u00e0s demandas jornal\\u00edsticas.<\\\/li><li>Planejar e executar campanhas de utilidade p\\u00fablica.<\\\/li><li>Administrar os canais oficiais de comunica\\u00e7\\u00e3o da Prefeitura.<\\\/li><li>Organizar eventos, solenidades e atividades de cerimonial e protocolo.<\\\/li><li>Monitorar e preservar a imagem institucional do Munic\\u00edpio.<\\\/li><li>Estabelecer di\\u00e1logo com a sociedade civil e demais entes governamentais.<\\\/li><li>Apoiar a\\u00e7\\u00f5es de transpar\\u00eancia e presta\\u00e7\\u00e3o de contas \\u00e0 popula\\u00e7\\u00e3o.<\\\/li><li>Elaborar planos e estrat\\u00e9gias de comunica\\u00e7\\u00e3o integrada.<\\\/li><\\\/ol>\"}},{\"@type\":\"Question\",\"name\":\"Estrutura Organizacional\",\"acceptedAnswer\":{\"@type\":\"Answer\",\"text\":\"<p class=\\\"Standard\\\">A Secretaria \\u00e9 composta por um Secret\\u00e1rio, diretor, assessores e uma Ouvidoria.<\\\/p><p><a href=\\\"https:\\\/\\\/capivari.sp.gov.br\\\/portal\\\/wp-content\\\/uploads\\\/2025\\\/10\\\/org.jpg\\\" target=\\\"_blank\\\" rel=\\\"noopener\\\"><strong>Organograma Rela\\u00e7\\u00f5es P\\u00fablicas<\\\/strong><\\\/a><br \\\/><br \\\/><\\\/p><ol><li><strong> Gabinete do Secret\\u00e1rio<\\\/strong><\\\/li><\\\/ol><ul><li><strong>Secret\\u00e1rio de Rela\\u00e7\\u00f5es P\\u00fablicas<\\\/strong><ul><li>Respons\\u00e1vel pela gest\\u00e3o da secretaria, defini\\u00e7\\u00e3o de pol\\u00edticas, estrat\\u00e9gias e alinhamento com o Prefeito.<\\\/li><\\\/ul><\\\/li><\\\/ul><ol start=\\\"2\\\"><li><strong> Departamento de Comunica\\u00e7\\u00e3o<\\\/strong><\\\/li><\\\/ol><ul><li><strong>Diretor de Departamento de Comunica\\u00e7\\u00e3o<\\\/strong><ul><li>Coordena toda a comunica\\u00e7\\u00e3o institucional e publicit\\u00e1ria da Prefeitura.<\\\/li><li>Subdivide-se em \\u00e1reas t\\u00e9cnicas (executadas por Diretores II e Assessores).<\\\/li><\\\/ul><\\\/li><\\\/ul><ol start=\\\"3\\\"><li><strong> Diretoria-Geral de Rela\\u00e7\\u00f5es Institucionais e Cerimonial<\\\/strong><\\\/li><\\\/ol><ul><li><strong>Diretor-Geral de Rela\\u00e7\\u00f5es Institucionais e Cerimonial<\\\/strong><ul><li>Respons\\u00e1vel pelo relacionamento da Prefeitura com institui\\u00e7\\u00f5es, entidades civis, \\u00f3rg\\u00e3os p\\u00fablicos e pela organiza\\u00e7\\u00e3o de eventos e solenidades oficiais.<\\\/li><\\\/ul><\\\/li><\\\/ul><ol start=\\\"4\\\"><li><strong> Ouvidoria Geral do Munic\\u00edpio<\\\/strong><\\\/li><\\\/ol><ul><li><strong>\\u00a0Ouvidores Gerais<\\\/strong><ul><li>Atua no recebimento, registro e encaminhamento das demandas da popula\\u00e7\\u00e3o.<\\\/li><li>Faz o monitoramento das respostas e relat\\u00f3rios de transpar\\u00eancia.<\\\/li><\\\/ul><\\\/li><li><strong>CMUSP \\u2013 Conselho Municipal dos Usu\\u00e1rios dos Servi\\u00e7os P\\u00fablicos<\\\/strong><ul><li>\\u00d3rg\\u00e3o de car\\u00e1ter consultivo e participativo vinculado \\u00e0 Ouvidoria.<\\\/li><li>Atua como espa\\u00e7o de controle social e acompanhamento da qualidade dos servi\\u00e7os p\\u00fablicos.<\\\/li><\\\/ul><\\\/li><\\\/ul>\"}},{\"@type\":\"Question\",\"name\":\"Conselhos\",\"acceptedAnswer\":{\"@type\":\"Answer\",\"text\":\"<p class=\\\"Standard\\\"><a href=\\\"https:\\\/\\\/capivari.sp.gov.br\\\/portal\\\/servicos\\\/conselhos\\\/cmusp-conselho-municipal-dos-usuarios-dos-servicos-publicos\\\/#elf_l1_Lw\\\">CMUSP &#8211; Conselho Municipal dos Usu\\u00e1rios dos Servi\\u00e7os P\\u00fablicos<\\\/a><\\\/p>\"}},{\"@type\":\"Question\",\"name\":\"Endere\\u00e7os e Telefones\",\"acceptedAnswer\":{\"@type\":\"Answer\",\"text\":\"<p>A secretaria situa-se na rua XV de Novembro, 639, no Centro \\u2013 Pa\\u00e7o Municipal. A secretaria atende atrav\\u00e9s do WhatsApp (19) 3492-9200 e o endere\\u00e7o eletr\\u00f4nico \\u00e9 imprensa@capivari.sp.gov.br.<\\\/p><p>OUVIDORIA MUNICIPAL<br \\\/>Hor\\u00e1rio de funcionamento: das 8h30 \\u00e0s 16h30<br \\\/>Telefone: 0800 771\\u00a0 3365\\u00a0 \\\/\\u00a0 19-3492-0204<br \\\/>Email: ouvidoria@capivari.sp.gov.br<br \\\/>GanhaTempo Municipal, localizado na rua Tiradentes, 283, Centro<\\\/p>\"}},{\"@type\":\"Question\",\"name\":\"Servi\\u00e7os Disponibilizados\",\"acceptedAnswer\":{\"@type\":\"Answer\",\"text\":\"<p><strong>Servi\\u00e7os Disponibilizados pela Secretaria de Rela\\u00e7\\u00f5es P\\u00fablicas<\\\/strong><\\\/p><ol><li><strong>Divulga\\u00e7\\u00e3o nas redes sociais<\\\/strong><br \\\/>Gest\\u00e3o e publica\\u00e7\\u00e3o de conte\\u00fados oficiais da Prefeitura em Facebook, Instagram, TikTok, YouTube e WhatsApp, garantindo informa\\u00e7\\u00f5es precisas e atualizadas \\u00e0 popula\\u00e7\\u00e3o.<br \\\/><br \\\/><\\\/li><li><strong>Conte\\u00fados para o site oficial<\\\/strong><br \\\/>Produ\\u00e7\\u00e3o e atualiza\\u00e7\\u00e3o de textos, fotos, v\\u00eddeos e demais conte\\u00fados para o portal oficial da Prefeitura, assegurando transpar\\u00eancia e f\\u00e1cil acesso \\u00e0s informa\\u00e7\\u00f5es.<br \\\/><br \\\/><\\\/li><li><strong>Assessoria de imprensa<\\\/strong><br \\\/>Atendimento aos ve\\u00edculos de imprensa, envio de releases e materiais, al\\u00e9m de acompanhamento da cobertura da m\\u00eddia local, regional e nacional.<br \\\/><br \\\/><\\\/li><li><strong>Planejamento de comunica\\u00e7\\u00e3o<\\\/strong><br \\\/>Desenvolvimento de estrat\\u00e9gias de comunica\\u00e7\\u00e3o institucional para campanhas, eventos e a\\u00e7\\u00f5es p\\u00fablicas, alinhando objetivos, p\\u00fablico e canais de divulga\\u00e7\\u00e3o.<br \\\/><br \\\/><\\\/li><li><strong>Cerimoniais e protocolo<\\\/strong><br \\\/>Organiza\\u00e7\\u00e3o de solenidades, recep\\u00e7\\u00f5es oficiais e eventos institucionais, garantindo a correta aplica\\u00e7\\u00e3o de normas de protocolo e etiqueta.<br \\\/><br \\\/><\\\/li><li><strong>Eventos institucionais<\\\/strong><br \\\/>Planejamento, produ\\u00e7\\u00e3o e execu\\u00e7\\u00e3o de eventos promovidos pela Prefeitura, englobando desde a concep\\u00e7\\u00e3o at\\u00e9 a divulga\\u00e7\\u00e3o e cobertura de m\\u00eddia.<br \\\/><br \\\/><\\\/li><li><strong>Gest\\u00e3o de imagem institucional<\\\/strong><br \\\/>Monitoramento e fortalecimento da imagem da Prefeitura, promovendo uma comunica\\u00e7\\u00e3o coerente e positiva com a popula\\u00e7\\u00e3o.<br \\\/><br \\\/><\\\/li><li><strong>Pesquisa e cria\\u00e7\\u00e3o de conte\\u00fado<\\\/strong><br \\\/>Elabora\\u00e7\\u00e3o de pesquisas, estudos de opini\\u00e3o e cria\\u00e7\\u00e3o de materiais gr\\u00e1ficos, audiovisuais e textuais para subsidiar a\\u00e7\\u00f5es de comunica\\u00e7\\u00e3o.<br \\\/><br \\\/><\\\/li><li><strong>An\\u00fancios e campanhas publicit\\u00e1rias<\\\/strong><br \\\/>Planejamento e veicula\\u00e7\\u00e3o de an\\u00fancios em r\\u00e1dios, jornais, carros de som e outros meios, garantindo alcance e efetividade das mensagens.<br \\\/><br \\\/><\\\/li><li><strong>Ouvidoria Municipal<\\\/strong><br \\\/>Canal de comunica\\u00e7\\u00e3o direta com a popula\\u00e7\\u00e3o, recebendo sugest\\u00f5es, cr\\u00edticas e solicita\\u00e7\\u00f5es, e promovendo a transpar\\u00eancia na administra\\u00e7\\u00e3o p\\u00fablica.<\\\/li><\\\/ol>\"}},{\"@type\":\"Question\",\"name\":\"Hor\\u00e1rio de Atendimento ao P\\u00fablico\",\"acceptedAnswer\":{\"@type\":\"Answer\",\"text\":\"<p class=\\\"Standard\\\">Os atendimentos ocorrem entre as 08h30 \\u00e0s 16h30, de segunda a sexta feira.<\\\/p>\"}},{\"@type\":\"Question\",\"name\":\"Informa Capivari\",\"acceptedAnswer\":{\"@type\":\"Answer\",\"text\":\"<p><strong>EDI\\u00c7\\u00d5ES 2021:<br \\\/><\\\/strong>&#8211; <a href=\\\"https:\\\/\\\/capivari.sp.gov.br\\\/portal\\\/wp-content\\\/uploads\\\/2022\\\/12\\\/jornalzinho-compactado_compressed.pdf\\\" target=\\\"_blank\\\" rel=\\\"noopener\\\">Edi\\u00e7\\u00e3o 01<\\\/a><br \\\/>&#8211; <a href=\\\"https:\\\/\\\/capivari.sp.gov.br\\\/portal\\\/wp-content\\\/uploads\\\/2022\\\/12\\\/completo-compressed.pdf\\\" target=\\\"_blank\\\" rel=\\\"noopener\\\">Edi\\u00e7\\u00e3o 02<\\\/a><br \\\/>&#8211; <a href=\\\"https:\\\/\\\/capivari.sp.gov.br\\\/portal\\\/wp-content\\\/uploads\\\/2022\\\/12\\\/jornal_compressed.pdf\\\" target=\\\"_blank\\\" rel=\\\"noopener\\\">Edi\\u00e7\\u00e3o 03<\\\/a><\\\/p><p><strong>EDI\\u00c7\\u00d5ES 2022:<\\\/strong><br \\\/>&#8211; <a href=\\\"https:\\\/\\\/capivari.sp.gov.br\\\/portal\\\/wp-content\\\/uploads\\\/2022\\\/12\\\/comppleto-26-4_compressed.pdf\\\" target=\\\"_blank\\\" rel=\\\"noopener\\\">Edi\\u00e7\\u00e3o 04<\\\/a><br \\\/>&#8211; <a href=\\\"https:\\\/\\\/capivari.sp.gov.br\\\/portal\\\/wp-content\\\/uploads\\\/2022\\\/12\\\/completo_compressed.pdf\\\" target=\\\"_blank\\\" rel=\\\"noopener\\\">Edi\\u00e7\\u00e3o 05<\\\/a><br \\\/>&#8211; <a href=\\\"https:\\\/\\\/capivari.sp.gov.br\\\/portal\\\/wp-content\\\/uploads\\\/2022\\\/12\\\/jornalzinho-dezembro-22_compressed.pdf\\\" target=\\\"_blank\\\" rel=\\\"noopener\\\">Edi\\u00e7\\u00e3o 06<\\\/a><\\\/p>\"}},{\"@type\":\"Question\",\"name\":\"Ouvidoria Municipal (Carta de Servi\\u00e7os ao Usu\\u00e1rio)\",\"acceptedAnswer\":{\"@type\":\"Answer\",\"text\":\"<p>Esta Carta de Servi\\u00e7os ao Usu\\u00e1rio foi elaborada de acordo com a Estrutura Administrativa da Prefeitura de Capivari, com o intuito de informar sobre os servi\\u00e7os prestados pelo \\u00f3rg\\u00e3o, as formas de acesso a esses servi\\u00e7os, seus compromissos e padr\\u00f5es de qualidade de atendimento ao p\\u00fablico.<\\\/p><p><a href=\\\"https:\\\/\\\/capivari.sp.gov.br\\\/portal\\\/wp-content\\\/uploads\\\/2023\\\/07\\\/CARTA-DE-SERVICO-CAPIVARI-SP.-2.pdf\\\" target=\\\"_blank\\\" rel=\\\"noopener\\\"><strong>&#8211; Acesse a Carta de Servi\\u00e7os aos Usu\\u00e1rios<\\\/strong><\\\/a><\\\/p>\"}}]}<\/script>\n\t\t\t\t\t<\/div>\n\t\t\t\t\t\t<\/div>\n\t\t\t\t<\/div>\n\t\t\t\t\t<\/div>\n\t\t<\/div>\n\t\t\t\t\t<\/div>\n\t\t<\/section>\n\t\t\t\t<section class=\"elementor-section elementor-top-section elementor-element elementor-element-cf0a27d elementor-section-stretched elementor-section-boxed elementor-section-height-default elementor-section-height-default\" data-id=\"cf0a27d\" data-element_type=\"section\" data-e-type=\"section\" data-settings=\"{&quot;stretch_section&quot;:&quot;section-stretched&quot;}\">\n\t\t\t\t\t\t<div class=\"elementor-container elementor-column-gap-default\">\n\t\t\t\t\t<div class=\"elementor-column elementor-col-100 elementor-top-column elementor-element elementor-element-ed2330c\" data-id=\"ed2330c\" data-element_type=\"column\" data-e-type=\"column\">\n\t\t\t<div class=\"elementor-widget-wrap elementor-element-populated\">\n\t\t\t\t\t\t<div class=\"elementor-element elementor-element-24c2fe0 elementor-widget-divider--view-line_text elementor-widget-divider--element-align-left elementor-widget elementor-widget-divider\" data-id=\"24c2fe0\" data-element_type=\"widget\" data-e-type=\"widget\" data-widget_type=\"divider.default\">\n\t\t\t\t<div class=\"elementor-widget-container\">\n\t\t\t\t\t\t\t<div class=\"elementor-divider\">\n\t\t\t<span class=\"elementor-divider-separator\">\n\t\t\t\t\t\t\t<h2 class=\"elementor-divider__text elementor-divider__element\">\n\t\t\t\tNot\u00edcias Relacionadas\t\t\t\t<\/h2>\n\t\t\t\t\t\t<\/span>\n\t\t<\/div>\n\t\t\t\t\t\t<\/div>\n\t\t\t\t<\/div>\n\t\t\t\t<div class=\"elementor-element elementor-element-38e99fe elementor-grid-3 elementor-grid-tablet-2 elementor-grid-mobile-1 elementor-posts--thumbnail-top elementor-card-shadow-yes elementor-posts__hover-gradient elementor-widget elementor-widget-posts\" data-id=\"38e99fe\" data-element_type=\"widget\" data-e-type=\"widget\" data-settings=\"{&quot;cards_columns&quot;:&quot;3&quot;,&quot;cards_columns_tablet&quot;:&quot;2&quot;,&quot;cards_columns_mobile&quot;:&quot;1&quot;,&quot;cards_row_gap&quot;:{&quot;unit&quot;:&quot;px&quot;,&quot;size&quot;:35,&quot;sizes&quot;:[]},&quot;cards_row_gap_tablet&quot;:{&quot;unit&quot;:&quot;px&quot;,&quot;size&quot;:&quot;&quot;,&quot;sizes&quot;:[]},&quot;cards_row_gap_mobile&quot;:{&quot;unit&quot;:&quot;px&quot;,&quot;size&quot;:&quot;&quot;,&quot;sizes&quot;:[]}}\" data-widget_type=\"posts.cards\">\n\t\t\t\t<div class=\"elementor-widget-container\">\n\t\t\t\t\t\t\t<div class=\"elementor-posts-container elementor-posts elementor-posts--skin-cards elementor-grid\" role=\"list\">\n\t\t\t\t<article class=\"elementor-post elementor-grid-item post-21634 post type-post status-publish format-standard has-post-thumbnail hentry category-desenvolvimento-social category-destaque category-educacao category-geral category-relacoes-publicas category-seguranca-publica entry has-media\" role=\"listitem\">\n\t\t\t<div class=\"elementor-post__card\">\n\t\t\t\t<a class=\"elementor-post__thumbnail__link\" href=\"https:\/\/capivari.sp.gov.br\/portal\/prefeitura-de-capivari-lanca-campanha-maio-laranja-o-ano-todo-e-reforca-combate-permanente-ao-abuso-e-a-exploracao-sexual-de-criancas-e-adolescentes\/\" tabindex=\"-1\" ><div class=\"elementor-post__thumbnail\"><img decoding=\"async\" width=\"1600\" height=\"1066\" src=\"https:\/\/capivari.sp.gov.br\/portal\/wp-content\/uploads\/2026\/01\/WhatsApp-Image-2026-01-27-at-14.59.45.jpeg\" class=\"attachment-full size-full wp-image-21637\" alt=\"\" srcset=\"https:\/\/capivari.sp.gov.br\/portal\/wp-content\/uploads\/2026\/01\/WhatsApp-Image-2026-01-27-at-14.59.45.jpeg 1600w, https:\/\/capivari.sp.gov.br\/portal\/wp-content\/uploads\/2026\/01\/WhatsApp-Image-2026-01-27-at-14.59.45-300x200.jpeg 300w, https:\/\/capivari.sp.gov.br\/portal\/wp-content\/uploads\/2026\/01\/WhatsApp-Image-2026-01-27-at-14.59.45-1024x682.jpeg 1024w, https:\/\/capivari.sp.gov.br\/portal\/wp-content\/uploads\/2026\/01\/WhatsApp-Image-2026-01-27-at-14.59.45-768x512.jpeg 768w, https:\/\/capivari.sp.gov.br\/portal\/wp-content\/uploads\/2026\/01\/WhatsApp-Image-2026-01-27-at-14.59.45-1536x1023.jpeg 1536w\" sizes=\"(max-width: 1600px) 100vw, 1600px\" \/><\/div><\/a>\n\t\t\t\t<div class=\"elementor-post__badge\">Desenvolvimento Social<\/div>\n\t\t\t\t<div class=\"elementor-post__text\">\n\t\t\t\t<h3 class=\"elementor-post__title\">\n\t\t\t<a href=\"https:\/\/capivari.sp.gov.br\/portal\/prefeitura-de-capivari-lanca-campanha-maio-laranja-o-ano-todo-e-reforca-combate-permanente-ao-abuso-e-a-exploracao-sexual-de-criancas-e-adolescentes\/\" >\n\t\t\t\tPrefeitura de Capivari lan\u00e7a campanha \u201cMaio Laranja o Ano Todo\u201d e refor\u00e7a combate permanente ao abuso e \u00e0 explora\u00e7\u00e3o sexual de crian\u00e7as e adolescentes\t\t\t<\/a>\n\t\t<\/h3>\n\t\t\t\t<div class=\"elementor-post__excerpt\">\n\t\t\t<p>Prefeitura de Capivari lan\u00e7a campanha \u201cMaio Laranja o Ano Todo\u201d e refor\u00e7a combate permanente ao abuso e \u00e0 explora\u00e7\u00e3o sexual<\/p>\n\t\t<\/div>\n\t\t\t\t<\/div>\n\t\t\t\t<div class=\"elementor-post__meta-data\">\n\t\t\t\t\t<span class=\"elementor-post-date\">\n\t\t\t27 de janeiro de 2026\t\t<\/span>\n\t\t\t\t<\/div>\n\t\t\t\t\t<\/div>\n\t\t<\/article>\n\t\t\t\t<article class=\"elementor-post elementor-grid-item post-21495 post type-post status-publish format-standard has-post-thumbnail hentry category-destaque category-geral category-relacoes-publicas entry has-media\" role=\"listitem\">\n\t\t\t<div class=\"elementor-post__card\">\n\t\t\t\t<a class=\"elementor-post__thumbnail__link\" href=\"https:\/\/capivari.sp.gov.br\/portal\/parada-de-natal-sonho-magico-laciella-reune-multidao-em-desfile-pelas-ruas-do-centro-de-capivari\/\" tabindex=\"-1\" ><div class=\"elementor-post__thumbnail\"><img decoding=\"async\" width=\"1600\" height=\"1066\" src=\"https:\/\/capivari.sp.gov.br\/portal\/wp-content\/uploads\/2025\/12\/Papai.jpeg\" class=\"attachment-full size-full wp-image-21497\" alt=\"\" srcset=\"https:\/\/capivari.sp.gov.br\/portal\/wp-content\/uploads\/2025\/12\/Papai.jpeg 1600w, https:\/\/capivari.sp.gov.br\/portal\/wp-content\/uploads\/2025\/12\/Papai-300x200.jpeg 300w, https:\/\/capivari.sp.gov.br\/portal\/wp-content\/uploads\/2025\/12\/Papai-1024x682.jpeg 1024w, https:\/\/capivari.sp.gov.br\/portal\/wp-content\/uploads\/2025\/12\/Papai-768x512.jpeg 768w, https:\/\/capivari.sp.gov.br\/portal\/wp-content\/uploads\/2025\/12\/Papai-1536x1023.jpeg 1536w\" sizes=\"(max-width: 1600px) 100vw, 1600px\" \/><\/div><\/a>\n\t\t\t\t<div class=\"elementor-post__badge\">Destaque<\/div>\n\t\t\t\t<div class=\"elementor-post__text\">\n\t\t\t\t<h3 class=\"elementor-post__title\">\n\t\t\t<a href=\"https:\/\/capivari.sp.gov.br\/portal\/parada-de-natal-sonho-magico-laciella-reune-multidao-em-desfile-pelas-ruas-do-centro-de-capivari\/\" >\n\t\t\t\tParada de Natal \u201cSonho M\u00e1gico Laciella\u201d re\u00fane multid\u00e3o em desfile pelas ruas do Centro de Capivari\t\t\t<\/a>\n\t\t<\/h3>\n\t\t\t\t<div class=\"elementor-post__excerpt\">\n\t\t\t<p>Milhares de crian\u00e7as e adultos tomaram conta das ruas da regi\u00e3o central de Capivari, na noite da \u00faltima quarta-feira (17),<\/p>\n\t\t<\/div>\n\t\t\t\t<\/div>\n\t\t\t\t<div class=\"elementor-post__meta-data\">\n\t\t\t\t\t<span class=\"elementor-post-date\">\n\t\t\t18 de dezembro de 2025\t\t<\/span>\n\t\t\t\t<\/div>\n\t\t\t\t\t<\/div>\n\t\t<\/article>\n\t\t\t\t<article class=\"elementor-post elementor-grid-item post-21449 post type-post status-publish format-standard has-post-thumbnail hentry category-destaque category-geral category-relacoes-publicas entry has-media\" role=\"listitem\">\n\t\t\t<div class=\"elementor-post__card\">\n\t\t\t\t<a class=\"elementor-post__thumbnail__link\" href=\"https:\/\/capivari.sp.gov.br\/portal\/personagens-do-universo-infantil-tomam-conta-da-xv-de-novembro-na-4a-parada-de-natal-sonho-magico-laciella\/\" tabindex=\"-1\" ><div class=\"elementor-post__thumbnail\"><img loading=\"lazy\" decoding=\"async\" width=\"1600\" height=\"1066\" src=\"https:\/\/capivari.sp.gov.br\/portal\/wp-content\/uploads\/2025\/12\/32f58707-6774-4959-a742-934364a6a11f.jpeg\" class=\"attachment-full size-full wp-image-21450\" alt=\"\" srcset=\"https:\/\/capivari.sp.gov.br\/portal\/wp-content\/uploads\/2025\/12\/32f58707-6774-4959-a742-934364a6a11f.jpeg 1600w, https:\/\/capivari.sp.gov.br\/portal\/wp-content\/uploads\/2025\/12\/32f58707-6774-4959-a742-934364a6a11f-300x200.jpeg 300w, https:\/\/capivari.sp.gov.br\/portal\/wp-content\/uploads\/2025\/12\/32f58707-6774-4959-a742-934364a6a11f-1024x682.jpeg 1024w, https:\/\/capivari.sp.gov.br\/portal\/wp-content\/uploads\/2025\/12\/32f58707-6774-4959-a742-934364a6a11f-768x512.jpeg 768w, https:\/\/capivari.sp.gov.br\/portal\/wp-content\/uploads\/2025\/12\/32f58707-6774-4959-a742-934364a6a11f-1536x1023.jpeg 1536w\" sizes=\"(max-width: 1600px) 100vw, 1600px\" \/><\/div><\/a>\n\t\t\t\t<div class=\"elementor-post__badge\">Destaque<\/div>\n\t\t\t\t<div class=\"elementor-post__text\">\n\t\t\t\t<h3 class=\"elementor-post__title\">\n\t\t\t<a href=\"https:\/\/capivari.sp.gov.br\/portal\/personagens-do-universo-infantil-tomam-conta-da-xv-de-novembro-na-4a-parada-de-natal-sonho-magico-laciella\/\" >\n\t\t\t\tPersonagens do universo infantil tomam conta da XV de Novembro na 4\u00aa Parada de Natal Sonho M\u00e1gico Laciella\t\t\t<\/a>\n\t\t<\/h3>\n\t\t\t\t<div class=\"elementor-post__excerpt\">\n\t\t\t<p>A magia natalina volta a tomar conta de Capivari no pr\u00f3ximo dia 17 de dezembro, quando mais de 30 personagens<\/p>\n\t\t<\/div>\n\t\t\t\t<\/div>\n\t\t\t\t<div class=\"elementor-post__meta-data\">\n\t\t\t\t\t<span class=\"elementor-post-date\">\n\t\t\t10 de dezembro de 2025\t\t<\/span>\n\t\t\t\t<\/div>\n\t\t\t\t\t<\/div>\n\t\t<\/article>\n\t\t\t\t<\/div>\n\t\t\n\t\t\t\t\t\t<\/div>\n\t\t\t\t<\/div>\n\t\t\t\t\t<\/div>\n\t\t<\/div>\n\t\t\t\t\t<\/div>\n\t\t<\/section>\n\t\t\t\t<\/div>\n\t\t","protected":false},"excerpt":{"rendered":"<p>Tonny Machado Secret\u00e1rio de Rela\u00e7\u00f5es P\u00fablicas Rua XV de Novembro, 639, Centro &#8211; CEP 13360-023 (19) 3492-9200 (WhatsApp) imprensa@capivari.sp.gov.br Oculto Lorem ipsum dolor sit amet, consectetur adipiscing elit. Ut elit tellus, luctus nec ullamcorper mattis, pulvinar dapibus leo. Compet\u00eancia Compete \u00e0 Secretaria de Rela\u00e7\u00f5es P\u00fablicas: Coordenar a comunica\u00e7\u00e3o institucional da Prefeitura. Promover a divulga\u00e7\u00e3o de [&hellip;]<\/p>\n","protected":false},"author":8,"featured_media":0,"parent":27,"menu_order":0,"comment_status":"closed","ping_status":"closed","template":"","meta":{"ocean_post_layout":"","ocean_both_sidebars_style":"","ocean_both_sidebars_content_width":0,"ocean_both_sidebars_sidebars_width":0,"ocean_sidebar":"0","ocean_second_sidebar":"0","ocean_disable_margins":"on","ocean_add_body_class":"","ocean_shortcode_before_top_bar":"","ocean_shortcode_after_top_bar":"","ocean_shortcode_before_header":"","ocean_shortcode_after_header":"","ocean_has_shortcode":"","ocean_shortcode_after_title":"","ocean_shortcode_before_footer_widgets":"","ocean_shortcode_after_footer_widgets":"","ocean_shortcode_before_footer_bottom":"","ocean_shortcode_after_footer_bottom":"","ocean_display_top_bar":"default","ocean_display_header":"default","ocean_header_style":"","ocean_center_header_left_menu":"0","ocean_custom_header_template":"0","ocean_custom_logo":0,"ocean_custom_retina_logo":0,"ocean_custom_logo_max_width":0,"ocean_custom_logo_tablet_max_width":0,"ocean_custom_logo_mobile_max_width":0,"ocean_custom_logo_max_height":0,"ocean_custom_logo_tablet_max_height":0,"ocean_custom_logo_mobile_max_height":0,"ocean_header_custom_menu":"0","ocean_menu_typo_font_family":"0","ocean_menu_typo_font_subset":"","ocean_menu_typo_font_size":0,"ocean_menu_typo_font_size_tablet":0,"ocean_menu_typo_font_size_mobile":0,"ocean_menu_typo_font_size_unit":"px","ocean_menu_typo_font_weight":"","ocean_menu_typo_font_weight_tablet":"","ocean_menu_typo_font_weight_mobile":"","ocean_menu_typo_transform":"","ocean_menu_typo_transform_tablet":"","ocean_menu_typo_transform_mobile":"","ocean_menu_typo_line_height":0,"ocean_menu_typo_line_height_tablet":0,"ocean_menu_typo_line_height_mobile":0,"ocean_menu_typo_line_height_unit":"","ocean_menu_typo_spacing":0,"ocean_menu_typo_spacing_tablet":0,"ocean_menu_typo_spacing_mobile":0,"ocean_menu_typo_spacing_unit":"","ocean_menu_link_color":"","ocean_menu_link_color_hover":"","ocean_menu_link_color_active":"","ocean_menu_link_background":"","ocean_menu_link_hover_background":"","ocean_menu_link_active_background":"","ocean_menu_social_links_bg":"","ocean_menu_social_hover_links_bg":"","ocean_menu_social_links_color":"","ocean_menu_social_hover_links_color":"","ocean_disable_title":"default","ocean_disable_heading":"default","ocean_post_title":"","ocean_post_subheading":"","ocean_post_title_style":"","ocean_post_title_background_color":"","ocean_post_title_background":0,"ocean_post_title_bg_image_position":"","ocean_post_title_bg_image_attachment":"","ocean_post_title_bg_image_repeat":"","ocean_post_title_bg_image_size":"","ocean_post_title_height":0,"ocean_post_title_bg_overlay":0.5,"ocean_post_title_bg_overlay_color":"","ocean_disable_breadcrumbs":"default","ocean_breadcrumbs_color":"","ocean_breadcrumbs_separator_color":"","ocean_breadcrumbs_links_color":"","ocean_breadcrumbs_links_hover_color":"","ocean_display_footer_widgets":"default","ocean_display_footer_bottom":"default","ocean_custom_footer_template":"0","footnotes":""},"class_list":["post-432","page","type-page","status-publish","hentry","entry","has-media"],"yoast_head":"<!-- This site is optimized with the Yoast SEO plugin v27.5 - https:\/\/yoast.com\/product\/yoast-seo-wordpress\/ -->\n<title>Rela\u00e7\u00f5es P\u00fablicas - Prefeitura de Capivari<\/title>\n<meta name=\"robots\" content=\"index, follow, max-snippet:-1, max-image-preview:large, max-video-preview:-1\" \/>\n<link rel=\"canonical\" href=\"https:\/\/capivari.sp.gov.br\/portal\/secretarias\/relacoes-publicas\/\" \/>\n<meta property=\"og:locale\" content=\"pt_BR\" \/>\n<meta property=\"og:type\" content=\"article\" \/>\n<meta property=\"og:title\" content=\"Rela\u00e7\u00f5es P\u00fablicas - Prefeitura de Capivari\" \/>\n<meta property=\"og:description\" content=\"Tonny Machado Secret\u00e1rio de Rela\u00e7\u00f5es P\u00fablicas Rua XV de Novembro, 639, Centro &#8211; CEP 13360-023 (19) 3492-9200 (WhatsApp) imprensa@capivari.sp.gov.br Oculto Lorem ipsum dolor sit amet, consectetur adipiscing elit. Ut elit tellus, luctus nec ullamcorper mattis, pulvinar dapibus leo. Compet\u00eancia Compete \u00e0 Secretaria de Rela\u00e7\u00f5es P\u00fablicas: Coordenar a comunica\u00e7\u00e3o institucional da Prefeitura. Promover a divulga\u00e7\u00e3o de [&hellip;]\" \/>\n<meta property=\"og:url\" content=\"https:\/\/capivari.sp.gov.br\/portal\/secretarias\/relacoes-publicas\/\" \/>\n<meta property=\"og:site_name\" content=\"Prefeitura de Capivari\" \/>\n<meta property=\"article:publisher\" content=\"https:\/\/www.facebook.com\/PrefeituradeCapivari\/\" \/>\n<meta property=\"article:modified_time\" content=\"2026-04-24T19:41:49+00:00\" \/>\n<meta property=\"og:image\" content=\"https:\/\/capivari.sp.gov.br\/portal\/wp-content\/uploads\/2025\/01\/Tinny-Machado-hd.jpg\" \/>\n\t<meta property=\"og:image:width\" content=\"936\" \/>\n\t<meta property=\"og:image:height\" content=\"1020\" \/>\n\t<meta property=\"og:image:type\" content=\"image\/jpeg\" \/>\n<meta name=\"twitter:card\" content=\"summary_large_image\" \/>\n<meta name=\"twitter:site\" content=\"@PrefCapivari\" \/>\n<meta name=\"twitter:label1\" content=\"Est. tempo de leitura\" \/>\n\t<meta name=\"twitter:data1\" content=\"7 minutos\" \/>\n<script type=\"application\/ld+json\" class=\"yoast-schema-graph\">{\"@context\":\"https:\\\/\\\/schema.org\",\"@graph\":[{\"@type\":\"WebPage\",\"@id\":\"https:\\\/\\\/capivari.sp.gov.br\\\/portal\\\/secretarias\\\/relacoes-publicas\\\/\",\"url\":\"https:\\\/\\\/capivari.sp.gov.br\\\/portal\\\/secretarias\\\/relacoes-publicas\\\/\",\"name\":\"Rela\u00e7\u00f5es P\u00fablicas - Prefeitura de Capivari\",\"isPartOf\":{\"@id\":\"https:\\\/\\\/capivari.sp.gov.br\\\/portal\\\/#website\"},\"primaryImageOfPage\":{\"@id\":\"https:\\\/\\\/capivari.sp.gov.br\\\/portal\\\/secretarias\\\/relacoes-publicas\\\/#primaryimage\"},\"image\":{\"@id\":\"https:\\\/\\\/capivari.sp.gov.br\\\/portal\\\/secretarias\\\/relacoes-publicas\\\/#primaryimage\"},\"thumbnailUrl\":\"https:\\\/\\\/capivari.sp.gov.br\\\/portal\\\/wp-content\\\/uploads\\\/2025\\\/01\\\/Tinny-Machado-hd.jpg\",\"datePublished\":\"2021-09-09T18:30:59+00:00\",\"dateModified\":\"2026-04-24T19:41:49+00:00\",\"breadcrumb\":{\"@id\":\"https:\\\/\\\/capivari.sp.gov.br\\\/portal\\\/secretarias\\\/relacoes-publicas\\\/#breadcrumb\"},\"inLanguage\":\"pt-BR\",\"potentialAction\":[{\"@type\":\"ReadAction\",\"target\":[\"https:\\\/\\\/capivari.sp.gov.br\\\/portal\\\/secretarias\\\/relacoes-publicas\\\/\"]}]},{\"@type\":\"ImageObject\",\"inLanguage\":\"pt-BR\",\"@id\":\"https:\\\/\\\/capivari.sp.gov.br\\\/portal\\\/secretarias\\\/relacoes-publicas\\\/#primaryimage\",\"url\":\"https:\\\/\\\/capivari.sp.gov.br\\\/portal\\\/wp-content\\\/uploads\\\/2025\\\/01\\\/Tinny-Machado-hd.jpg\",\"contentUrl\":\"https:\\\/\\\/capivari.sp.gov.br\\\/portal\\\/wp-content\\\/uploads\\\/2025\\\/01\\\/Tinny-Machado-hd.jpg\",\"width\":936,\"height\":1020},{\"@type\":\"BreadcrumbList\",\"@id\":\"https:\\\/\\\/capivari.sp.gov.br\\\/portal\\\/secretarias\\\/relacoes-publicas\\\/#breadcrumb\",\"itemListElement\":[{\"@type\":\"ListItem\",\"position\":1,\"name\":\"In\u00edcio\",\"item\":\"https:\\\/\\\/capivari.sp.gov.br\\\/portal\\\/\"},{\"@type\":\"ListItem\",\"position\":2,\"name\":\"Secretarias\",\"item\":\"https:\\\/\\\/capivari.sp.gov.br\\\/portal\\\/secretarias\\\/\"},{\"@type\":\"ListItem\",\"position\":3,\"name\":\"Rela\u00e7\u00f5es P\u00fablicas\"}]},{\"@type\":\"WebSite\",\"@id\":\"https:\\\/\\\/capivari.sp.gov.br\\\/portal\\\/#website\",\"url\":\"https:\\\/\\\/capivari.sp.gov.br\\\/portal\\\/\",\"name\":\"Prefeitura de Capivari\",\"description\":\"Prefeitura de Capivari\",\"publisher\":{\"@id\":\"https:\\\/\\\/capivari.sp.gov.br\\\/portal\\\/#organization\"},\"potentialAction\":[{\"@type\":\"SearchAction\",\"target\":{\"@type\":\"EntryPoint\",\"urlTemplate\":\"https:\\\/\\\/capivari.sp.gov.br\\\/portal\\\/?s={search_term_string}\"},\"query-input\":{\"@type\":\"PropertyValueSpecification\",\"valueRequired\":true,\"valueName\":\"search_term_string\"}}],\"inLanguage\":\"pt-BR\"},{\"@type\":\"Organization\",\"@id\":\"https:\\\/\\\/capivari.sp.gov.br\\\/portal\\\/#organization\",\"name\":\"Prefeitura de Capivari\",\"url\":\"https:\\\/\\\/capivari.sp.gov.br\\\/portal\\\/\",\"logo\":{\"@type\":\"ImageObject\",\"inLanguage\":\"pt-BR\",\"@id\":\"https:\\\/\\\/capivari.sp.gov.br\\\/portal\\\/#\\\/schema\\\/logo\\\/image\\\/\",\"url\":\"https:\\\/\\\/capivari.sp.gov.br\\\/portal\\\/wp-content\\\/uploads\\\/2021\\\/09\\\/logo-prefeitura-de-capivari.png\",\"contentUrl\":\"https:\\\/\\\/capivari.sp.gov.br\\\/portal\\\/wp-content\\\/uploads\\\/2021\\\/09\\\/logo-prefeitura-de-capivari.png\",\"width\":200,\"height\":147,\"caption\":\"Prefeitura de Capivari\"},\"image\":{\"@id\":\"https:\\\/\\\/capivari.sp.gov.br\\\/portal\\\/#\\\/schema\\\/logo\\\/image\\\/\"},\"sameAs\":[\"https:\\\/\\\/www.facebook.com\\\/PrefeituradeCapivari\\\/\",\"https:\\\/\\\/x.com\\\/PrefCapivari\",\"https:\\\/\\\/www.instagram.com\\\/prefeituracapivari\\\/\"]}]}<\/script>\n<!-- \/ Yoast SEO plugin. -->","yoast_head_json":{"title":"Rela\u00e7\u00f5es P\u00fablicas - Prefeitura de Capivari","robots":{"index":"index","follow":"follow","max-snippet":"max-snippet:-1","max-image-preview":"max-image-preview:large","max-video-preview":"max-video-preview:-1"},"canonical":"https:\/\/capivari.sp.gov.br\/portal\/secretarias\/relacoes-publicas\/","og_locale":"pt_BR","og_type":"article","og_title":"Rela\u00e7\u00f5es P\u00fablicas - Prefeitura de Capivari","og_description":"Tonny Machado Secret\u00e1rio de Rela\u00e7\u00f5es P\u00fablicas Rua XV de Novembro, 639, Centro &#8211; CEP 13360-023 (19) 3492-9200 (WhatsApp) imprensa@capivari.sp.gov.br Oculto Lorem ipsum dolor sit amet, consectetur adipiscing elit. Ut elit tellus, luctus nec ullamcorper mattis, pulvinar dapibus leo. Compet\u00eancia Compete \u00e0 Secretaria de Rela\u00e7\u00f5es P\u00fablicas: Coordenar a comunica\u00e7\u00e3o institucional da Prefeitura. Promover a divulga\u00e7\u00e3o de [&hellip;]","og_url":"https:\/\/capivari.sp.gov.br\/portal\/secretarias\/relacoes-publicas\/","og_site_name":"Prefeitura de Capivari","article_publisher":"https:\/\/www.facebook.com\/PrefeituradeCapivari\/","article_modified_time":"2026-04-24T19:41:49+00:00","og_image":[{"width":936,"height":1020,"url":"https:\/\/capivari.sp.gov.br\/portal\/wp-content\/uploads\/2025\/01\/Tinny-Machado-hd.jpg","type":"image\/jpeg"}],"twitter_card":"summary_large_image","twitter_site":"@PrefCapivari","twitter_misc":{"Est. tempo de leitura":"7 minutos"},"schema":{"@context":"https:\/\/schema.org","@graph":[{"@type":"WebPage","@id":"https:\/\/capivari.sp.gov.br\/portal\/secretarias\/relacoes-publicas\/","url":"https:\/\/capivari.sp.gov.br\/portal\/secretarias\/relacoes-publicas\/","name":"Rela\u00e7\u00f5es P\u00fablicas - Prefeitura de Capivari","isPartOf":{"@id":"https:\/\/capivari.sp.gov.br\/portal\/#website"},"primaryImageOfPage":{"@id":"https:\/\/capivari.sp.gov.br\/portal\/secretarias\/relacoes-publicas\/#primaryimage"},"image":{"@id":"https:\/\/capivari.sp.gov.br\/portal\/secretarias\/relacoes-publicas\/#primaryimage"},"thumbnailUrl":"https:\/\/capivari.sp.gov.br\/portal\/wp-content\/uploads\/2025\/01\/Tinny-Machado-hd.jpg","datePublished":"2021-09-09T18:30:59+00:00","dateModified":"2026-04-24T19:41:49+00:00","breadcrumb":{"@id":"https:\/\/capivari.sp.gov.br\/portal\/secretarias\/relacoes-publicas\/#breadcrumb"},"inLanguage":"pt-BR","potentialAction":[{"@type":"ReadAction","target":["https:\/\/capivari.sp.gov.br\/portal\/secretarias\/relacoes-publicas\/"]}]},{"@type":"ImageObject","inLanguage":"pt-BR","@id":"https:\/\/capivari.sp.gov.br\/portal\/secretarias\/relacoes-publicas\/#primaryimage","url":"https:\/\/capivari.sp.gov.br\/portal\/wp-content\/uploads\/2025\/01\/Tinny-Machado-hd.jpg","contentUrl":"https:\/\/capivari.sp.gov.br\/portal\/wp-content\/uploads\/2025\/01\/Tinny-Machado-hd.jpg","width":936,"height":1020},{"@type":"BreadcrumbList","@id":"https:\/\/capivari.sp.gov.br\/portal\/secretarias\/relacoes-publicas\/#breadcrumb","itemListElement":[{"@type":"ListItem","position":1,"name":"In\u00edcio","item":"https:\/\/capivari.sp.gov.br\/portal\/"},{"@type":"ListItem","position":2,"name":"Secretarias","item":"https:\/\/capivari.sp.gov.br\/portal\/secretarias\/"},{"@type":"ListItem","position":3,"name":"Rela\u00e7\u00f5es P\u00fablicas"}]},{"@type":"WebSite","@id":"https:\/\/capivari.sp.gov.br\/portal\/#website","url":"https:\/\/capivari.sp.gov.br\/portal\/","name":"Prefeitura de Capivari","description":"Prefeitura de Capivari","publisher":{"@id":"https:\/\/capivari.sp.gov.br\/portal\/#organization"},"potentialAction":[{"@type":"SearchAction","target":{"@type":"EntryPoint","urlTemplate":"https:\/\/capivari.sp.gov.br\/portal\/?s={search_term_string}"},"query-input":{"@type":"PropertyValueSpecification","valueRequired":true,"valueName":"search_term_string"}}],"inLanguage":"pt-BR"},{"@type":"Organization","@id":"https:\/\/capivari.sp.gov.br\/portal\/#organization","name":"Prefeitura de Capivari","url":"https:\/\/capivari.sp.gov.br\/portal\/","logo":{"@type":"ImageObject","inLanguage":"pt-BR","@id":"https:\/\/capivari.sp.gov.br\/portal\/#\/schema\/logo\/image\/","url":"https:\/\/capivari.sp.gov.br\/portal\/wp-content\/uploads\/2021\/09\/logo-prefeitura-de-capivari.png","contentUrl":"https:\/\/capivari.sp.gov.br\/portal\/wp-content\/uploads\/2021\/09\/logo-prefeitura-de-capivari.png","width":200,"height":147,"caption":"Prefeitura de Capivari"},"image":{"@id":"https:\/\/capivari.sp.gov.br\/portal\/#\/schema\/logo\/image\/"},"sameAs":["https:\/\/www.facebook.com\/PrefeituradeCapivari\/","https:\/\/x.com\/PrefCapivari","https:\/\/www.instagram.com\/prefeituracapivari\/"]}]}},"_links":{"self":[{"href":"https:\/\/capivari.sp.gov.br\/portal\/wp-json\/wp\/v2\/pages\/432","targetHints":{"allow":["GET"]}}],"collection":[{"href":"https:\/\/capivari.sp.gov.br\/portal\/wp-json\/wp\/v2\/pages"}],"about":[{"href":"https:\/\/capivari.sp.gov.br\/portal\/wp-json\/wp\/v2\/types\/page"}],"author":[{"embeddable":true,"href":"https:\/\/capivari.sp.gov.br\/portal\/wp-json\/wp\/v2\/users\/8"}],"replies":[{"embeddable":true,"href":"https:\/\/capivari.sp.gov.br\/portal\/wp-json\/wp\/v2\/comments?post=432"}],"version-history":[{"count":126,"href":"https:\/\/capivari.sp.gov.br\/portal\/wp-json\/wp\/v2\/pages\/432\/revisions"}],"predecessor-version":[{"id":22545,"href":"https:\/\/capivari.sp.gov.br\/portal\/wp-json\/wp\/v2\/pages\/432\/revisions\/22545"}],"up":[{"embeddable":true,"href":"https:\/\/capivari.sp.gov.br\/portal\/wp-json\/wp\/v2\/pages\/27"}],"wp:attachment":[{"href":"https:\/\/capivari.sp.gov.br\/portal\/wp-json\/wp\/v2\/media?parent=432"}],"curies":[{"name":"wp","href":"https:\/\/api.w.org\/{rel}","templated":true}]}}